{"id":22,"date":"2018-01-18T13:06:27","date_gmt":"2018-01-18T12:06:27","guid":{"rendered":"http:\/\/fotoklub-zamek.pl\/?page_id=22"},"modified":"2024-01-25T17:42:52","modified_gmt":"2024-01-25T16:42:52","slug":"wystawy-klubowe","status":"publish","type":"page","link":"https:\/\/fotoklub-zamek.pl\/index.php\/wystawy-klubowe\/","title":{"rendered":"Wystawy klubowe"},"content":{"rendered":"\n\n<h3 style=\"text-align: center;\">&nbsp;<span style=\"color: #ffff00;\"> &#8222;Mu\u015bni\u0119te&#8230; bia\u0142o, ulotnie, delikatnie&#8221;<br \/><\/span><\/h3>\nngg_shortcode_0_placeholder\n<hr>\n<h3 style=\"text-align: center;\"><span style=\"color: #ffff00;\">&#8222;Czerwone&#8221; &#8211; wystawa&nbsp; Fotoklubu&nbsp; ZAMEK<\/span><\/h3>\n<p>&nbsp;<\/p>\nngg_shortcode_1_placeholder\n<hr>\n<h3 style=\"text-align: center;\"><span style=\"color: #ffff00;\">&nbsp;&nbsp;&nbsp;&nbsp;&nbsp; &nbsp; &nbsp;&nbsp; &nbsp;&nbsp;&nbsp;&nbsp;<\/span><\/h3>\n<h3 style=\"text-align: center;\"><span style=\"color: #ffff00;\">&#8222;Wielo\u015bwiaty&#8221;<\/p>\n<p><\/span><\/h3>\n<p>\n\n<div class=\"wp-block-image\">\n<figure class=\"aligncenter size-full is-resized\"><img loading=\"lazy\" decoding=\"async\" width=\"560\" height=\"800\" src=\"http:\/\/fotoklub-zamek.pl\/wp-content\/uploads\/2024\/01\/wieloswiaty_70x100.jpg\" alt=\"\" class=\"wp-image-2265\" style=\"width:413px;height:auto\" srcset=\"https:\/\/fotoklub-zamek.pl\/wp-content\/uploads\/2024\/01\/wieloswiaty_70x100.jpg 560w, https:\/\/fotoklub-zamek.pl\/wp-content\/uploads\/2024\/01\/wieloswiaty_70x100-126x180.jpg 126w\" sizes=\"auto, (max-width: 560px) 100vw, 560px\" \/><\/figure>\n<\/div>\n\n<\/p>\nngg_shortcode_2_placeholder\n<hr>\n<h3 style=\"text-align: center;\">&nbsp; &nbsp;<br \/>&nbsp;<span style=\"color: #ffff00;\">&nbsp;&nbsp; &#8222;Kwadrat&#8221; &#8211; wystawa&nbsp; Fotoklubu&nbsp; ZAMEK<\/span><\/h3>\n<p>&nbsp;&nbsp;&nbsp;&nbsp;&nbsp;&nbsp;&nbsp;&nbsp;&nbsp;&nbsp;&nbsp;&nbsp;&nbsp;&nbsp;&nbsp;&nbsp;&nbsp;&nbsp;&nbsp;&nbsp;&nbsp;&nbsp;&nbsp;&nbsp;&nbsp;<\/p>\n<p>&nbsp;&nbsp;&nbsp; &nbsp;&nbsp; &nbsp;&nbsp;&nbsp;<br \/><a href=\"http:\/\/fotoklub-zamek.pl\/wp-content\/uploads\/2020\/03\/katalog_kwadrat.jpg\"><img loading=\"lazy\" decoding=\"async\" class=\"size-large wp-image-1137 aligncenter\" src=\"http:\/\/fotoklub-zamek.pl\/wp-content\/uploads\/2020\/03\/katalog_kwadrat-1024x512.jpg\" alt=\"\" width=\"1024\" height=\"512\" srcset=\"https:\/\/fotoklub-zamek.pl\/wp-content\/uploads\/2020\/03\/katalog_kwadrat-1024x512.jpg 1024w, https:\/\/fotoklub-zamek.pl\/wp-content\/uploads\/2020\/03\/katalog_kwadrat-180x90.jpg 180w, https:\/\/fotoklub-zamek.pl\/wp-content\/uploads\/2020\/03\/katalog_kwadrat-768x384.jpg 768w, https:\/\/fotoklub-zamek.pl\/wp-content\/uploads\/2020\/03\/katalog_kwadrat.jpg 1200w\" sizes=\"auto, (max-width: 1024px) 100vw, 1024px\" \/><\/a><\/p>\nngg_shortcode_3_placeholder\n<h3>&nbsp;&nbsp;&nbsp;&nbsp;&nbsp;&nbsp;&nbsp;&nbsp;&nbsp;&nbsp;&nbsp;&nbsp;&nbsp;&nbsp;&nbsp;&nbsp;&nbsp;&nbsp;<\/h3>\n<hr>\n<h3 style=\"text-align: center;\"><span style=\"color: #ffff00;\">Po tej stronie \u015bwiat\u0142a&#8221; &#8211; wystawa Fotoklubu Zamek.<\/span><\/h3>\n<p>&nbsp;&nbsp;&nbsp;&nbsp;&nbsp;&nbsp;&nbsp;&nbsp;&nbsp;&nbsp;&nbsp;&nbsp;&nbsp;&nbsp;&nbsp;&nbsp;&nbsp;&nbsp;&nbsp;&nbsp;&nbsp;&nbsp;&nbsp;&nbsp;&nbsp;&nbsp;&nbsp;&nbsp;&nbsp;&nbsp;&nbsp;&nbsp;&nbsp;&nbsp; <a href=\"http:\/\/fotoklub-zamek.pl\/wp-content\/uploads\/2020\/03\/plakat2.jpg\"><img loading=\"lazy\" decoding=\"async\" class=\"wp-image-1054 aligncenter\" src=\"http:\/\/fotoklub-zamek.pl\/wp-content\/uploads\/2020\/03\/plakat2-1024x731.jpg\" alt=\"\" width=\"456\" height=\"326\" srcset=\"https:\/\/fotoklub-zamek.pl\/wp-content\/uploads\/2020\/03\/plakat2-1024x731.jpg 1024w, https:\/\/fotoklub-zamek.pl\/wp-content\/uploads\/2020\/03\/plakat2-180x129.jpg 180w, https:\/\/fotoklub-zamek.pl\/wp-content\/uploads\/2020\/03\/plakat2-768x549.jpg 768w, https:\/\/fotoklub-zamek.pl\/wp-content\/uploads\/2020\/03\/plakat2.jpg 1050w\" sizes=\"auto, (max-width: 456px) 100vw, 456px\" \/><\/a><\/p>\n<p>&nbsp;&nbsp;&nbsp;&nbsp;&nbsp;&nbsp;&nbsp;&nbsp;&nbsp;&nbsp;&nbsp;&nbsp;&nbsp;&nbsp;&nbsp;&nbsp;&nbsp;&nbsp;&nbsp;&nbsp;&nbsp;&nbsp;&nbsp;&nbsp;&nbsp;&nbsp;&nbsp;&nbsp;&nbsp;&nbsp;&nbsp;&nbsp;&nbsp;&nbsp;&nbsp; <a href=\"http:\/\/fotoklub-zamek.pl\/wp-content\/uploads\/2020\/03\/katalog_str2.jpg\"><img loading=\"lazy\" decoding=\"async\" class=\"alignnone size-large wp-image-1057\" src=\"http:\/\/fotoklub-zamek.pl\/wp-content\/uploads\/2020\/03\/katalog_str2-724x1024.jpg\" alt=\"\" width=\"724\" height=\"1024\" srcset=\"https:\/\/fotoklub-zamek.pl\/wp-content\/uploads\/2020\/03\/katalog_str2-724x1024.jpg 724w, https:\/\/fotoklub-zamek.pl\/wp-content\/uploads\/2020\/03\/katalog_str2-127x180.jpg 127w, https:\/\/fotoklub-zamek.pl\/wp-content\/uploads\/2020\/03\/katalog_str2.jpg 750w\" sizes=\"auto, (max-width: 724px) 100vw, 724px\" \/><\/a><\/p>\n<h3><span style=\"color: #ffff00;\">Wernisa\u017c wystawy klubowej &#8211;&nbsp; &#8222;Mi\u0119dzy jaw\u0105 a snem&#8221;.<\/span><\/h3>\n<p>\u015aroda, 12 Kwiecie\u0144 2017 09:05<\/p>\n<p>Mi\u0142o nam Pa\u0144stwa poinformowa\u0107, i\u017c w pi\u0105tek 7 kwietnia 2017 roku odby\u0142 si\u0119 wernisa\u017c naszej klubowej wystawy pt. &#8222;Mi\u0119dzy jaw\u0105 a snem&#8221;. Bardzo dzi\u0119kujemy wszystkim za tak liczne przybycie, mamy r\u00f3wnie\u017c nadziej\u0119, \u017ce wystawa podoba\u0142a si\u0119. Tych, kt\u00f3rzy z r\u00f3\u017cnych powod\u00f3w nie mogli przyby\u0107 informujemy, \u017ce wystaw\u0119 b\u0119dzie mo\u017cna ogl\u0105da\u0107 do ko\u0144ca kwietnia w holu zamkowym, wej\u015bcie A i F.<br \/>Na wernisa\u017cu mieli\u015bmy zaszczyt go\u015bci\u0107 Pani\u0105 Dyrektor Barbar\u0119 Igielsk\u0105, kt\u00f3ra otworzy\u0142a wystaw\u0119 i oficjalnie poinformowa\u0142a wszystkich obecnych o przekazaniu \u015bcianek wystawowych do dyspozycji Fotoklubu Zamek.<br \/>Uroczysto\u015b\u0107 otwarcia wystawy nie by\u0142a tylko samym wernisa\u017cem, ale tak\u017ce podsumowaniem rocznej pracy klubu w ramach, kt\u00f3rego zosta\u0142 wr\u0119czony dyplom Najlepszego Fotografa Fotoklubu Zamek za rok 2016. Tytu\u0142 ten otrzyma\u0142a ponownie Jolanta Lalak.<br \/>A poni\u017cej fotoreporta\u017c z wydarzenia.<br \/>Fot. Regina Nowotarska<br \/>Fot. Grzegorz Siwa<\/p>\n<p><a class=\"thumbnail highslide with-zoomin-img zoomin-cur\" title=\"Regina Nowotarska-1\" href=\"http:\/\/www.fotoklub.zamek.szczecin.pl\/images\/obrazki\/2017\/wernisaz\/Regina_Nowotarska-1.jpg\"><img loading=\"lazy\" decoding=\"async\" src=\"http:\/\/www.fotoklub.zamek.szczecin.pl\/images\/thumbnails\/images\/obrazki\/2017\/wernisaz\/Regina_Nowotarska-1-80x53.jpg\" alt=\"Regina Nowotarska-1\" width=\"80\" height=\"53\"><\/a> &nbsp;&nbsp; &nbsp; <a class=\"thumbnail highslide with-zoomin-img zoomin-cur\" title=\"Regina Nowotarska-2\" href=\"http:\/\/www.fotoklub.zamek.szczecin.pl\/images\/obrazki\/2017\/wernisaz\/Regina_Nowotarska-2.jpg\"><img loading=\"lazy\" decoding=\"async\" src=\"http:\/\/www.fotoklub.zamek.szczecin.pl\/images\/thumbnails\/images\/obrazki\/2017\/wernisaz\/Regina_Nowotarska-2-80x53.jpg\" alt=\"Regina Nowotarska-2\" width=\"80\" height=\"53\"><\/a> &nbsp; &nbsp;&nbsp; <a class=\"thumbnail highslide with-zoomin-img zoomin-cur\" title=\"Regina Nowotarska-3\" href=\"http:\/\/www.fotoklub.zamek.szczecin.pl\/images\/obrazki\/2017\/wernisaz\/Regina_Nowotarska-3.jpg\"><img loading=\"lazy\" decoding=\"async\" src=\"http:\/\/www.fotoklub.zamek.szczecin.pl\/images\/thumbnails\/images\/obrazki\/2017\/wernisaz\/Regina_Nowotarska-3-80x53.jpg\" alt=\"Regina Nowotarska-3\" width=\"80\" height=\"53\"><\/a> &nbsp;&nbsp; &nbsp; <a class=\"thumbnail highslide with-zoomin-img zoomin-cur\" title=\"Regina Nowotarska-5\" href=\"http:\/\/www.fotoklub.zamek.szczecin.pl\/images\/obrazki\/2017\/wernisaz\/Regina_Nowotarska-5.jpg\"><img loading=\"lazy\" decoding=\"async\" src=\"http:\/\/www.fotoklub.zamek.szczecin.pl\/images\/thumbnails\/images\/obrazki\/2017\/wernisaz\/Regina_Nowotarska-5-80x53.jpg\" alt=\"Regina Nowotarska-5\" width=\"80\" height=\"53\"><\/a>&nbsp;&nbsp;&nbsp;&nbsp;&nbsp; <a class=\"thumbnail highslide with-zoomin-img zoomin-cur\" title=\"Regina Nowotarska-4\" href=\"http:\/\/www.fotoklub.zamek.szczecin.pl\/images\/obrazki\/2017\/wernisaz\/Regina_Nowotarska-4.jpg\"><img loading=\"lazy\" decoding=\"async\" src=\"http:\/\/www.fotoklub.zamek.szczecin.pl\/images\/thumbnails\/images\/obrazki\/2017\/wernisaz\/Regina_Nowotarska-4-80x53.jpg\" alt=\"Regina Nowotarska-4\" width=\"80\" height=\"53\"><br \/><\/a><br \/><a class=\"thumbnail highslide with-zoomin-img zoomin-cur\" title=\"Regina Nowotarska-6\" href=\"http:\/\/www.fotoklub.zamek.szczecin.pl\/images\/obrazki\/2017\/wernisaz\/Regina_Nowotarska-6.jpg\"><img loading=\"lazy\" decoding=\"async\" src=\"http:\/\/www.fotoklub.zamek.szczecin.pl\/images\/thumbnails\/images\/obrazki\/2017\/wernisaz\/Regina_Nowotarska-6-80x53.jpg\" alt=\"Regina Nowotarska-6\" width=\"80\" height=\"53\"><\/a> &nbsp;&nbsp; &nbsp; <a class=\"thumbnail highslide with-zoomin-img zoomin-cur\" title=\"Grzegorz-Siwa-1\" href=\"http:\/\/www.fotoklub.zamek.szczecin.pl\/images\/obrazki\/2017\/wernisaz\/Grzegorz-Siwa-1.jpg\"><img loading=\"lazy\" decoding=\"async\" src=\"http:\/\/www.fotoklub.zamek.szczecin.pl\/images\/thumbnails\/images\/obrazki\/2017\/wernisaz\/Grzegorz-Siwa-1-80x53.jpg\" alt=\"Grzegorz-Siwa-1\" width=\"80\" height=\"53\"><\/a> &nbsp; &nbsp;&nbsp; <a class=\"thumbnail highslide with-zoomin-img zoomin-cur\" title=\"Grzegorz-Siwa-2\" href=\"http:\/\/www.fotoklub.zamek.szczecin.pl\/images\/obrazki\/2017\/wernisaz\/Grzegorz-Siwa-2.jpg\"><img loading=\"lazy\" decoding=\"async\" src=\"http:\/\/www.fotoklub.zamek.szczecin.pl\/images\/thumbnails\/images\/obrazki\/2017\/wernisaz\/Grzegorz-Siwa-2-72x53.jpg\" alt=\"Grzegorz-Siwa-2\" width=\"72\" height=\"53\"><\/a> &nbsp; &nbsp;&nbsp; <a class=\"thumbnail highslide with-zoomin-img zoomin-cur\" title=\"Grzegorz-Siwa-3\" href=\"http:\/\/www.fotoklub.zamek.szczecin.pl\/images\/obrazki\/2017\/wernisaz\/Grzegorz-Siwa-3.jpg\"><img loading=\"lazy\" decoding=\"async\" src=\"http:\/\/www.fotoklub.zamek.szczecin.pl\/images\/thumbnails\/images\/obrazki\/2017\/wernisaz\/Grzegorz-Siwa-3-80x52.jpg\" alt=\"Grzegorz-Siwa-3\" width=\"80\" height=\"52\"><\/a> &nbsp; &nbsp;&nbsp; <a class=\"thumbnail highslide with-zoomin-img zoomin-cur\" title=\"Regina Nowotarska\" href=\"http:\/\/www.fotoklub.zamek.szczecin.pl\/images\/obrazki\/2017\/wernisaz\/Regina_Nowotarska.jpg\"><img loading=\"lazy\" decoding=\"async\" src=\"http:\/\/www.fotoklub.zamek.szczecin.pl\/images\/thumbnails\/images\/obrazki\/2017\/wernisaz\/Regina_Nowotarska-80x53.jpg\" alt=\"Regina Nowotarska\" width=\"80\" height=\"53\"><br \/><\/a><\/p>\n<hr>\n<p>&nbsp;<\/p>\n<h3><span style=\"color: #ffff00;\">Wystawa<\/span><\/h3>\n<p>\u015aroda, 22 Marzec 2017 11:11<\/p>\n<p>Serdecznie zapraszamy wszystkich na nasz\u0105 wystaw\u0119. Wernisa\u017c: 7.04.2017r. godz. 17.00<\/p>\n<p><a class=\"thumbnail highslide with-zoomin-img zoomin-cur\" title=\"foto afisz DRUK\" href=\"http:\/\/www.fotoklub.zamek.szczecin.pl\/images\/obrazki\/2017\/wystawa\/foto_afisz_DRUK.JPG\"><img loading=\"lazy\" decoding=\"async\" class=\"\" src=\"http:\/\/www.fotoklub.zamek.szczecin.pl\/images\/thumbnails\/images\/obrazki\/2017\/wystawa\/foto_afisz_DRUK-105x146.JPG\" alt=\"foto afisz DRUK\" width=\"121\" height=\"168\"><\/a> &nbsp; &nbsp;&nbsp; <a class=\"thumbnail highslide with-zoomin-img zoomin-cur\" title=\"Jawa Seen 1\" href=\"http:\/\/www.fotoklub.zamek.szczecin.pl\/images\/obrazki\/2017\/wystawa\/Jawa_Seen_1.jpg\"><img loading=\"lazy\" decoding=\"async\" class=\"\" src=\"http:\/\/www.fotoklub.zamek.szczecin.pl\/images\/thumbnails\/images\/obrazki\/2017\/wystawa\/Jawa_Seen_1-207x146.jpg\" alt=\"Jawa Seen 1\" width=\"240\" height=\"169\"><\/a> &nbsp; &nbsp;&nbsp; <a class=\"thumbnail highslide with-zoomin-img zoomin-cur\" title=\"Jawa Sen 2\" href=\"http:\/\/www.fotoklub.zamek.szczecin.pl\/images\/obrazki\/2017\/wystawa\/Jawa_Sen_2.jpg\"><img loading=\"lazy\" decoding=\"async\" class=\"\" src=\"http:\/\/www.fotoklub.zamek.szczecin.pl\/images\/thumbnails\/images\/obrazki\/2017\/wystawa\/Jawa_Sen_2-207x146.jpg\" alt=\"Jawa Sen 2\" width=\"240\" height=\"169\"><br \/><\/a><\/p>\n<hr>\n<p>&nbsp;<\/p>\n<h3><span style=\"color: #ffff00;\">Nasza wystawa &#8222;Artystyczne TechnoInspiracje&#8221;<\/span><\/h3>\n<p>Niedziela, 04 Pa\u017adziernik 2015 22:20Mamy ogromn\u0105 przyjemno\u015b\u0107 zaprosi\u0107 wszystkich na wernisa\u017c wystawy &#8222;Artystyczne TechnoInspiracje&#8221; przygotowanej przez cz\u0142onk\u00f3w Fotoklubu Zamek we wsp\u00f3\u0142pracy z Technoparkiem Pomerania w Szczecinie i Zamkiem Ksi\u0105\u017c\u0105t Pomorskich.<br \/>Na wystawie zostanie zaprezentowanych niemal 40 prac fotograficznych, kt\u00f3re stanowi\u0105 indywidualny punkt widzenia nowoczesnych architektonicznie budynk\u00f3w Technoparku Pomerania oraz towarzysz\u0105cych im i wype\u0142niaj\u0105cych wn\u0119trza aran\u017cacji.<\/p>\n<p><a class=\"thumbnail highslide with-zoomin-img zoomin-cur\" title=\"12084975 1254274251265583 1978747707 o\" href=\"http:\/\/www.fotoklub.zamek.szczecin.pl\/images\/obrazki\/2015\/technopark\/12084975_1254274251265583_1978747707_o.jpg\"><img loading=\"lazy\" decoding=\"async\" class=\"\" src=\"http:\/\/www.fotoklub.zamek.szczecin.pl\/images\/thumbnails\/images\/obrazki\/2015\/technopark\/12084975_1254274251265583_1978747707_o-150x105.jpg\" alt=\"12084975 1254274251265583 1978747707 o\" width=\"211\" height=\"148\"><\/a><\/p>\n<hr>\n<h4><span style=\"color: #ffff00;\">Zaproszenie na wystaw\u0119 cz\u0142onk\u00f3w Fotoklubu Zamek<\/span><\/h4>\n<p>04 Listopad 2014 20:52W imieniu Gryfickiego Domu Kultury oraz autor\u00f3w, cz\u0142onk\u00f3w Fotoklubu &#8222;Zamek&#8221;, zapraszamy na wystaw\u0119 &#8222;Miejskie impresje&#8221;,&nbsp;kt\u00f3ra b\u0119dzie prezentowana od dn. 6 listopada w Muzeum i Galerii \u201eBrama\u201d w Gryficach. Wst\u0119p wolny.<br \/>Autorzy: Gra\u017cyna Dru\u017cy\u0144ska, Anna Klinkosz (AFRP), Jolanta Lalak, Regina Nowotarska(AFRP), Bo\u017cena \u017byli\u0144ska, Marek Bogdzi\u0144ski, Marek Kaczor, Piotr Ka\u017amierczak, Artur Klimek, Pawe\u0142 Kozanecki, Andrzej Krupi\u0144ski(AFRP), \u0141ukasz Mate\u0144ko, Grzegorz Miko\u0142ajczyk, Szymon Moskwa, Micha\u0142 Nowakowski, Zenon Torzy\u0144ski.<br \/>Wystaw\u0119 b\u0119dzie mo\u017cna ogl\u0105da\u0107 przez ca\u0142y miesi\u0105c &#8211; &nbsp;listopad.<\/p>\n<p><a class=\"thumbnail highslide with-zoomin-img zoomin-cur\" title=\"1\" href=\"http:\/\/www.fotoklub.zamek.szczecin.pl\/images\/obrazki\/wystawy_pliki\/2014\/gryfice2014\/1.jpg\"><img loading=\"lazy\" decoding=\"async\" class=\"\" src=\"http:\/\/www.fotoklub.zamek.szczecin.pl\/images\/thumbnails\/images\/obrazki\/wystawy_pliki\/2014\/gryfice2014\/1-65x137.jpg\" alt=\"1\" width=\"104\" height=\"219\">&nbsp;&nbsp;&nbsp;&nbsp;<\/a> <a class=\"thumbnail highslide with-zoomin-img zoomin-cur\" title=\"2\" href=\"http:\/\/www.fotoklub.zamek.szczecin.pl\/images\/obrazki\/wystawy_pliki\/2014\/gryfice2014\/2.jpg\"><img loading=\"lazy\" decoding=\"async\" class=\"\" src=\"http:\/\/www.fotoklub.zamek.szczecin.pl\/images\/thumbnails\/images\/obrazki\/wystawy_pliki\/2014\/gryfice2014\/2-63x137.jpg\" alt=\"2\" width=\"101\" height=\"220\"><\/a> &nbsp; &nbsp;&nbsp; <a class=\"thumbnail highslide with-zoomin-img zoomin-cur\" title=\"3\" href=\"http:\/\/www.fotoklub.zamek.szczecin.pl\/images\/obrazki\/wystawy_pliki\/2014\/gryfice2014\/3.jpg\"><img loading=\"lazy\" decoding=\"async\" class=\"\" src=\"http:\/\/www.fotoklub.zamek.szczecin.pl\/images\/thumbnails\/images\/obrazki\/wystawy_pliki\/2014\/gryfice2014\/3-162x75.jpg\" alt=\"3\" width=\"216\" height=\"100\"><\/a> &nbsp; &nbsp;&nbsp; <a class=\"thumbnail highslide with-zoomin-img zoomin-cur\" title=\"4\" href=\"http:\/\/www.fotoklub.zamek.szczecin.pl\/images\/obrazki\/wystawy_pliki\/2014\/gryfice2014\/4.jpg\"><img loading=\"lazy\" decoding=\"async\" class=\"\" src=\"http:\/\/www.fotoklub.zamek.szczecin.pl\/images\/thumbnails\/images\/obrazki\/wystawy_pliki\/2014\/gryfice2014\/4-159x74.jpg\" alt=\"4\" width=\"217\" height=\"101\"><br \/><\/a><\/p>\n<hr>\n<h4><span style=\"color: #ffff00;\">Wystawa fotografii cz\u0142onk\u00f3w Fotoklubu ZAMEK<\/span><\/h4>\n<p>Niedziela, 03 Marzec 2013<\/p>\n<p>ZESTAWY-II, przegl\u0105dowa wystawa fotografii, cz\u0142onk\u00f3w Fotoklubu ZAMEK, Galeria FOTART w Szczecinie, ul. Monte Cassino 5. Wernisa\u017c dn. 7.03.2013 r., godz. 17.30.<br \/>Autorzy zdj\u0119\u0107: Danuta Borek, Gra\u017cyna Dru\u017cy\u0144ska, Jola Lalak, Anna Klinkosz (AFRP), Regina Nowotarska, Beata Wojtunik, Bo\u017cena&nbsp; \u017byli\u0144ska, Marian Fidos (AFRP), Wies\u0142aw Jaskulski (AFRP), Marek Kaczor, Artur Klimek, Pawe\u0142 Kozanecki, Andrzej Krupi\u0144ski (AFRP), Leszek Kurpiewski (AFRP, zdfp), Kamil Macio\u0142 (AFRP), \u0141ukasz Mate\u0144ko, Marek Stanis\u0142awczyk, Ryszard Sztraus.<br \/>Tematem zdj\u0119\u0107 jest przede wszystkim krajobraz, architektura i portret.<br \/>Ekspozycja od 8.03.-20.04.2013 r. Serdecznie zapraszamy.<\/p>\n<p><a class=\"thumbnail highslide with-zoomin-img zoomin-cur\" title=\"zaproszenie leszek str 2\" href=\"http:\/\/www.fotoklub.zamek.szczecin.pl\/images\/wystawy_pliki\/zaproszenie%20leszek%20str%202.jpg\"><img loading=\"lazy\" decoding=\"async\" src=\"http:\/\/www.fotoklub.zamek.szczecin.pl\/images\/thumbnails\/images\/wystawy_pliki\/zaproszenie leszek str 2-201x284.jpg\" alt=\"zaproszenie leszek str 2\" width=\"201\" height=\"284\"><br \/><\/a><\/p>\n<p>Wernisa\u017c w obiektywie.<\/p>\n<p><a class=\"thumbnail highslide with-zoomin-img zoomin-cur\" title=\"plakat zamek 2\" href=\"http:\/\/www.fotoklub.zamek.szczecin.pl\/images\/obrazki\/wernisaz_zestawy_2\/plakat_zamek_2.jpg\"><img loading=\"lazy\" decoding=\"async\" src=\"http:\/\/www.fotoklub.zamek.szczecin.pl\/images\/thumbnails\/images\/obrazki\/wernisaz_zestawy_2\/plakat_zamek_2-59x77.jpg\" alt=\"plakat zamek 2\" width=\"59\" height=\"77\"><\/a> &nbsp; &nbsp;&nbsp; <a class=\"thumbnail highslide with-zoomin-img zoomin-cur\" title=\"kc7d9898\" href=\"http:\/\/www.fotoklub.zamek.szczecin.pl\/images\/obrazki\/wernisaz_zestawy_2\/kc7d9898.jpg\"><img loading=\"lazy\" decoding=\"async\" src=\"http:\/\/www.fotoklub.zamek.szczecin.pl\/images\/thumbnails\/images\/obrazki\/wernisaz_zestawy_2\/kc7d9898-117x77.jpg\" alt=\"kc7d9898\" width=\"117\" height=\"77\"><\/a> &nbsp; &nbsp;&nbsp; <a class=\"thumbnail highslide with-zoomin-img zoomin-cur\" title=\"kc7d9900\" href=\"http:\/\/www.fotoklub.zamek.szczecin.pl\/images\/obrazki\/wernisaz_zestawy_2\/kc7d9900.jpg\"><img loading=\"lazy\" decoding=\"async\" src=\"http:\/\/www.fotoklub.zamek.szczecin.pl\/images\/thumbnails\/images\/obrazki\/wernisaz_zestawy_2\/kc7d9900-118x77.jpg\" alt=\"kc7d9900\" width=\"118\" height=\"77\"><\/a>&nbsp;&nbsp;&nbsp;&nbsp;&nbsp; <a class=\"thumbnail highslide with-zoomin-img zoomin-cur\" title=\"kc7d9890\" href=\"http:\/\/www.fotoklub.zamek.szczecin.pl\/images\/obrazki\/wernisaz_zestawy_2\/kc7d9890.jpg\"><img loading=\"lazy\" decoding=\"async\" src=\"http:\/\/www.fotoklub.zamek.szczecin.pl\/images\/thumbnails\/images\/obrazki\/wernisaz_zestawy_2\/kc7d9890-115x76.jpg\" alt=\"kc7d9890\" width=\"115\" height=\"76\"><br \/><\/a><br \/><a class=\"thumbnail highslide with-zoomin-img zoomin-cur\" title=\"kc7d9907\" href=\"http:\/\/www.fotoklub.zamek.szczecin.pl\/images\/obrazki\/wernisaz_zestawy_2\/kc7d9907.jpg\"><img loading=\"lazy\" decoding=\"async\" src=\"http:\/\/www.fotoklub.zamek.szczecin.pl\/images\/thumbnails\/images\/obrazki\/wernisaz_zestawy_2\/kc7d9907-116x77.jpg\" alt=\"kc7d9907\" width=\"116\" height=\"77\"><\/a> &nbsp; &nbsp;&nbsp; <a class=\"thumbnail highslide with-zoomin-img zoomin-cur\" title=\"kc7d9913\" href=\"http:\/\/www.fotoklub.zamek.szczecin.pl\/images\/obrazki\/wernisaz_zestawy_2\/kc7d9913.jpg\"><img loading=\"lazy\" decoding=\"async\" src=\"http:\/\/www.fotoklub.zamek.szczecin.pl\/images\/thumbnails\/images\/obrazki\/wernisaz_zestawy_2\/kc7d9913-114x76.jpg\" alt=\"kc7d9913\" width=\"114\" height=\"76\"><\/a> &nbsp; &nbsp;&nbsp; <a class=\"thumbnail highslide with-zoomin-img zoomin-cur\" title=\"kc7d9892\" href=\"http:\/\/www.fotoklub.zamek.szczecin.pl\/images\/obrazki\/wernisaz_zestawy_2\/kc7d9892.jpg\"><img loading=\"lazy\" decoding=\"async\" src=\"http:\/\/www.fotoklub.zamek.szczecin.pl\/images\/thumbnails\/images\/obrazki\/wernisaz_zestawy_2\/kc7d9892-113x75.jpg\" alt=\"kc7d9892\" width=\"113\" height=\"75\"><\/a>&nbsp;&nbsp;&nbsp;&nbsp;&nbsp; <a class=\"thumbnail highslide with-zoomin-img zoomin-cur\" title=\"kc7d9911\" href=\"http:\/\/www.fotoklub.zamek.szczecin.pl\/images\/obrazki\/wernisaz_zestawy_2\/kc7d9911.jpg\"><img loading=\"lazy\" decoding=\"async\" src=\"http:\/\/www.fotoklub.zamek.szczecin.pl\/images\/thumbnails\/images\/obrazki\/wernisaz_zestawy_2\/kc7d9911-112x74.jpg\" alt=\"kc7d9911\" width=\"112\" height=\"74\"><br \/><\/a><br \/><a class=\"thumbnail highslide with-zoomin-img zoomin-cur\" title=\"kc7d9914\" href=\"http:\/\/www.fotoklub.zamek.szczecin.pl\/images\/obrazki\/wernisaz_zestawy_2\/kc7d9914.jpg\"><img loading=\"lazy\" decoding=\"async\" src=\"http:\/\/www.fotoklub.zamek.szczecin.pl\/images\/thumbnails\/images\/obrazki\/wernisaz_zestawy_2\/kc7d9914-115x78.jpg\" alt=\"kc7d9914\" width=\"115\" height=\"78\"><\/a> &nbsp; &nbsp;&nbsp; <a class=\"thumbnail highslide with-zoomin-img zoomin-cur\" title=\"kc7d9919\" href=\"http:\/\/www.fotoklub.zamek.szczecin.pl\/images\/obrazki\/wernisaz_zestawy_2\/kc7d9919.jpg\"><img loading=\"lazy\" decoding=\"async\" src=\"http:\/\/www.fotoklub.zamek.szczecin.pl\/images\/thumbnails\/images\/obrazki\/wernisaz_zestawy_2\/kc7d9919-116x77.jpg\" alt=\"kc7d9919\" width=\"116\" height=\"77\"><\/a>&nbsp;&nbsp;&nbsp;&nbsp; <a class=\"thumbnail highslide with-zoomin-img zoomin-cur\" title=\"kc7d9917\" href=\"http:\/\/www.fotoklub.zamek.szczecin.pl\/images\/obrazki\/wernisaz_zestawy_2\/kc7d9917.jpg\"><img loading=\"lazy\" decoding=\"async\" src=\"http:\/\/www.fotoklub.zamek.szczecin.pl\/images\/thumbnails\/images\/obrazki\/wernisaz_zestawy_2\/kc7d9917-113x75.jpg\" alt=\"kc7d9917\" width=\"113\" height=\"75\"><\/a> &nbsp; &nbsp; &nbsp; <a class=\"thumbnail highslide with-zoomin-img zoomin-cur\" title=\"kc7d9921\" href=\"http:\/\/www.fotoklub.zamek.szczecin.pl\/images\/obrazki\/wernisaz_zestawy_2\/kc7d9921.jpg\"><img loading=\"lazy\" decoding=\"async\" src=\"http:\/\/www.fotoklub.zamek.szczecin.pl\/images\/thumbnails\/images\/obrazki\/wernisaz_zestawy_2\/kc7d9921-114x76.jpg\" alt=\"kc7d9921\" width=\"114\" height=\"76\"><\/a><\/p>\n<p>&nbsp;<\/p>\n\n\n\n","protected":false},"excerpt":{"rendered":"<p>&nbsp; &#8222;Mu\u015bni\u0119te&#8230; bia\u0142o, ulotnie, delikatnie&#8221; &#8222;Czerwone&#8221; &#8211; wystawa&nbsp; Fotoklubu&nbsp; ZAMEK &nbsp; &nbsp;&nbsp;&nbsp;&nbsp;&nbsp; &nbsp; &nbsp;&nbsp; &nbsp;&nbsp;&nbsp;&nbsp; &#8222;Wielo\u015bwiaty&#8221; &nbsp; &nbsp;&nbsp;&nbsp;&nbsp; &#8222;Kwadrat&#8221; &#8211; wystawa&nbsp; Fotoklubu&nbsp; ZAMEK &nbsp;&nbsp;&nbsp;&nbsp;&nbsp;&nbsp;&nbsp;&nbsp;&nbsp;&nbsp;&nbsp;&nbsp;&nbsp;&nbsp;&nbsp;&nbsp;&nbsp;&nbsp;&nbsp;&nbsp;&nbsp;&nbsp;&nbsp;&nbsp;&nbsp; &nbsp;&nbsp;&nbsp; &nbsp;&nbsp; &nbsp;&nbsp;&nbsp; &nbsp;&nbsp;&nbsp;&nbsp;&nbsp;&nbsp;&nbsp;&nbsp;&nbsp;&nbsp;&nbsp;&nbsp;&nbsp;&nbsp;&nbsp;&nbsp;&nbsp;&nbsp; Po tej stronie \u015bwiat\u0142a&#8221; &#8211; wystawa Fotoklubu Zamek. &nbsp;&nbsp;&nbsp;&nbsp;&nbsp;&nbsp;&nbsp;&nbsp;&nbsp;&nbsp;&nbsp;&nbsp;&nbsp;&nbsp;&nbsp;&nbsp;&nbsp;&nbsp;&nbsp;&nbsp;&nbsp;&nbsp;&nbsp;&nbsp;&nbsp;&nbsp;&nbsp;&nbsp;&nbsp;&nbsp;&nbsp;&nbsp;&nbsp;&nbsp; &nbsp;&nbsp;&nbsp;&nbsp;&nbsp;&nbsp;&nbsp;&nbsp;&nbsp;&nbsp;&nbsp;&nbsp;&nbsp;&nbsp;&nbsp;&nbsp;&nbsp;&nbsp;&nbsp;&nbsp;&nbsp;&nbsp;&nbsp;&nbsp;&nbsp;&nbsp;&nbsp;&nbsp;&nbsp;&nbsp;&nbsp;&nbsp;&nbsp;&nbsp;&nbsp; Wernisa\u017c wystawy klubowej &#8211;&nbsp; &#8222;Mi\u0119dzy jaw\u0105 a snem&#8221;. \u015aroda, 12 Kwiecie\u0144 2017 09:05 Mi\u0142o nam Pa\u0144stwa poinformowa\u0107,Continue reading &rarr;<\/p>\n","protected":false},"author":1,"featured_media":0,"parent":0,"menu_order":0,"comment_status":"closed","ping_status":"closed","template":"","meta":{"ngg_post_thumbnail":0,"footnotes":""},"class_list":["post-22","page","type-page","status-publish","hentry","no-thumb"],"_links":{"self":[{"href":"https:\/\/fotoklub-zamek.pl\/index.php\/wp-json\/wp\/v2\/pages\/22","targetHints":{"allow":["GET"]}}],"collection":[{"href":"https:\/\/fotoklub-zamek.pl\/index.php\/wp-json\/wp\/v2\/pages"}],"about":[{"href":"https:\/\/fotoklub-zamek.pl\/index.php\/wp-json\/wp\/v2\/types\/page"}],"author":[{"embeddable":true,"href":"https:\/\/fotoklub-zamek.pl\/index.php\/wp-json\/wp\/v2\/users\/1"}],"replies":[{"embeddable":true,"href":"https:\/\/fotoklub-zamek.pl\/index.php\/wp-json\/wp\/v2\/comments?post=22"}],"version-history":[{"count":33,"href":"https:\/\/fotoklub-zamek.pl\/index.php\/wp-json\/wp\/v2\/pages\/22\/revisions"}],"predecessor-version":[{"id":2268,"href":"https:\/\/fotoklub-zamek.pl\/index.php\/wp-json\/wp\/v2\/pages\/22\/revisions\/2268"}],"wp:attachment":[{"href":"https:\/\/fotoklub-zamek.pl\/index.php\/wp-json\/wp\/v2\/media?parent=22"}],"curies":[{"name":"wp","href":"https:\/\/api.w.org\/{rel}","templated":true}]}}