{"id":25,"date":"2018-01-18T13:06:27","date_gmt":"2018-01-18T12:06:27","guid":{"rendered":"http:\/\/fotoklub-zamek.pl\/?page_id=25"},"modified":"2026-02-05T16:22:31","modified_gmt":"2026-02-05T15:22:31","slug":"konkursy-miesiaca","status":"publish","type":"page","link":"https:\/\/fotoklub-zamek.pl\/index.php\/konkursy-miesiaca\/","title":{"rendered":"Konkursy miesi\u0105ca"},"content":{"rendered":"<h3>26 stycznia 2026<br>&nbsp;&nbsp;&nbsp;&nbsp;&nbsp;&nbsp;&nbsp;&nbsp;&nbsp;&nbsp;&nbsp;&nbsp;&nbsp;&nbsp;&nbsp;&nbsp;&nbsp;&nbsp;&nbsp;&nbsp;&nbsp;&nbsp;&nbsp;&nbsp;&nbsp;&nbsp;&nbsp;&nbsp;&nbsp;&nbsp;&nbsp;&nbsp;&nbsp;&nbsp;&nbsp;&nbsp;&nbsp;&nbsp;&nbsp;&nbsp;&nbsp;&nbsp;&nbsp;&nbsp;&nbsp;&nbsp;&nbsp;&nbsp;&nbsp; &nbsp; &nbsp; &nbsp; &nbsp; &nbsp; &nbsp; &nbsp; &nbsp; &nbsp; &nbsp; &nbsp;&nbsp; &nbsp;&nbsp;&nbsp;&nbsp;&nbsp;&nbsp;&nbsp;&nbsp;&nbsp; <span style=\"color: #ffff00;\">&#8222;P\u00f3\u0142 na p\u00f3\u0142&#8221;<br><\/span><\/h3>\n<hr>\n<h3>&nbsp;<\/h3>\n<p>&nbsp;&nbsp;&nbsp;&nbsp;&nbsp; Pierwszy konkurs miesi\u0105ca w roku 2026 &#8211; rozstrzygni\u0119ty. Temat konkursu to &#8222;P\u00f3\u0142 na p\u00f3\u0142&#8221;.<br>Oto zwyci\u0119skie prace i ich autorzy:<\/p>\n<hr>\n<p>&nbsp;<\/p>\n\n\nngg_shortcode_0_placeholder\n\n\n\n\n<p style=\"text-align: left;\">Pierwsze miejsce zaj\u0119\u0142y dwie prace: z lewej Reginy Nowotarskiej, z prawej: Moniki Mazurek.<\/p>\nngg_shortcode_1_placeholder\n<p style=\"text-align: left;\">Drugie miejsce: zdj\u0119cie Moniki Mazurek.<\/p>\nngg_shortcode_2_placeholder\n<p style=\"text-align: left;\">Trzecie miejsce zaj\u0119\u0142y trzy prace trzech autor\u00f3w, od lewej: Krzysztof Lachowicz, Piotr Ka\u017amierczak, Jola Lalak.<\/p>\n<hr>\n<h3>02 kwietnia 2025<br>&nbsp;&nbsp;&nbsp;&nbsp;&nbsp;&nbsp;&nbsp;&nbsp;&nbsp;&nbsp;&nbsp;&nbsp;&nbsp;&nbsp;&nbsp;&nbsp;&nbsp;&nbsp;&nbsp;&nbsp;&nbsp;&nbsp;&nbsp;&nbsp;&nbsp;&nbsp;&nbsp;&nbsp;&nbsp;&nbsp;&nbsp;&nbsp;&nbsp;&nbsp;&nbsp;&nbsp;&nbsp;&nbsp;&nbsp;&nbsp;&nbsp;&nbsp;&nbsp;&nbsp;&nbsp;&nbsp;&nbsp;&nbsp;&nbsp;&nbsp;&nbsp;&nbsp;&nbsp;&nbsp;&nbsp;&nbsp; &nbsp; &nbsp; &nbsp; &nbsp;&nbsp; &nbsp;&nbsp;&nbsp;&nbsp;&nbsp;&nbsp; <span style=\"color: #ffff00;\">&#8222;Ascetyczny krajobraz&#8221;<\/span><\/h3>\n<hr>\n<p>&nbsp;&nbsp;&nbsp;&nbsp; Mamy wyniki nowego konkursu miesi\u0105ca pt. Ascetyczny krajobraz.<br>&nbsp;&nbsp;&nbsp;&nbsp; Oto zwyci\u0119skie prace i ich autorzy:<\/p>\n<p>&nbsp;&nbsp;&nbsp;<\/p>\n<hr>\n\n\nngg_shortcode_3_placeholder\n\n\n<p>&nbsp;&nbsp;&nbsp;&nbsp; &nbsp;&nbsp; &nbsp; I m.&nbsp; Joanna Lebioda&nbsp;&nbsp;&nbsp;&nbsp;&nbsp; &nbsp; &nbsp; &nbsp; &nbsp; &nbsp; &nbsp; &nbsp; &nbsp; &nbsp;&nbsp; &nbsp; II m. Pawe\u0142 Kozanecki&nbsp;&nbsp;&nbsp;&nbsp;&nbsp;&nbsp;&nbsp;&nbsp;&nbsp;&nbsp;&nbsp;&nbsp;&nbsp;&nbsp; &nbsp; &nbsp; &nbsp; &nbsp; &nbsp;&nbsp; &nbsp; III m. Jolanta Lalak<\/p>\n<p>&nbsp;&nbsp; Prace wyr\u00f3\u017cnione :<\/p>\nngg_shortcode_4_placeholder\n<p>&nbsp;&nbsp;&nbsp;&nbsp;&nbsp;&nbsp;&nbsp;&nbsp;&nbsp;&nbsp;&nbsp;&nbsp;&nbsp;&nbsp; Pawe\u0142 Kozanecki &nbsp;&nbsp;&nbsp;&nbsp;&nbsp;&nbsp; &nbsp; &nbsp; &nbsp; &nbsp; &nbsp; &nbsp; &nbsp; &nbsp; &nbsp; &nbsp; &nbsp; &nbsp;&nbsp; Regina Nowotarska&nbsp;&nbsp;&nbsp;&nbsp;&nbsp;&nbsp;&nbsp;&nbsp;&nbsp;&nbsp;&nbsp;&nbsp;&nbsp;&nbsp;&nbsp;&nbsp;&nbsp;&nbsp;&nbsp;&nbsp;&nbsp;&nbsp;&nbsp;&nbsp;&nbsp; &nbsp; &nbsp; &nbsp; &nbsp;&nbsp;&nbsp;&nbsp;&nbsp; Jolanta Lalak&nbsp;&nbsp; &nbsp; &nbsp; &nbsp; &nbsp; &nbsp; &nbsp; &nbsp; &nbsp; &nbsp; &nbsp; &nbsp; &nbsp; &nbsp; &nbsp; &nbsp; &nbsp; &nbsp;&nbsp; Joanna Lebioda&nbsp;&nbsp;&nbsp;&nbsp;&nbsp;&nbsp;&nbsp;&nbsp;&nbsp;&nbsp;&nbsp;&nbsp;&nbsp;&nbsp;&nbsp;&nbsp;&nbsp;&nbsp;&nbsp;&nbsp;&nbsp;&nbsp;&nbsp;&nbsp;&nbsp;&nbsp;&nbsp;&nbsp;&nbsp;&nbsp;&nbsp;&nbsp; Jolanta Lalak<\/p>\nngg_shortcode_5_placeholder\n<p>&nbsp;&nbsp;&nbsp;&nbsp;&nbsp;&nbsp;&nbsp;&nbsp;&nbsp;&nbsp;&nbsp;&nbsp;&nbsp;&nbsp;&nbsp; Jolanta Lalak &nbsp;&nbsp;&nbsp;&nbsp;&nbsp;&nbsp;&nbsp;&nbsp;&nbsp;&nbsp;&nbsp;&nbsp;&nbsp;&nbsp;&nbsp;&nbsp;&nbsp;&nbsp;&nbsp;&nbsp;&nbsp;&nbsp;&nbsp;&nbsp;&nbsp;&nbsp;&nbsp;&nbsp;&nbsp;&nbsp;&nbsp;&nbsp;&nbsp;&nbsp;&nbsp;&nbsp;&nbsp;&nbsp;&nbsp; &nbsp;&nbsp; Pawe\u0142 kozanecki &nbsp;&nbsp;&nbsp;&nbsp;&nbsp;&nbsp;&nbsp;&nbsp;&nbsp;&nbsp;&nbsp;&nbsp;&nbsp;&nbsp;&nbsp;&nbsp;&nbsp;&nbsp;&nbsp;&nbsp;&nbsp;&nbsp;&nbsp;&nbsp;&nbsp;&nbsp;&nbsp;&nbsp;&nbsp;&nbsp;&nbsp;&nbsp;&nbsp;&nbsp;&nbsp; Piotr Ka\u017amierczak &nbsp;&nbsp;&nbsp;&nbsp;&nbsp;&nbsp;&nbsp;&nbsp;&nbsp;&nbsp;&nbsp;&nbsp;&nbsp;&nbsp;&nbsp;&nbsp;&nbsp;&nbsp;&nbsp;&nbsp;&nbsp;&nbsp;&nbsp;&nbsp;&nbsp;&nbsp;&nbsp;&nbsp;&nbsp;&nbsp;&nbsp;&nbsp;&nbsp;&nbsp;&nbsp;&nbsp;&nbsp;&nbsp; Pawe\u0142 Kozanecki &nbsp;&nbsp;&nbsp;&nbsp;&nbsp;&nbsp;&nbsp;&nbsp;&nbsp;&nbsp;&nbsp;&nbsp;&nbsp;&nbsp;&nbsp;&nbsp;&nbsp;&nbsp;&nbsp;&nbsp;&nbsp;&nbsp;&nbsp;&nbsp;&nbsp;&nbsp;&nbsp;&nbsp;&nbsp;&nbsp; Joanna Lebioda<\/p>\nngg_shortcode_6_placeholder\n<p>&nbsp;&nbsp;&nbsp;&nbsp;&nbsp;&nbsp;&nbsp;&nbsp;&nbsp;&nbsp;&nbsp;&nbsp;&nbsp;&nbsp;&nbsp; Piotr Ka\u017amierczak&nbsp;&nbsp;&nbsp;&nbsp;&nbsp;&nbsp;&nbsp;&nbsp;&nbsp;&nbsp;&nbsp;&nbsp;&nbsp;&nbsp;&nbsp;&nbsp;&nbsp;&nbsp;&nbsp;&nbsp;&nbsp;&nbsp;&nbsp;&nbsp;&nbsp;&nbsp;&nbsp;&nbsp;&nbsp;&nbsp;&nbsp;&nbsp;&nbsp;&nbsp;&nbsp; Beata Bogus\u0142awska&nbsp;&nbsp;&nbsp;&nbsp;&nbsp;&nbsp;&nbsp;&nbsp;&nbsp;&nbsp;&nbsp;&nbsp;&nbsp;&nbsp;&nbsp;&nbsp;&nbsp;&nbsp;&nbsp;&nbsp;&nbsp;&nbsp;&nbsp;&nbsp;&nbsp;&nbsp;&nbsp;&nbsp;&nbsp;&nbsp; Regina Nowotarska<\/p>\n<hr>\n<h3>14 czerwca 2023<br \/>&nbsp;&nbsp;&nbsp;&nbsp;&nbsp;&nbsp;&nbsp;&nbsp;&nbsp;&nbsp;&nbsp;&nbsp;&nbsp;&nbsp;&nbsp;&nbsp;&nbsp;&nbsp;&nbsp;&nbsp;&nbsp;&nbsp;&nbsp;&nbsp;&nbsp;&nbsp;&nbsp;&nbsp;&nbsp;&nbsp;&nbsp;&nbsp;&nbsp;&nbsp;&nbsp;&nbsp;&nbsp;&nbsp;&nbsp;&nbsp;&nbsp;&nbsp;&nbsp;&nbsp;&nbsp;&nbsp;&nbsp;&nbsp;&nbsp; &nbsp; &nbsp; &nbsp; &nbsp; &nbsp; &nbsp; &nbsp;&nbsp; <span style=\"color: #ffff00;\">&#8222;Ani pion, ani poziom&#8221;<br \/><\/span><\/h3>\n<hr>\n<p>&nbsp;&nbsp;&nbsp;&nbsp; Rozstrzygn\u0119li\u015bmy konkurs miesi\u0105ca pt. &#8222;Ani pion, ani poziom&#8221;<br \/>O\u015bmiu autor\u00f3w przedstawi\u0142o swoje prace &#8211; ka\u017cdy autor mo\u017ce pokaza\u0107 trzy prace.<br \/>Zwyci\u0119skie prace to:&nbsp;&nbsp; &nbsp; 1 miejsce &#8211; praca nr 2 &#8211; Monika Mazurek<br \/>&nbsp;&nbsp;&nbsp;&nbsp;&nbsp;&nbsp;&nbsp;&nbsp;&nbsp;&nbsp;&nbsp;&nbsp;&nbsp;&nbsp;&nbsp;&nbsp;&nbsp;&nbsp;&nbsp;&nbsp;&nbsp;&nbsp;&nbsp;&nbsp;&nbsp;&nbsp;&nbsp;&nbsp;&nbsp;&nbsp;&nbsp;&nbsp;&nbsp;&nbsp; &nbsp; &nbsp; &nbsp; 2 miejsce &#8211; praca Joanny Lebiody<br \/>&nbsp;&nbsp;&nbsp;&nbsp;&nbsp;&nbsp;&nbsp;&nbsp;&nbsp;&nbsp;&nbsp;&nbsp;&nbsp;&nbsp;&nbsp;&nbsp;&nbsp;&nbsp;&nbsp;&nbsp;&nbsp;&nbsp;&nbsp;&nbsp;&nbsp;&nbsp;&nbsp;&nbsp;&nbsp;&nbsp;&nbsp;&nbsp;&nbsp;&nbsp; &nbsp; &nbsp; &nbsp; 3 miejsce &#8211; prace dw\u00f3ch autor\u00f3w:&nbsp;&nbsp; praca nr 3 &#8211; Dany Borek i praca nr 3 &#8211; Krzysztofa Lachowicza<br \/>Autorom dzi\u0119kujemy &#8230;<\/p>\n<p>Poni\u017cej &#8211; wszystkie prace bior\u0105ce udzia\u0142 w konkursie:<\/p>\nngg_shortcode_7_placeholder\n<p>autor: Dana Borek<\/p>\nngg_shortcode_8_placeholder\n<p>autor: Beata Bogus\u0142awska<\/p>\nngg_shortcode_9_placeholder\n<p>autor: Andrzej Czapiewski<\/p>\nngg_shortcode_10_placeholder\n<p>autor: Krzysztof Lachowicz<\/p>\nngg_shortcode_11_placeholder\n<p>autor: Joanna Lebioda<\/p>\nngg_shortcode_12_placeholder\n<p>autor: Monika Mazurek<\/p>\nngg_shortcode_13_placeholder\n<p>autor: Bo\u017cena \u017byli\u0144ska<\/p>\nngg_shortcode_14_placeholder\n<p>autor: Mieczys\u0142aw Mark\u00f3w<\/p>\n<p>&nbsp;<\/p>\n<hr>\n<h3 style=\"text-align: left;\">02 luty 2023<br \/>&nbsp;&nbsp;&nbsp;&nbsp;&nbsp;&nbsp;&nbsp;&nbsp;&nbsp;&nbsp;&nbsp;&nbsp;&nbsp;&nbsp;&nbsp;&nbsp;&nbsp;&nbsp;&nbsp;&nbsp;&nbsp;&nbsp;&nbsp;&nbsp;&nbsp;&nbsp;&nbsp;&nbsp;&nbsp;&nbsp;&nbsp;&nbsp;&nbsp;&nbsp;&nbsp;&nbsp;&nbsp;&nbsp;&nbsp;&nbsp;&nbsp;&nbsp;&nbsp;&nbsp;&nbsp;&nbsp;&nbsp;&nbsp;&nbsp; &nbsp; &nbsp; &nbsp; &nbsp; &nbsp; &nbsp; &nbsp;&nbsp; <span style=\"color: #ffff00;\">&#8222;Ni\u0107&#8221;<\/span><\/h3>\n<hr>\n<p>&nbsp;&nbsp;&nbsp;&nbsp;&nbsp; Tym razem temat konkursu miesi\u0105ca to Ni\u0107. Temat na poz\u00f3r prosty, lecz niejednoznaczny.<br \/>Poni\u017cej zdj\u0119cia wyr\u00f3\u017cnione &#8211; ale te\u017c wszystkie zg\u0142oszone do konkursu.<br \/>Daje to lepszy pogl\u0105d na spos\u00f3b podej\u015bcia fotoklubowicz\u00f3w do tematu, techniki, kadrowania, kompozycji obraz\u00f3w.<\/p>\nngg_shortcode_15_placeholder\n<p>I miejsce &#8211; Wojciech Szlachcikowski&nbsp;&nbsp; &nbsp; &nbsp; &nbsp; &nbsp; &nbsp; &nbsp;&nbsp; II miejsce &#8211; Dana Borek&nbsp;&nbsp; &nbsp; &nbsp; &nbsp; &nbsp; &nbsp; &nbsp; &nbsp; &nbsp; &nbsp; III miejsce &#8211; Monika Mazurek<\/p>\n<p>pozosta\u0142e prace &#8211; poni\u017cej&#8230;<\/p>\nngg_shortcode_16_placeholder\n<hr>\n<hr>\n<h3 id=\"block-e8d946a6-203d-4bf5-801b-40c48c3f3bac\" class=\"block-editor-rich-text__editable block-editor-block-list__block wp-block is-selected rich-text\" style=\"text-align: left;\" tabindex=\"0\" role=\"group\" contenteditable=\"true\" aria-multiline=\"true\" aria-label=\"Blok: Nag\u0142\u00f3wek\" data-block=\"e8d946a6-203d-4bf5-801b-40c48c3f3bac\" data-type=\"core\/heading\" data-title=\"Nag\u0142\u00f3wek\">28 kwietnia 2022<br \/><span style=\"color: #ffff00;\"><br \/>&nbsp;&nbsp;&nbsp;&nbsp;&nbsp;&nbsp;&nbsp;&nbsp;&nbsp;&nbsp;&nbsp;&nbsp;&nbsp;&nbsp;&nbsp;&nbsp;&nbsp;&nbsp;&nbsp;&nbsp;&nbsp;&nbsp;&nbsp;&nbsp;&nbsp;&nbsp;&nbsp;&nbsp;&nbsp;&nbsp;&nbsp;&nbsp;&nbsp;&nbsp;&nbsp;&nbsp;&nbsp;&nbsp;&nbsp;&nbsp;&nbsp;&nbsp;&nbsp;&nbsp;&nbsp;&nbsp;&nbsp;&nbsp; &nbsp; &nbsp;&nbsp; &nbsp;&nbsp; &#8222;Moja lewa r\u0119ka&#8221;<br \/><\/span><\/h3>\n<hr>\n<p style=\"text-align: left;\">Nast\u0119pny konkurs miesi\u0105ca za nami. Tytu\u0142 konkursu raczej niezwyk\u0142y, niemniej frapuj\u0105cy o tyle \u017ce realizacje i pomys\u0142y na zdj\u0119cia &#8211; przer\u00f3\u017cne.<br \/>Jest to te\u017c pierwszy konkurs kt\u00f3rego tematyka nie pozwala na si\u0119gni\u0119cie do przepastnych archiw\u00f3w fotograficznych i wykorzystania wcze\u015bniej pope\u0142nionej pracy.<br \/>O\u015bmiu autor\u00f3w i siedemna\u015bcie prac da\u0142o rozstrzygni\u0119cia jak poni\u017cej.<\/p>\n<p>Wszystkim autorom gratulujemy nietypowych prac&#8230;<\/p>\n<p>1 &#8211; miejsce&nbsp; &nbsp; &nbsp; &nbsp; &nbsp; &nbsp; &nbsp; &nbsp; &nbsp; &nbsp; &nbsp; &#8211; Krzysztof Lachowicz<br \/>a\u017c trzy drugie miejsca &#8211; Joanna Lebioda &#8211; dwa zdj\u0119cia<br \/>&nbsp;&nbsp;&nbsp;&nbsp;&nbsp;&nbsp;&nbsp;&nbsp;&nbsp;&nbsp;&nbsp;&nbsp;&nbsp;&nbsp;&nbsp;&nbsp;&nbsp;&nbsp;&nbsp;&nbsp;&nbsp;&nbsp;&nbsp;&nbsp;&nbsp;&nbsp;&nbsp;&nbsp;&nbsp;&nbsp;&nbsp;&nbsp;&nbsp;&nbsp;&nbsp;&nbsp;&nbsp;&nbsp;&nbsp;&nbsp;&nbsp;&nbsp; &#8211; Krzysztof Lachowicz<br \/>3 &#8211; miejsce&nbsp;&nbsp;&nbsp;&nbsp;&nbsp;&nbsp;&nbsp;&nbsp;&nbsp;&nbsp;&nbsp;&nbsp;&nbsp;&nbsp;&nbsp;&nbsp;&nbsp;&nbsp;&nbsp;&nbsp;&nbsp;&nbsp; &#8211; Andrzej Czapiewski<\/p>\n<p>&nbsp;<\/p>\n\n\nngg_shortcode_17_placeholder\n\n\n<p>1 miejsce&nbsp;&nbsp;&nbsp;&nbsp; Krzysztof Lachowicz<\/p>\n\n\nngg_shortcode_18_placeholder\n\n\n<p>3 x 2 miejce&nbsp;&nbsp;&nbsp;&nbsp;&nbsp;&nbsp;&nbsp;&nbsp; &nbsp; &nbsp; &nbsp; &nbsp; &nbsp; &nbsp; &nbsp; &nbsp; &nbsp; &nbsp;&nbsp; &nbsp; &nbsp;&nbsp; 2x Joanna Lebioda&nbsp;&nbsp;&nbsp;&nbsp;&nbsp;&nbsp;&nbsp;&nbsp;&nbsp;&nbsp;&nbsp;&nbsp;&nbsp;&nbsp;&nbsp;&nbsp;&nbsp;&nbsp;&nbsp;&nbsp;&nbsp;&nbsp;&nbsp;&nbsp;&nbsp;&nbsp;&nbsp;&nbsp;&nbsp;&nbsp;&nbsp;&nbsp;&nbsp;&nbsp;&nbsp;&nbsp;&nbsp;&nbsp;&nbsp;&nbsp;&nbsp;&nbsp;&nbsp;&nbsp;&nbsp;&nbsp;&nbsp;&nbsp;&nbsp;&nbsp;&nbsp;&nbsp;&nbsp;&nbsp;&nbsp;&nbsp;&nbsp;&nbsp;&nbsp;&nbsp;&nbsp;&nbsp;&nbsp;&nbsp; Krzysztof Lachowicz<\/p>\n\n\nngg_shortcode_19_placeholder\n\n\n<p>3 miejsce&nbsp;&nbsp;&nbsp;&nbsp; Andrzej Czapiewski<\/p>\n<hr>\n<h3 id=\"block-e8d946a6-203d-4bf5-801b-40c48c3f3bac\" class=\"block-editor-rich-text__editable block-editor-block-list__block wp-block is-selected rich-text\" tabindex=\"0\" role=\"group\" aria-multiline=\"true\" aria-label=\"Blok: Nag\u0142\u00f3wek\" data-block=\"e8d946a6-203d-4bf5-801b-40c48c3f3bac\" data-type=\"core\/heading\" data-title=\"Nag\u0142\u00f3wek\" contenteditable=\"true\">28 pa\u017cdziernika 2021<\/h3>\n<h3 style=\"text-align: center;\"><span style=\"color: #ffff00;\">&#8222;Uliczne sytuacje&#8221;<br \/><\/span><\/h3>\n<hr>\n<p class=\"moz-quote-pre\">Jak zwykle w ostatni czwartek miesi\u0105ca &#8211; rozstrzygn\u0119li\u015bmy pa\u017adziernikowy konkurs miesi\u0105ca pt. &#8222;Uliczne sytuacje&#8221;. Spo\u015br\u00f3d przedstawionych zdj\u0119\u0107 wy\u0142onili\u015bmy ju\u017c nie on-line ale na klubowym spotkaniu laureat\u00f3w:<\/p>\n<p>1 -miejsce zaj\u0119\u0142a Monika Mazurek <br \/>2-miejsce zaj\u0105\u0142 Krzysztof Lachowicz <br \/>3-miejsce zaj\u0119\u0142a Regina Nowotarska <br \/>wyr\u00f3\u017cnienie otrzyma\u0142 Krzysztof Lachowicz.<\/p>\n<p>Gratulujemy nagrodzonym<\/p>\n<p>&nbsp;<\/p>\n\n\nngg_shortcode_20_placeholder\n\n\n\n<hr class=\"wp-block-separator has-css-opacity\"\/>\n\n\n<h3 style=\"text-align: left;\">17 maja 2021<br \/>&nbsp;&nbsp;&nbsp;&nbsp;&nbsp;&nbsp;&nbsp;&nbsp;&nbsp;&nbsp;&nbsp;&nbsp;&nbsp;&nbsp;&nbsp;&nbsp;&nbsp;&nbsp;&nbsp;&nbsp;&nbsp;&nbsp;&nbsp;&nbsp;&nbsp;&nbsp;&nbsp;&nbsp;&nbsp;&nbsp;&nbsp;&nbsp;&nbsp;&nbsp;&nbsp;&nbsp;&nbsp;&nbsp;&nbsp;&nbsp; <span style=\"color: #ffff00;\">&#8222;Zwyczajne, niezwyczajne&#8221;<br \/><\/span><\/h3>\n<hr>\n<p>Ostatni&nbsp; (przed przerw\u0105 wakacyjn\u0105)&nbsp; konkurs miesi\u0105ca zosta\u0142 roztrzygni\u0119ty.<\/p>\n<p class=\"moz-quote-pre\">Z nades\u0142anych zdj\u0119\u0107 w g\u0142osowaniu wy\u0142onili\u015bmy zwyci\u0119zc\u00f3w:<br \/>1 miejsce zaj\u0119\u0142a Monika Mazurek, <br \/>2 miejsce Andrzej Krupi\u0144ski <br \/>3 miejsce Wojciech Szlachcikowski. <br \/>Wszystkim autorom dzi\u0119kujmy za udzia\u0142 w konkursie a laureatom gratulujemy.<\/p>\n\n\nngg_shortcode_21_placeholder\n\n\n<p>Fot. Monika Mazurek&nbsp;&nbsp;&nbsp;&nbsp;&nbsp;&nbsp;&nbsp;&nbsp;&nbsp;&nbsp;&nbsp; Fot. Andrzej Krupi\u0144ski&nbsp;&nbsp;&nbsp;&nbsp;&nbsp;&nbsp;&nbsp;&nbsp; &nbsp; &nbsp; &nbsp; &nbsp; &nbsp;&nbsp; &nbsp;&nbsp; Fot. Wojciech Szlachcikowski<\/p>\n<hr>\n<h3>11 kwietnia 2021<br \/>&nbsp;&nbsp;&nbsp;&nbsp;&nbsp;&nbsp;&nbsp;&nbsp;&nbsp;&nbsp;&nbsp;&nbsp;&nbsp;&nbsp;&nbsp;&nbsp;&nbsp;&nbsp;&nbsp;&nbsp;&nbsp;&nbsp;&nbsp;&nbsp;&nbsp;&nbsp;&nbsp;&nbsp;&nbsp;&nbsp;&nbsp;&nbsp;&nbsp;&nbsp;&nbsp;&nbsp;&nbsp;&nbsp;&nbsp;&nbsp; <br \/>&nbsp;&nbsp;&nbsp;&nbsp;&nbsp;&nbsp;&nbsp;&nbsp;&nbsp;&nbsp;&nbsp;&nbsp;&nbsp;&nbsp;&nbsp;&nbsp;&nbsp;&nbsp;&nbsp;&nbsp;&nbsp;&nbsp;&nbsp;&nbsp;&nbsp;&nbsp;&nbsp;&nbsp;&nbsp;&nbsp;&nbsp;&nbsp;&nbsp;&nbsp;&nbsp;&nbsp;&nbsp;&nbsp;&nbsp;&nbsp;&nbsp;&nbsp;&nbsp;&nbsp;&nbsp;&nbsp;&nbsp;&nbsp;&nbsp;&nbsp;&nbsp;&nbsp;&nbsp;&nbsp;&nbsp;&nbsp;&nbsp;<span style=\"color: #ffff00;\"> &#8222;Dwa w jednym&#8221;<br \/><\/span><\/h3>\n<hr>\n<p>&nbsp;&nbsp;&nbsp;&nbsp; &nbsp; &nbsp; Dwa w jednym to np. przedmiot kt\u00f3ry ma cechy dw\u00f3ch innych przedmiot\u00f3w.&nbsp;<br \/>To cechy dw\u00f3ch r\u00f3\u017cnych byt\u00f3w pokrewnych lub bardzo r\u00f3\u017cnych ale w jednej postaci.<br \/>Najog\u00f3lniej mo\u017cna powiedzie\u0107, \u017ce wi\u0119kszo\u015b\u0107 prac r\u00f3wnie\u017c tych nagrodzonych &#8211; rozmin\u0119\u0142a si\u0119 z tematem.<br \/>W Fotoklubie zaistnia\u0142a dyskusja co do s\u0142uszno\u015bci naszych wybor\u00f3w. <br \/>Czy dwa przedmioty w jednym obrazie to jest &#8211; dwa w jednym ?<br \/>Oczywi\u015bcie nie jest.<br \/>Nie wchodz\u0105c w polemik\u0119, nie b\u0119d\u0119 przytacza\u0142 argument\u00f3w podnoszonych przez dyskutant\u00f3w.<br \/>Poni\u017cej zdj\u0119cia, kt\u00f3re otrzyma\u0142y najwi\u0119ksz\u0105 liczb\u0119 g\u0142os\u00f3w.<br \/>Zasadno\u015b\u0107 wybor\u00f3w zostawiam do przemy\u015blenia&#8230;<br \/>Wyniki konkursu obowi\u0105zuj\u0105 a nagrodzonym autorom prac gratuluj\u0119&#8230;&nbsp;&nbsp;&nbsp;&nbsp;&nbsp;&nbsp;&nbsp;&nbsp;&nbsp;&nbsp;&nbsp;&nbsp;&nbsp;&nbsp;&nbsp;&nbsp; KL&nbsp;&nbsp;<\/p>\n\n\nngg_shortcode_22_placeholder\n\n\n\n<div class=\"wp-block-columns is-layout-flex wp-container-core-columns-is-layout-9d6595d7 wp-block-columns-is-layout-flex\">\n<div class=\"wp-block-column is-layout-flow wp-block-column-is-layout-flow\">\n<p>I m. &#8211; Agnieszka Janucka-Popio\u0142ek&nbsp;&nbsp;&nbsp; II m. &#8211; Monika Mazurek&nbsp;&nbsp;&nbsp; III m. &#8211; Joanna Lebioda&nbsp;&nbsp;&nbsp;&nbsp; wyr\u00f3\u017cnienie &#8211; Marek Bogdzi\u0144ski<\/p>\n<\/div>\n<\/div>\n\n\n\n<div class=\"wp-block-columns is-layout-flex wp-container-core-columns-is-layout-9d6595d7 wp-block-columns-is-layout-flex\">\n<div class=\"wp-block-column is-layout-flow wp-block-column-is-layout-flow\"><\/div>\n<\/div>\n\n\n<hr>\n<p>28 lutego 2021<\/p>\n<h3>&nbsp;&nbsp;&nbsp;&nbsp;&nbsp;&nbsp;&nbsp;&nbsp;&nbsp;&nbsp;&nbsp;&nbsp;&nbsp;&nbsp;&nbsp;&nbsp;&nbsp;&nbsp;&nbsp;&nbsp;&nbsp;&nbsp;&nbsp;&nbsp;&nbsp;&nbsp;&nbsp;&nbsp;&nbsp;&nbsp;&nbsp;&nbsp;&nbsp;&nbsp;&nbsp;&nbsp;&nbsp;&nbsp;&nbsp;&nbsp;&nbsp; <span style=\"color: #ffff00;\">&#8222;Takie jest \u017cycie, taki jest \u015bwiat&#8221;<br \/><\/span><\/h3>\n<hr>\n<p class=\"moz-quote-pre\">&nbsp;&nbsp;&nbsp; Przyszed\u0142 czas na rozstrzygniecie kolejnego konkursu miesi\u0105ca, kt\u00f3ry w czasach pandemii rozstrzygn\u0119li\u015bmy on &#8211; line. Temat konkursu brzmia\u0142 : Takie jest \u017cycie , taki jest \u015bwiat.<br \/>Wybrali\u015bmy sobie trudny temat do kt\u00f3rego Klubowicze przedstawili prawie 40 prac.<br \/>W konkursie pomimo sytuacji jaka nas codziennie otacza nie przewa\u017ca\u0142y zdjecia &#8222;covidowe&#8221; ale takie, kt\u00f3re zosta\u0142y przez nas nagrodzone.<\/p>\n<p>&nbsp;&nbsp;&nbsp;&nbsp;&nbsp;&nbsp;&nbsp;&nbsp;&nbsp;&nbsp; &nbsp; &nbsp; &nbsp;&nbsp; 1 &#8211; miejsce zaj\u0119\u0142a Joanna Lebioda<br \/>&nbsp;&nbsp;&nbsp;&nbsp;&nbsp;&nbsp;&nbsp;&nbsp;&nbsp;&nbsp;&nbsp;&nbsp;&nbsp;&nbsp;&nbsp;&nbsp;&nbsp; 2 &#8211; miejsce Monika Mazurek<br \/>&nbsp;&nbsp;&nbsp;&nbsp;&nbsp;&nbsp;&nbsp;&nbsp;&nbsp;&nbsp;&nbsp;&nbsp;&nbsp;&nbsp;&nbsp;&nbsp;&nbsp; 2 &#8211; miejsce Krzysztof Lachowicz<br \/>&nbsp;&nbsp;&nbsp;&nbsp;&nbsp;&nbsp;&nbsp;&nbsp;&nbsp;&nbsp;&nbsp;&nbsp;&nbsp;&nbsp;&nbsp;&nbsp;&nbsp; 3 &#8211; miejsce Marek Bogdzi\u0144ski<br \/>&nbsp;&nbsp;&nbsp;&nbsp;&nbsp;&nbsp;&nbsp;&nbsp;&nbsp;&nbsp;&nbsp;&nbsp;&nbsp;&nbsp;&nbsp;&nbsp;&nbsp; 3 &#8211; miejsce Andrzej Krupi\u0144ski<\/p>\n<p>&nbsp;&nbsp; Gratuluj\u0119 nagrodzonym a pozosta\u0142ym Autorom dzi\u0119kuj\u0119 za udzia\u0142 w konkursie.<br \/>&nbsp;&nbsp;&nbsp;&nbsp;&nbsp;&nbsp;&nbsp;&nbsp;&nbsp;&nbsp;&nbsp;&nbsp;&nbsp;&nbsp;&nbsp;&nbsp;&nbsp;&nbsp;&nbsp;&nbsp;&nbsp;&nbsp;&nbsp;&nbsp;&nbsp;&nbsp;&nbsp;&nbsp;&nbsp;&nbsp;&nbsp;&nbsp;&nbsp;&nbsp;&nbsp;&nbsp;&nbsp;&nbsp;&nbsp;&nbsp;&nbsp;&nbsp;&nbsp;&nbsp;&nbsp;&nbsp;&nbsp;&nbsp;&nbsp;&nbsp;&nbsp;&nbsp;&nbsp;&nbsp;&nbsp;&nbsp;&nbsp;&nbsp;&nbsp;&nbsp;&nbsp;&nbsp;&nbsp;&nbsp;&nbsp;&nbsp;&nbsp;&nbsp;&nbsp;&nbsp;&nbsp;&nbsp;&nbsp;&nbsp;&nbsp;&nbsp;&nbsp;&nbsp;&nbsp;&nbsp;&nbsp;&nbsp;&nbsp;&nbsp;&nbsp;&nbsp;&nbsp;&nbsp;&nbsp;&nbsp;&nbsp;&nbsp;&nbsp;&nbsp;&nbsp;&nbsp; Andrzej Krupi\u0144ski<\/p>\n<hr>\n<p>&nbsp;&nbsp;&nbsp;&nbsp;&nbsp;&nbsp;&nbsp;&nbsp;<\/p>\n<p>&nbsp; &nbsp; &nbsp; &nbsp; &nbsp;&nbsp; <a href=\"http:\/\/fotoklub-zamek.pl\/wp-content\/uploads\/2021\/03\/1-mce-Joanna-Lebioda.jpg\"><img loading=\"lazy\" decoding=\"async\" class=\"alignnone size-medium wp-image-1377\" src=\"http:\/\/fotoklub-zamek.pl\/wp-content\/uploads\/2021\/03\/1-mce-Joanna-Lebioda-180x120.jpg\" alt=\"\" width=\"180\" height=\"120\" srcset=\"https:\/\/fotoklub-zamek.pl\/wp-content\/uploads\/2021\/03\/1-mce-Joanna-Lebioda-180x120.jpg 180w, https:\/\/fotoklub-zamek.pl\/wp-content\/uploads\/2021\/03\/1-mce-Joanna-Lebioda-768x512.jpg 768w, https:\/\/fotoklub-zamek.pl\/wp-content\/uploads\/2021\/03\/1-mce-Joanna-Lebioda-1024x683.jpg 1024w, https:\/\/fotoklub-zamek.pl\/wp-content\/uploads\/2021\/03\/1-mce-Joanna-Lebioda.jpg 1200w\" sizes=\"auto, (max-width: 180px) 100vw, 180px\" \/><\/a>&nbsp;&nbsp; Joanna Lebioda&nbsp; &nbsp; &nbsp; &nbsp; &nbsp; &nbsp;&nbsp; &nbsp;&nbsp; <a href=\"http:\/\/fotoklub-zamek.pl\/wp-content\/uploads\/2021\/03\/2-mce-Monika-Mazurek.jpg\"><img loading=\"lazy\" decoding=\"async\" class=\"alignnone size-medium wp-image-1379\" src=\"http:\/\/fotoklub-zamek.pl\/wp-content\/uploads\/2021\/03\/2-mce-Monika-Mazurek-180x180.jpg\" alt=\"\" width=\"180\" height=\"180\" srcset=\"https:\/\/fotoklub-zamek.pl\/wp-content\/uploads\/2021\/03\/2-mce-Monika-Mazurek-180x180.jpg 180w, https:\/\/fotoklub-zamek.pl\/wp-content\/uploads\/2021\/03\/2-mce-Monika-Mazurek-200x200.jpg 200w, https:\/\/fotoklub-zamek.pl\/wp-content\/uploads\/2021\/03\/2-mce-Monika-Mazurek-768x768.jpg 768w, https:\/\/fotoklub-zamek.pl\/wp-content\/uploads\/2021\/03\/2-mce-Monika-Mazurek-1024x1024.jpg 1024w, https:\/\/fotoklub-zamek.pl\/wp-content\/uploads\/2021\/03\/2-mce-Monika-Mazurek.jpg 1200w\" sizes=\"auto, (max-width: 180px) 100vw, 180px\" \/><\/a>&nbsp;&nbsp;&nbsp; Monika Mazurek<br \/>&nbsp;&nbsp;<\/p>\n<p>&nbsp; &nbsp; &nbsp; &nbsp; &nbsp;&nbsp; <a href=\"http:\/\/fotoklub-zamek.pl\/wp-content\/uploads\/2021\/03\/2-mce-Krzysztof-Lachowicz.jpg\"><img loading=\"lazy\" decoding=\"async\" class=\"alignnone size-medium wp-image-1378\" src=\"http:\/\/fotoklub-zamek.pl\/wp-content\/uploads\/2021\/03\/2-mce-Krzysztof-Lachowicz-180x129.jpg\" alt=\"\" width=\"180\" height=\"129\" srcset=\"https:\/\/fotoklub-zamek.pl\/wp-content\/uploads\/2021\/03\/2-mce-Krzysztof-Lachowicz-180x129.jpg 180w, https:\/\/fotoklub-zamek.pl\/wp-content\/uploads\/2021\/03\/2-mce-Krzysztof-Lachowicz-768x549.jpg 768w, https:\/\/fotoklub-zamek.pl\/wp-content\/uploads\/2021\/03\/2-mce-Krzysztof-Lachowicz-1024x732.jpg 1024w, https:\/\/fotoklub-zamek.pl\/wp-content\/uploads\/2021\/03\/2-mce-Krzysztof-Lachowicz.jpg 1920w\" sizes=\"auto, (max-width: 180px) 100vw, 180px\" \/><\/a>&nbsp;&nbsp; Krzysztof Lachowicz &nbsp; &nbsp; &nbsp; <a href=\"http:\/\/fotoklub-zamek.pl\/wp-content\/uploads\/2021\/03\/3-mce-Marek-Bogdzi\u0144ski.jpg\"><img loading=\"lazy\" decoding=\"async\" class=\"alignnone size-medium wp-image-1381\" src=\"http:\/\/fotoklub-zamek.pl\/wp-content\/uploads\/2021\/03\/3-mce-Marek-Bogdzi\u0144ski-180x120.jpg\" alt=\"\" width=\"180\" height=\"120\" srcset=\"https:\/\/fotoklub-zamek.pl\/wp-content\/uploads\/2021\/03\/3-mce-Marek-Bogdzi\u0144ski-180x120.jpg 180w, https:\/\/fotoklub-zamek.pl\/wp-content\/uploads\/2021\/03\/3-mce-Marek-Bogdzi\u0144ski-768x512.jpg 768w, https:\/\/fotoklub-zamek.pl\/wp-content\/uploads\/2021\/03\/3-mce-Marek-Bogdzi\u0144ski-1024x682.jpg 1024w, https:\/\/fotoklub-zamek.pl\/wp-content\/uploads\/2021\/03\/3-mce-Marek-Bogdzi\u0144ski.jpg 1250w\" sizes=\"auto, (max-width: 180px) 100vw, 180px\" \/><\/a>&nbsp;&nbsp; Marek Bogdzi\u0144ski<\/p>\n<p>&nbsp;&nbsp;&nbsp;&nbsp;&nbsp;&nbsp;&nbsp;&nbsp;&nbsp;<br \/>&nbsp; &nbsp; &nbsp; &nbsp; &nbsp;&nbsp; <a href=\"http:\/\/fotoklub-zamek.pl\/wp-content\/uploads\/2021\/03\/3-mce-Andrzej-Krupi\u0144ski.jpg\"><img loading=\"lazy\" decoding=\"async\" class=\"alignnone size-medium wp-image-1380\" src=\"http:\/\/fotoklub-zamek.pl\/wp-content\/uploads\/2021\/03\/3-mce-Andrzej-Krupi\u0144ski-180x120.jpg\" alt=\"\" width=\"180\" height=\"120\" srcset=\"https:\/\/fotoklub-zamek.pl\/wp-content\/uploads\/2021\/03\/3-mce-Andrzej-Krupi\u0144ski-180x120.jpg 180w, https:\/\/fotoklub-zamek.pl\/wp-content\/uploads\/2021\/03\/3-mce-Andrzej-Krupi\u0144ski-768x512.jpg 768w, https:\/\/fotoklub-zamek.pl\/wp-content\/uploads\/2021\/03\/3-mce-Andrzej-Krupi\u0144ski-1024x683.jpg 1024w, https:\/\/fotoklub-zamek.pl\/wp-content\/uploads\/2021\/03\/3-mce-Andrzej-Krupi\u0144ski.jpg 1200w\" sizes=\"auto, (max-width: 180px) 100vw, 180px\" \/><\/a> &nbsp; Andrzej Krupi\u0144ski&nbsp; &nbsp; &nbsp; &nbsp; &nbsp; &nbsp; &nbsp; &nbsp;&nbsp;<\/p>\n<hr>\n<p>17 grudnia 2020<\/p>\n<h3>&nbsp;&nbsp;&nbsp;<span style=\"color: #ffff00;\"> Konkurs miesi\u0105ca pt. &#8222;Architektoniczny minimalizm&#8221;<\/span><\/h3>\n<h4>__________________________________________________________________________<\/h4>\n<p class=\"moz-quote-pre\">&nbsp; Rozstrzygn\u0119li\u015bmy nast\u0119pny &#8211; grudniowy &#8211; konkurs miesi\u0105ca.<br \/>Fotoklubowicze przys\u0142ali og\u00f3\u0142em 33 prace, czyli zdj\u0119cia przys\u0142a\u0142o 11 os\u00f3b.<\/p>\n<p>&nbsp;&nbsp; Na zdj\u0119cia g\u0142osowali (kolejno\u015b\u0107 przypadkowa): Agnieszka, Wojciech, Monika, Szymon, Renia,<br \/>Dana, Grzegorz, Joanna, Krzysztof i Andrzej.<br \/>&nbsp; &nbsp; &nbsp; Wyniki s\u0105 nast\u0119puj\u0105ce:<\/p>\n<p>&nbsp;&nbsp;&nbsp;&nbsp;&nbsp;&nbsp;&nbsp;&nbsp;&nbsp;&nbsp;&nbsp;&nbsp;&nbsp;&nbsp;&nbsp;&nbsp;&nbsp;&nbsp;&nbsp;&nbsp; 1 miejsce &#8211; zdj\u0119cie &nbsp;&nbsp;&nbsp;&nbsp; Nr 3&nbsp;&nbsp;&nbsp; Joanny&nbsp;&nbsp;&nbsp;&nbsp; 11pkt.<br \/>&nbsp;&nbsp;&nbsp;&nbsp;&nbsp;&nbsp;&nbsp;&nbsp;&nbsp;&nbsp;&nbsp;&nbsp;&nbsp;&nbsp;&nbsp;&nbsp;&nbsp;&nbsp;&nbsp;&nbsp; 2 miejsce &#8211; zdj\u0119cie&nbsp;&nbsp; &nbsp;&nbsp; Nr 18&nbsp; Reginy&nbsp;&nbsp; &nbsp; 10 pkt.<br \/>&nbsp;&nbsp;&nbsp;&nbsp;&nbsp;&nbsp;&nbsp;&nbsp;&nbsp;&nbsp;&nbsp;&nbsp;&nbsp;&nbsp;&nbsp;&nbsp;&nbsp;&nbsp;&nbsp;&nbsp; 3 miejsce &#8211; zdj\u0119cie&nbsp;&nbsp;&nbsp;&nbsp;&nbsp; Nr 9 &nbsp;&nbsp; Andrzeja&nbsp; &nbsp; 8 pkt.<br \/>&nbsp;&nbsp;&nbsp;&nbsp;&nbsp;&nbsp;&nbsp;&nbsp;&nbsp;&nbsp;&nbsp;&nbsp;&nbsp;&nbsp;&nbsp;&nbsp;&nbsp;&nbsp;&nbsp;&nbsp; wyr\u00f3\u017cnienie &#8211; zdj\u0119cie Nr 30&nbsp; Krzysztofa&nbsp; 7 pkt.<\/p>\n<p>&nbsp;&nbsp;&nbsp; <a href=\"http:\/\/fotoklub-zamek.pl\/wp-content\/uploads\/2020\/12\/1_3.jpg\"><img loading=\"lazy\" decoding=\"async\" class=\"alignnone size-medium wp-image-1338\" src=\"http:\/\/fotoklub-zamek.pl\/wp-content\/uploads\/2020\/12\/1_3-120x180.jpg\" alt=\"\" width=\"120\" height=\"180\" srcset=\"https:\/\/fotoklub-zamek.pl\/wp-content\/uploads\/2020\/12\/1_3-120x180.jpg 120w, https:\/\/fotoklub-zamek.pl\/wp-content\/uploads\/2020\/12\/1_3-683x1024.jpg 683w, https:\/\/fotoklub-zamek.pl\/wp-content\/uploads\/2020\/12\/1_3.jpg 700w\" sizes=\"auto, (max-width: 120px) 100vw, 120px\" \/><\/a>&nbsp;&nbsp;&nbsp;&nbsp; <a href=\"http:\/\/fotoklub-zamek.pl\/wp-content\/uploads\/2020\/12\/1_18.jpg\"><img loading=\"lazy\" decoding=\"async\" class=\"alignnone size-medium wp-image-1339\" src=\"http:\/\/fotoklub-zamek.pl\/wp-content\/uploads\/2020\/12\/1_18-180x120.jpg\" alt=\"\" width=\"180\" height=\"120\" srcset=\"https:\/\/fotoklub-zamek.pl\/wp-content\/uploads\/2020\/12\/1_18-180x120.jpg 180w, https:\/\/fotoklub-zamek.pl\/wp-content\/uploads\/2020\/12\/1_18-768x512.jpg 768w, https:\/\/fotoklub-zamek.pl\/wp-content\/uploads\/2020\/12\/1_18-1024x683.jpg 1024w, https:\/\/fotoklub-zamek.pl\/wp-content\/uploads\/2020\/12\/1_18.jpg 1050w\" sizes=\"auto, (max-width: 180px) 100vw, 180px\" \/><\/a>&nbsp;&nbsp;&nbsp;&nbsp; <a href=\"http:\/\/fotoklub-zamek.pl\/wp-content\/uploads\/2020\/12\/1_9.jpg\"><img loading=\"lazy\" decoding=\"async\" class=\"alignnone size-medium wp-image-1340\" src=\"http:\/\/fotoklub-zamek.pl\/wp-content\/uploads\/2020\/12\/1_9-180x120.jpg\" alt=\"\" width=\"180\" height=\"120\" srcset=\"https:\/\/fotoklub-zamek.pl\/wp-content\/uploads\/2020\/12\/1_9-180x120.jpg 180w, https:\/\/fotoklub-zamek.pl\/wp-content\/uploads\/2020\/12\/1_9-768x512.jpg 768w, https:\/\/fotoklub-zamek.pl\/wp-content\/uploads\/2020\/12\/1_9-1024x683.jpg 1024w, https:\/\/fotoklub-zamek.pl\/wp-content\/uploads\/2020\/12\/1_9.jpg 1050w\" sizes=\"auto, (max-width: 180px) 100vw, 180px\" \/><\/a>&nbsp;&nbsp;&nbsp;&nbsp; <a href=\"http:\/\/fotoklub-zamek.pl\/wp-content\/uploads\/2020\/12\/1_30.jpg\"><img loading=\"lazy\" decoding=\"async\" class=\"alignnone size-medium wp-image-1341\" src=\"http:\/\/fotoklub-zamek.pl\/wp-content\/uploads\/2020\/12\/1_30-180x120.jpg\" alt=\"\" width=\"180\" height=\"120\" srcset=\"https:\/\/fotoklub-zamek.pl\/wp-content\/uploads\/2020\/12\/1_30-180x120.jpg 180w, https:\/\/fotoklub-zamek.pl\/wp-content\/uploads\/2020\/12\/1_30-768x511.jpg 768w, https:\/\/fotoklub-zamek.pl\/wp-content\/uploads\/2020\/12\/1_30-1024x681.jpg 1024w, https:\/\/fotoklub-zamek.pl\/wp-content\/uploads\/2020\/12\/1_30.jpg 1052w\" sizes=\"auto, (max-width: 180px) 100vw, 180px\" \/><\/a><\/p>\n<p>&nbsp;&nbsp;&nbsp;&nbsp; &nbsp;&nbsp;&nbsp;&nbsp; &nbsp;&nbsp;&nbsp;&nbsp; &nbsp;&nbsp;&nbsp;&nbsp;<br \/>&nbsp;1m &#8211; Joanna Lebioda &nbsp;&nbsp; &nbsp;&nbsp; 2m &#8211; Regina Nowotarska &nbsp;&nbsp;&nbsp;&nbsp;&nbsp;&nbsp;&nbsp;&nbsp;&nbsp;&nbsp; 3m &#8211; Andrzej Krupi\u0144ski &nbsp;&nbsp;&nbsp;&nbsp;&nbsp;&nbsp;&nbsp;&nbsp;&nbsp; wyr\u00f3\u017cnienie &#8211; Krzysztof<br \/>&nbsp;&nbsp;&nbsp;&nbsp;&nbsp;&nbsp;&nbsp;&nbsp;&nbsp;&nbsp;&nbsp;&nbsp;&nbsp;&nbsp;&nbsp;&nbsp;&nbsp;&nbsp;&nbsp;&nbsp;&nbsp;&nbsp;&nbsp;&nbsp;&nbsp;&nbsp;&nbsp;&nbsp;&nbsp;&nbsp;&nbsp;&nbsp;&nbsp;&nbsp;&nbsp;&nbsp;&nbsp;&nbsp;&nbsp;&nbsp;&nbsp;&nbsp;&nbsp;&nbsp;&nbsp;&nbsp;&nbsp;&nbsp;&nbsp;&nbsp;&nbsp;&nbsp;&nbsp;&nbsp;&nbsp;&nbsp;&nbsp;&nbsp;&nbsp;&nbsp;&nbsp;&nbsp;&nbsp;&nbsp;&nbsp;&nbsp;&nbsp;&nbsp;&nbsp;&nbsp;&nbsp;&nbsp;&nbsp;&nbsp;&nbsp;&nbsp;&nbsp;&nbsp;&nbsp;&nbsp;&nbsp;&nbsp;&nbsp;&nbsp;&nbsp;&nbsp;&nbsp;&nbsp;&nbsp;&nbsp;&nbsp;&nbsp;&nbsp;&nbsp;&nbsp;&nbsp;&nbsp;&nbsp;&nbsp;&nbsp;&nbsp;&nbsp;&nbsp;&nbsp;&nbsp;&nbsp;&nbsp;&nbsp;&nbsp;&nbsp;&nbsp;&nbsp;&nbsp;&nbsp;&nbsp;&nbsp;&nbsp;&nbsp;&nbsp;&nbsp;&nbsp;&nbsp;&nbsp;&nbsp;&nbsp;&nbsp;&nbsp;&nbsp;&nbsp;&nbsp;&nbsp;&nbsp;&nbsp;&nbsp;&nbsp;&nbsp;&nbsp;&nbsp;&nbsp;&nbsp;&nbsp;&nbsp;&nbsp;&nbsp;&nbsp;&nbsp;&nbsp;&nbsp;&nbsp;&nbsp;&nbsp;&nbsp;&nbsp;&nbsp;&nbsp;&nbsp;&nbsp;&nbsp;&nbsp;&nbsp;&nbsp;&nbsp;&nbsp; Lachowicz<\/p>\n<p class=\"moz-quote-pre\">Gratulujemy laureatom a pozosta\u0142ym autorom dzi\u0119kujemy za udzia\u0142.<\/p>\n<p>_______________________________________________________________________________________________________________<\/p>\n<p>12 listopada 2020<\/p>\n<h3>&nbsp;&nbsp;&nbsp;<span style=\"color: #ffff00;\"> Konkurs miesi\u0105ca pt. &#8222;\u015awiat na d\u0142ugim czasie&#8221;<\/span><\/h3>\n<h4>__________________________________________________________________________<\/h4>\n<p class=\"moz-quote-pre\">&nbsp;&nbsp;&nbsp;&nbsp;&nbsp;&nbsp;&nbsp;&nbsp;&nbsp; Witajcie.<br \/>&nbsp;&nbsp;&nbsp;&nbsp;&nbsp;&nbsp;&nbsp;&nbsp;&nbsp; Na konkurs wp\u0142yn\u0119\u0142o 26 prac.<br \/>&nbsp;&nbsp;&nbsp;&nbsp;&nbsp;&nbsp;&nbsp;&nbsp;&nbsp; W g\u0142osowaniu wzi\u0119\u0142o udzia\u0142 17 os\u00f3b .<\/p>\n<p>&nbsp; 1- miejsce zaj\u0119\u0142o zdj\u0119cie&nbsp; nr 22 Reni uzyskuj\u0105c&nbsp;&nbsp;&nbsp;&nbsp;&nbsp;&nbsp;&nbsp;&nbsp;&nbsp; &#8211; 16pkt.<br \/>&nbsp; 2 &#8211; miejsce zaj\u0119\u0142o zdj\u0119cia nr 14 Agnieszki uzyskuj\u0105c&nbsp; &#8211; 13 pkt.<br \/>&nbsp; 3 &#8211; miejsce zaj\u0119\u0142o zdj\u0119cie nr 1 Joanny uzyskuj\u0105c&nbsp;&nbsp;&nbsp;&nbsp;&nbsp;&nbsp;&nbsp;&nbsp; &#8211; 10pkt.<\/p>\n<p>&nbsp;&nbsp;&nbsp; <a href=\"http:\/\/fotoklub-zamek.pl\/wp-content\/uploads\/2020\/11\/1-Regina-Nowotarska.jpg\"><img loading=\"lazy\" decoding=\"async\" class=\"alignnone wp-image-1323\" src=\"http:\/\/fotoklub-zamek.pl\/wp-content\/uploads\/2020\/11\/1-Regina-Nowotarska-180x180.jpg\" alt=\"\" width=\"167\" height=\"167\" srcset=\"https:\/\/fotoklub-zamek.pl\/wp-content\/uploads\/2020\/11\/1-Regina-Nowotarska-180x180.jpg 180w, https:\/\/fotoklub-zamek.pl\/wp-content\/uploads\/2020\/11\/1-Regina-Nowotarska-200x200.jpg 200w, https:\/\/fotoklub-zamek.pl\/wp-content\/uploads\/2020\/11\/1-Regina-Nowotarska.jpg 683w\" sizes=\"auto, (max-width: 167px) 100vw, 167px\" \/><\/a>&nbsp;&nbsp;&nbsp;&nbsp; <a href=\"http:\/\/fotoklub-zamek.pl\/wp-content\/uploads\/2020\/11\/2-Agnieszka-Popio\u0142ek.jpg\"><img loading=\"lazy\" decoding=\"async\" class=\"alignnone wp-image-1324\" src=\"http:\/\/fotoklub-zamek.pl\/wp-content\/uploads\/2020\/11\/2-Agnieszka-Popio\u0142ek-180x117.jpg\" alt=\"\" width=\"257\" height=\"167\" srcset=\"https:\/\/fotoklub-zamek.pl\/wp-content\/uploads\/2020\/11\/2-Agnieszka-Popio\u0142ek-180x117.jpg 180w, https:\/\/fotoklub-zamek.pl\/wp-content\/uploads\/2020\/11\/2-Agnieszka-Popio\u0142ek-768x498.jpg 768w, https:\/\/fotoklub-zamek.pl\/wp-content\/uploads\/2020\/11\/2-Agnieszka-Popio\u0142ek-1024x664.jpg 1024w, https:\/\/fotoklub-zamek.pl\/wp-content\/uploads\/2020\/11\/2-Agnieszka-Popio\u0142ek.jpg 1053w\" sizes=\"auto, (max-width: 257px) 100vw, 257px\" \/><\/a>&nbsp;&nbsp;&nbsp;&nbsp; <a href=\"http:\/\/fotoklub-zamek.pl\/wp-content\/uploads\/2020\/11\/3-Joanna-Lebioda.jpg\"><img loading=\"lazy\" decoding=\"async\" class=\"alignnone wp-image-1325\" src=\"http:\/\/fotoklub-zamek.pl\/wp-content\/uploads\/2020\/11\/3-Joanna-Lebioda-180x120.jpg\" alt=\"\" width=\"251\" height=\"167\" srcset=\"https:\/\/fotoklub-zamek.pl\/wp-content\/uploads\/2020\/11\/3-Joanna-Lebioda-180x120.jpg 180w, https:\/\/fotoklub-zamek.pl\/wp-content\/uploads\/2020\/11\/3-Joanna-Lebioda-768x512.jpg 768w, https:\/\/fotoklub-zamek.pl\/wp-content\/uploads\/2020\/11\/3-Joanna-Lebioda.jpg 1024w\" sizes=\"auto, (max-width: 251px) 100vw, 251px\" \/><\/a><\/p>\n<p class=\"moz-quote-pre\">&nbsp;&nbsp;&nbsp;&nbsp;&nbsp;&nbsp;&nbsp;&nbsp;&nbsp; Jak widzicie du\u017co zdj\u0119\u0107 wszystkim si\u0119 podoba\u0142o bo du\u017co zdj\u0119\u0107 otrzyma\u0142o punkty.<br \/>&nbsp;&nbsp;&nbsp;&nbsp; Gratuluj\u0119 Reni, Agnieszce i Joannie.<\/p>\n<p class=\"moz-quote-pre\">&nbsp;&nbsp;&nbsp;&nbsp; Konkurs osobi\u015bcie pozytywnie podsumowuj\u0119.<br \/>&nbsp;&nbsp;&nbsp;&nbsp; Dzi\u0119kuj\u0119 za aktywno\u015b\u0107 w g\u0142osowaniu.<br \/>&nbsp;&nbsp;&nbsp;&nbsp; Pozdrawiam Andrzej<\/p>\n<p>__________________________________________________________________________________________________________________________________________________________________________________<\/p>\n<p>29 wrze\u015bnia 2020<\/p>\n<h3>&nbsp;&nbsp;&nbsp; <span style=\"color: #ffff00;\">Konkurs miesi\u0105ca pt. &#8222;We mgle&#8221;&nbsp;&nbsp;<\/span><\/h3>\n<h4>__________________________________________________________________________<\/h4>\n<p class=\"moz-quote-pre\">&nbsp;&nbsp;&nbsp;&nbsp;&nbsp;&nbsp;&nbsp;&nbsp;&nbsp;&nbsp;&nbsp;&nbsp;&nbsp;&nbsp;&nbsp;&nbsp;&nbsp;&nbsp; Witajcie.<br \/>&nbsp;&nbsp;&nbsp;&nbsp;&nbsp;&nbsp;&nbsp; Po podliczeniu hybrydowego konkursu miesi\u0105ca :<\/p>\n<p>&nbsp;&nbsp;&nbsp;&nbsp;&nbsp; 1 &#8211; miejsce zaj\u0119\u0142a Jolanta Lalak otrzymuj\u0105c 12 pkt.<br \/>&nbsp;&nbsp;&nbsp;&nbsp;&nbsp; 2. &#8211; miejsce zaj\u0119\u0142a Danuta Borek otrzymuj\u0105c 11 pkt.<br \/>&nbsp;&nbsp;&nbsp;&nbsp;&nbsp; 3. &#8211; miejsce zaj\u0119\u0142a Regina Nowotarska otrzymuj\u0105c 10 pkt.<br \/>&nbsp;&nbsp;&nbsp;&nbsp;&nbsp;&nbsp;&nbsp;&nbsp;&nbsp;&nbsp;&nbsp;&nbsp;&nbsp; &#8211; wyr\u00f3\u017cnie\u0144 nie ma bo 4 miejsce dziel\u0105 dwa punkty od trzeciego miejsca. Gratuluj\u0119 zwyci\u0119zcom.<\/p>\n<p>&nbsp;&nbsp; &nbsp; &nbsp; &nbsp; &nbsp; &nbsp; &nbsp;&nbsp; <a href=\"http:\/\/fotoklub-zamek.pl\/wp-content\/uploads\/2020\/11\/1-sze-miejsce-Jolanta-Lalak.jpg\"><img loading=\"lazy\" decoding=\"async\" class=\"alignnone size-medium wp-image-1273\" src=\"http:\/\/fotoklub-zamek.pl\/wp-content\/uploads\/2020\/11\/1-sze-miejsce-Jolanta-Lalak-180x119.jpg\" alt=\"\" width=\"180\" height=\"119\" srcset=\"https:\/\/fotoklub-zamek.pl\/wp-content\/uploads\/2020\/11\/1-sze-miejsce-Jolanta-Lalak-180x119.jpg 180w, https:\/\/fotoklub-zamek.pl\/wp-content\/uploads\/2020\/11\/1-sze-miejsce-Jolanta-Lalak-768x509.jpg 768w, https:\/\/fotoklub-zamek.pl\/wp-content\/uploads\/2020\/11\/1-sze-miejsce-Jolanta-Lalak-1024x678.jpg 1024w, https:\/\/fotoklub-zamek.pl\/wp-content\/uploads\/2020\/11\/1-sze-miejsce-Jolanta-Lalak.jpg 1200w\" sizes=\"auto, (max-width: 180px) 100vw, 180px\" \/>&nbsp;&nbsp; &nbsp; &nbsp; &nbsp;<\/a> <a href=\"http:\/\/fotoklub-zamek.pl\/wp-content\/uploads\/2020\/11\/2-miejsce-Danuta-Borek.jpg\"><img loading=\"lazy\" decoding=\"async\" class=\"alignnone size-medium wp-image-1274\" src=\"http:\/\/fotoklub-zamek.pl\/wp-content\/uploads\/2020\/11\/2-miejsce-Danuta-Borek-180x120.jpg\" alt=\"\" width=\"180\" height=\"120\" srcset=\"https:\/\/fotoklub-zamek.pl\/wp-content\/uploads\/2020\/11\/2-miejsce-Danuta-Borek-180x120.jpg 180w, https:\/\/fotoklub-zamek.pl\/wp-content\/uploads\/2020\/11\/2-miejsce-Danuta-Borek-768x512.jpg 768w, https:\/\/fotoklub-zamek.pl\/wp-content\/uploads\/2020\/11\/2-miejsce-Danuta-Borek-1024x683.jpg 1024w, https:\/\/fotoklub-zamek.pl\/wp-content\/uploads\/2020\/11\/2-miejsce-Danuta-Borek.jpg 1200w\" sizes=\"auto, (max-width: 180px) 100vw, 180px\" \/><\/a> &nbsp; &nbsp; &nbsp; &nbsp; <a href=\"http:\/\/fotoklub-zamek.pl\/wp-content\/uploads\/2020\/11\/3-miejsce-Regina-Nowotarska.jpg\"><img loading=\"lazy\" decoding=\"async\" class=\"alignnone size-medium wp-image-1275\" src=\"http:\/\/fotoklub-zamek.pl\/wp-content\/uploads\/2020\/11\/3-miejsce-Regina-Nowotarska-180x120.jpg\" alt=\"\" width=\"180\" height=\"120\" srcset=\"https:\/\/fotoklub-zamek.pl\/wp-content\/uploads\/2020\/11\/3-miejsce-Regina-Nowotarska-180x120.jpg 180w, https:\/\/fotoklub-zamek.pl\/wp-content\/uploads\/2020\/11\/3-miejsce-Regina-Nowotarska-768x512.jpg 768w, https:\/\/fotoklub-zamek.pl\/wp-content\/uploads\/2020\/11\/3-miejsce-Regina-Nowotarska-1024x683.jpg 1024w, https:\/\/fotoklub-zamek.pl\/wp-content\/uploads\/2020\/11\/3-miejsce-Regina-Nowotarska.jpg 1200w\" sizes=\"auto, (max-width: 180px) 100vw, 180px\" \/><\/a><\/p>\n<p>_______________________________________________________________________________________________________________<\/p>\n<p>31 maja 2020<\/p>\n<h3>&nbsp;&nbsp;&nbsp; <span style=\"color: #ffff00;\">Konkurs miesi\u0105ca pt. &#8222;Na parapecie&#8221;<\/span>&nbsp;&nbsp;<\/h3>\n<h4>__________________________________________________________________________<\/h4>\n<p>&nbsp;&nbsp;&nbsp;&nbsp; Z uwagi na pandemi\u0119, fotoklubowicze nie mog\u0105 jeszcze spotyka\u0107 si\u0119 w murach Zamku Szczeci\u0144skiego.<br \/>Jednak dzia\u0142alno\u015b\u0107 klubowa nie ustaje &#8211; fotografujemy dalej.<br \/>St\u0105d pomys\u0142 na przeprowadzenie tradycyjnego konkursu miesi\u0105ca &#8211; online.<br \/>Regina Nowotarska zaproponowa\u0142a zmian\u0119 tematu konkursu na tak\u0105, kt\u00f3ra pozwoli\u0142aby wykona\u0107 zdj\u0119cia bez wychodzenia z domu.<br \/>Krzysztof Lachowicz zaproponowa\u0142 wi\u0119c temat : &#8222;Na parapecie&#8221;<br \/>Ide\u0105 by\u0142o to by wykona\u0107 zdj\u0119cia w najlepiej o\u015bwietlonym miejscu mieszkania i by nie trzeba by\u0142o dokonywa\u0107 specjalnych aran\u017cacji na t\u0119 chwil\u0119.<br \/>Zdj\u0119cia kt\u00f3re powsta\u0142y w cz\u0119\u015bci zosta\u0142y dokonane rzeczywi\u015bcie na parapecie &#8211; cz\u0119\u015b\u0107 autor\u00f3w podesz\u0142a do tematu bardziej swobodnie.<br \/>Na konkurs nap\u0142yn\u0119\u0142o 18 prac.<\/p>\n<p class=\"moz-quote-pre\">Po podliczeniu wszystkich g\u0142os\u00f3w, kt\u00f3re odda\u0142o 13 os\u00f3b &#8211; Andrzej Krupi\u0144ski og\u0142osi\u0142 wyniki:<\/p>\n<p>1 miejsce zdj\u0119cie nr 1 Moniki Mazurek otrzyma\u0142o 10 punkt\u00f3w<br \/>1 miejsce zdj\u0119cie nr 7 Marka Bogdzi\u0144skiego otrzyma\u0142o 10 punkt\u00f3w<br \/>2 miejsce zdj\u0119cie nr 13 Wojciecha Szlachcikowskiego otrzyma\u0142o 8 punkt\u00f3w<br \/>3 miejsce zdj\u0119cie nr 6 Marka Bogdzi\u0144skiego otrzyma\u0142o 7 punkt\u00f3w<br \/>3 miejsce zdj\u0119cie nr 11 Wojciecha Szlachcikowskiego otrzyma\u0142o 7 punkt\u00f3w.<\/p>\n<p>Gratulujemy zwyci\u0119zcom.<\/p>\n<p><a href=\"http:\/\/fotoklub-zamek.pl\/wp-content\/uploads\/2018\/03\/1-Monika.jpg\"><img loading=\"lazy\" decoding=\"async\" class=\"alignnone size-medium wp-image-1222\" src=\"http:\/\/fotoklub-zamek.pl\/wp-content\/uploads\/2018\/03\/1-Monika-120x180.jpg\" alt=\"\" width=\"120\" height=\"180\" srcset=\"https:\/\/fotoklub-zamek.pl\/wp-content\/uploads\/2018\/03\/1-Monika-120x180.jpg 120w, https:\/\/fotoklub-zamek.pl\/wp-content\/uploads\/2018\/03\/1-Monika-768x1153.jpg 768w, https:\/\/fotoklub-zamek.pl\/wp-content\/uploads\/2018\/03\/1-Monika-682x1024.jpg 682w, https:\/\/fotoklub-zamek.pl\/wp-content\/uploads\/2018\/03\/1-Monika.jpg 799w\" sizes=\"auto, (max-width: 120px) 100vw, 120px\" \/><\/a>&nbsp;&nbsp; 1m. Monika Mazurek&nbsp; <a href=\"http:\/\/fotoklub-zamek.pl\/wp-content\/uploads\/2018\/03\/7-Marek.jpg\"><img loading=\"lazy\" decoding=\"async\" class=\"alignnone size-medium wp-image-1228\" src=\"http:\/\/fotoklub-zamek.pl\/wp-content\/uploads\/2018\/03\/7-Marek-180x120.jpg\" alt=\"\" width=\"180\" height=\"120\" srcset=\"https:\/\/fotoklub-zamek.pl\/wp-content\/uploads\/2018\/03\/7-Marek-180x120.jpg 180w, https:\/\/fotoklub-zamek.pl\/wp-content\/uploads\/2018\/03\/7-Marek-768x512.jpg 768w, https:\/\/fotoklub-zamek.pl\/wp-content\/uploads\/2018\/03\/7-Marek-1024x682.jpg 1024w, https:\/\/fotoklub-zamek.pl\/wp-content\/uploads\/2018\/03\/7-Marek.jpg 1559w\" sizes=\"auto, (max-width: 180px) 100vw, 180px\" \/><\/a>&nbsp; 1m. Marek Bogdzi\u0144ski<\/p>\n<p><a href=\"http:\/\/fotoklub-zamek.pl\/wp-content\/uploads\/2018\/03\/13-Wojciech.jpg\"><img loading=\"lazy\" decoding=\"async\" class=\"alignnone size-medium wp-image-1234\" src=\"http:\/\/fotoklub-zamek.pl\/wp-content\/uploads\/2018\/03\/13-Wojciech-125x180.jpg\" alt=\"\" width=\"125\" height=\"180\" srcset=\"https:\/\/fotoklub-zamek.pl\/wp-content\/uploads\/2018\/03\/13-Wojciech-125x180.jpg 125w, https:\/\/fotoklub-zamek.pl\/wp-content\/uploads\/2018\/03\/13-Wojciech-768x1108.jpg 768w, https:\/\/fotoklub-zamek.pl\/wp-content\/uploads\/2018\/03\/13-Wojciech-710x1024.jpg 710w, https:\/\/fotoklub-zamek.pl\/wp-content\/uploads\/2018\/03\/13-Wojciech.jpg 832w\" sizes=\"auto, (max-width: 125px) 100vw, 125px\" \/><\/a>&nbsp; 2m. Wojciech Szlachcikowski&nbsp; <a href=\"http:\/\/fotoklub-zamek.pl\/wp-content\/uploads\/2018\/03\/6-Marek.jpg\"><img loading=\"lazy\" decoding=\"async\" class=\"alignnone size-medium wp-image-1227\" src=\"http:\/\/fotoklub-zamek.pl\/wp-content\/uploads\/2018\/03\/6-Marek-180x180.jpg\" alt=\"\" width=\"180\" height=\"180\" srcset=\"https:\/\/fotoklub-zamek.pl\/wp-content\/uploads\/2018\/03\/6-Marek-180x180.jpg 180w, https:\/\/fotoklub-zamek.pl\/wp-content\/uploads\/2018\/03\/6-Marek-200x200.jpg 200w, https:\/\/fotoklub-zamek.pl\/wp-content\/uploads\/2018\/03\/6-Marek-768x763.jpg 768w, https:\/\/fotoklub-zamek.pl\/wp-content\/uploads\/2018\/03\/6-Marek-1024x1017.jpg 1024w, https:\/\/fotoklub-zamek.pl\/wp-content\/uploads\/2018\/03\/6-Marek.jpg 1417w\" sizes=\"auto, (max-width: 180px) 100vw, 180px\" \/><\/a>&nbsp; 3m. Marek Bogdzi\u0144ski<\/p>\n<p><a href=\"http:\/\/fotoklub-zamek.pl\/wp-content\/uploads\/2018\/03\/11-Wojciech.jpg\"><img loading=\"lazy\" decoding=\"async\" class=\"alignnone size-medium wp-image-1232\" src=\"http:\/\/fotoklub-zamek.pl\/wp-content\/uploads\/2018\/03\/11-Wojciech-180x124.jpg\" alt=\"\" width=\"180\" height=\"124\" srcset=\"https:\/\/fotoklub-zamek.pl\/wp-content\/uploads\/2018\/03\/11-Wojciech-180x124.jpg 180w, https:\/\/fotoklub-zamek.pl\/wp-content\/uploads\/2018\/03\/11-Wojciech-768x528.jpg 768w, https:\/\/fotoklub-zamek.pl\/wp-content\/uploads\/2018\/03\/11-Wojciech-1024x704.jpg 1024w, https:\/\/fotoklub-zamek.pl\/wp-content\/uploads\/2018\/03\/11-Wojciech.jpg 1200w\" sizes=\"auto, (max-width: 180px) 100vw, 180px\" \/><\/a>&nbsp; 3m. Wojciech Szlachcikowski<\/p>\n<p>_______________________________________________________________________________________________________________<\/p>\n<p>5 marca 2020<\/p>\n<h3>&nbsp;&nbsp;&nbsp; <span style=\"color: #ffff00;\">Konkurs miesi\u0105ca pt. &#8222;Wyrazisty kolor&#8221;<\/span><\/h3>\n<p>_______________________________________________________________________________________________________________<\/p>\n<div class=\"moz-text-plain\" lang=\"x-unicode\">\n<p class=\"moz-quote-pre\">Dzisiejszego popo\u0142udnia rozstrzygn\u0119li\u015bmy kolejny konkurs miesi\u0105ca pt. &#8222;Wyrazisty kolor&#8221;.<br \/>Po g\u0142osowaniu, wy\u0142onili\u015bmy czworo autor\u00f3w, kt\u00f3rzy zaj\u0119li pierwsze miejsca.<br \/>Zdarzy\u0142o si\u0119 po raz pierwszy w historii rozstrzygania konkurs\u00f3w aby czworo autor\u00f3w otrzyma\u0142o<br \/>tyle samo punkt\u00f3w.<br \/>Poniewa\u017c g\u0142osowali\u015bmy wszyscy, ostateczny werdykt jest niepodwa\u017calny.<br \/>Po konkursie w burzliwej a weso\u0142ej dyskusji om\u00f3wili\u015bmy pozosta\u0142e zdj\u0119cia.<br \/>Laureaci (wg. numer\u00f3w zg\u0142oszonych do konkursu zdj\u0119\u0107):<\/p>\n<p>1a- miejsce Joanna Lebioda<br \/>1b- miejsce Agnieszka Janucka- Popio\u0142ek<br \/>1c- miejsce Krzysztof Lachowicz<br \/>1d- miejsce Regina Nowotarska<br \/>2- miejsce Marek Bogdzi\u0144ski<br \/>3- miejsce Monika Mazurek<\/p>\n<p><a href=\"http:\/\/fotoklub-zamek.pl\/wp-content\/uploads\/2018\/03\/1-miejsce-Joanna-Lebioda.jpg\">&nbsp; &nbsp; &nbsp;&nbsp;&nbsp; <img loading=\"lazy\" decoding=\"async\" class=\"alignnone size-medium wp-image-1017\" src=\"http:\/\/fotoklub-zamek.pl\/wp-content\/uploads\/2018\/03\/1-miejsce-Joanna-Lebioda-180x120.jpg\" alt=\"\" width=\"180\" height=\"120\" srcset=\"https:\/\/fotoklub-zamek.pl\/wp-content\/uploads\/2018\/03\/1-miejsce-Joanna-Lebioda-180x120.jpg 180w, https:\/\/fotoklub-zamek.pl\/wp-content\/uploads\/2018\/03\/1-miejsce-Joanna-Lebioda-768x512.jpg 768w, https:\/\/fotoklub-zamek.pl\/wp-content\/uploads\/2018\/03\/1-miejsce-Joanna-Lebioda-1024x683.jpg 1024w, https:\/\/fotoklub-zamek.pl\/wp-content\/uploads\/2018\/03\/1-miejsce-Joanna-Lebioda.jpg 1050w\" sizes=\"auto, (max-width: 180px) 100vw, 180px\" \/><\/a> 1a &nbsp;&nbsp; &nbsp;<a href=\"http:\/\/fotoklub-zamek.pl\/wp-content\/uploads\/2018\/03\/1-miejsce-Agnieszka-Janucka-Popio\u0142ek.jpg\"><img loading=\"lazy\" decoding=\"async\" class=\"alignnone size-medium wp-image-1020\" src=\"http:\/\/fotoklub-zamek.pl\/wp-content\/uploads\/2018\/03\/1-miejsce-Agnieszka-Janucka-Popio\u0142ek-180x176.jpg\" alt=\"\" width=\"180\" height=\"176\" srcset=\"https:\/\/fotoklub-zamek.pl\/wp-content\/uploads\/2018\/03\/1-miejsce-Agnieszka-Janucka-Popio\u0142ek-180x176.jpg 180w, https:\/\/fotoklub-zamek.pl\/wp-content\/uploads\/2018\/03\/1-miejsce-Agnieszka-Janucka-Popio\u0142ek.jpg 716w\" sizes=\"auto, (max-width: 180px) 100vw, 180px\" \/><\/a> 1b&nbsp; &nbsp; &nbsp; <a href=\"http:\/\/fotoklub-zamek.pl\/wp-content\/uploads\/2018\/03\/1-miejsce-Krzysztof-Lachowicz.jpg\"><img loading=\"lazy\" decoding=\"async\" class=\"alignnone size-medium wp-image-1018\" src=\"http:\/\/fotoklub-zamek.pl\/wp-content\/uploads\/2018\/03\/1-miejsce-Krzysztof-Lachowicz-180x120.jpg\" alt=\"\" width=\"180\" height=\"120\" srcset=\"https:\/\/fotoklub-zamek.pl\/wp-content\/uploads\/2018\/03\/1-miejsce-Krzysztof-Lachowicz-180x120.jpg 180w, https:\/\/fotoklub-zamek.pl\/wp-content\/uploads\/2018\/03\/1-miejsce-Krzysztof-Lachowicz-768x512.jpg 768w, https:\/\/fotoklub-zamek.pl\/wp-content\/uploads\/2018\/03\/1-miejsce-Krzysztof-Lachowicz-1024x683.jpg 1024w, https:\/\/fotoklub-zamek.pl\/wp-content\/uploads\/2018\/03\/1-miejsce-Krzysztof-Lachowicz.jpg 1049w\" sizes=\"auto, (max-width: 180px) 100vw, 180px\" \/><\/a> 1c<\/p>\n<p>&nbsp; &nbsp; &nbsp; &nbsp; <a href=\"http:\/\/fotoklub-zamek.pl\/wp-content\/uploads\/2018\/03\/1-miejsce-Regina-Nowotarska.jpg\"><img loading=\"lazy\" decoding=\"async\" class=\"alignnone size-medium wp-image-1019\" src=\"http:\/\/fotoklub-zamek.pl\/wp-content\/uploads\/2018\/03\/1-miejsce-Regina-Nowotarska-180x120.jpg\" alt=\"\" width=\"180\" height=\"120\" srcset=\"https:\/\/fotoklub-zamek.pl\/wp-content\/uploads\/2018\/03\/1-miejsce-Regina-Nowotarska-180x120.jpg 180w, https:\/\/fotoklub-zamek.pl\/wp-content\/uploads\/2018\/03\/1-miejsce-Regina-Nowotarska-768x512.jpg 768w, https:\/\/fotoklub-zamek.pl\/wp-content\/uploads\/2018\/03\/1-miejsce-Regina-Nowotarska-1024x683.jpg 1024w, https:\/\/fotoklub-zamek.pl\/wp-content\/uploads\/2018\/03\/1-miejsce-Regina-Nowotarska.jpg 1050w\" sizes=\"auto, (max-width: 180px) 100vw, 180px\" \/><\/a> 1d &nbsp; &nbsp; <a href=\"http:\/\/fotoklub-zamek.pl\/wp-content\/uploads\/2018\/03\/2-miejsce-Marek-Bogdzi\u0144ski.jpg\"><img loading=\"lazy\" decoding=\"async\" class=\"alignnone size-medium wp-image-1021\" src=\"http:\/\/fotoklub-zamek.pl\/wp-content\/uploads\/2018\/03\/2-miejsce-Marek-Bogdzi\u0144ski-180x120.jpg\" alt=\"\" width=\"180\" height=\"120\" srcset=\"https:\/\/fotoklub-zamek.pl\/wp-content\/uploads\/2018\/03\/2-miejsce-Marek-Bogdzi\u0144ski-180x120.jpg 180w, https:\/\/fotoklub-zamek.pl\/wp-content\/uploads\/2018\/03\/2-miejsce-Marek-Bogdzi\u0144ski-768x512.jpg 768w, https:\/\/fotoklub-zamek.pl\/wp-content\/uploads\/2018\/03\/2-miejsce-Marek-Bogdzi\u0144ski-1024x683.jpg 1024w, https:\/\/fotoklub-zamek.pl\/wp-content\/uploads\/2018\/03\/2-miejsce-Marek-Bogdzi\u0144ski.jpg 1050w\" sizes=\"auto, (max-width: 180px) 100vw, 180px\" \/><\/a> 2&nbsp; &nbsp; &nbsp; &nbsp; <a href=\"http:\/\/fotoklub-zamek.pl\/wp-content\/uploads\/2018\/03\/3-miejsce-Monika-Mazurek.jpg\"><img loading=\"lazy\" decoding=\"async\" class=\"alignnone size-medium wp-image-1022\" src=\"http:\/\/fotoklub-zamek.pl\/wp-content\/uploads\/2018\/03\/3-miejsce-Monika-Mazurek-120x180.jpg\" alt=\"\" width=\"120\" height=\"180\" srcset=\"https:\/\/fotoklub-zamek.pl\/wp-content\/uploads\/2018\/03\/3-miejsce-Monika-Mazurek-120x180.jpg 120w, https:\/\/fotoklub-zamek.pl\/wp-content\/uploads\/2018\/03\/3-miejsce-Monika-Mazurek.jpg 468w\" sizes=\"auto, (max-width: 120px) 100vw, 120px\" \/><\/a> 3<\/p>\n<p>Laureatom gratuluj\u0119 a wszystkim bior\u0105cym udzia\u0142 w konkursie dzi\u0119kuj\u0119 za udzia\u0142.<\/p>\n<\/div>\n<p>_______________________________________________________________________________________________________________<\/p>\n<p>07 listopada 2019<\/p>\n<h3>&nbsp;&nbsp;&nbsp; <span style=\"color: #ffff00;\">Konkurs miesi\u0105ca pt. &#8222;Perspektywa&#8221;<\/span><\/h3>\n<p>_________________________________________________________________________________________________________<\/p>\n<div class=\"moz-text-plain\" lang=\"x-unicode\">\n<p class=\"moz-quote-pre\">&nbsp; Na dzisiejszym spotkaniu, po obejrzeniu ciekawej prezentacji o malarstwie przygotowanej<br \/>przez Krzysztofa Lachowicza &#8211; rozstrzygn\u0119li\u015bmy kolejny konkurs miesi\u0105ca pt. Perspektywa.<br \/>Wg internetowych encyklopedii definicja perspektywy sprowadza si\u0119 do architektury.<br \/>Ale czy tylko&#8230;..czy ka\u017cdy z nas nie ma w \u017cyciu r\u00f3\u017cnych perspektyw ?<br \/>Jak do tematu podeszli Klubowicze pokaza\u0142y prace przedstawione do konkursu.<br \/>&nbsp;&nbsp;&nbsp;&nbsp;&nbsp;&nbsp;&nbsp;&nbsp; Spo\u015br\u00f3d 68 zdj\u0119\u0107 wy\u0142onili\u015bmy zwyci\u0119zc\u00f3w:<\/p>\n<p>&nbsp;&nbsp;&nbsp;&nbsp; &nbsp; &nbsp; &nbsp; &nbsp; 1 &#8211; m. &nbsp; Regina Nowotarska<br \/>&nbsp;&nbsp;&nbsp;&nbsp; &nbsp; &nbsp; &nbsp; &nbsp; 2 &#8211; m. &nbsp; Agnieszka Popio\u0142ek<br \/>&nbsp;&nbsp;&nbsp; &nbsp; &nbsp; &nbsp; &nbsp;&nbsp; 3 &#8211; m. &nbsp; cztery prace trzech autor\u00f3w:<br \/>&nbsp;&nbsp;&nbsp;&nbsp;&nbsp;&nbsp;&nbsp;&nbsp;&nbsp;&nbsp;&nbsp;&nbsp;&nbsp;&nbsp;&nbsp;&nbsp;&nbsp;&nbsp;&nbsp;&nbsp;&nbsp;&nbsp;&nbsp;&nbsp;&nbsp;&nbsp;&nbsp;&nbsp;&nbsp;&nbsp;&nbsp;&nbsp;&nbsp;&nbsp;&nbsp;&nbsp;&nbsp;&nbsp;&nbsp;&nbsp;&nbsp;&nbsp;&nbsp;&nbsp;&nbsp;&nbsp;&nbsp;&nbsp;&nbsp;&nbsp;&nbsp;&nbsp;&nbsp; &nbsp; &nbsp; &nbsp; &nbsp; &nbsp; &nbsp; Krzysztof Lachowicz, Monika Mazurek, Andrzej Krupi\u0144ski.<br \/>&nbsp;&nbsp;&nbsp;&nbsp;&nbsp;&nbsp;&nbsp;&nbsp;&nbsp;&nbsp;&nbsp;&nbsp;&nbsp;&nbsp; nagrodzonym Gratuluj\u0119&#8230;<\/p>\n<\/div>\n<div class=\"moz-text-html\" lang=\"x-unicode\">\n<div>&nbsp;<\/div>\n<div>\n<p>&nbsp;&nbsp;&nbsp; &nbsp; &nbsp; &nbsp;&nbsp; <a href=\"http:\/\/fotoklub-zamek.pl\/wp-content\/uploads\/2018\/03\/1-m-Regina-Nowotarska.jpg\"><img loading=\"lazy\" decoding=\"async\" class=\"alignnone size-medium wp-image-949\" src=\"http:\/\/fotoklub-zamek.pl\/wp-content\/uploads\/2018\/03\/1-m-Regina-Nowotarska-180x120.jpg\" alt=\"\" width=\"180\" height=\"120\" srcset=\"https:\/\/fotoklub-zamek.pl\/wp-content\/uploads\/2018\/03\/1-m-Regina-Nowotarska-180x120.jpg 180w, https:\/\/fotoklub-zamek.pl\/wp-content\/uploads\/2018\/03\/1-m-Regina-Nowotarska-768x512.jpg 768w, https:\/\/fotoklub-zamek.pl\/wp-content\/uploads\/2018\/03\/1-m-Regina-Nowotarska-1024x683.jpg 1024w, https:\/\/fotoklub-zamek.pl\/wp-content\/uploads\/2018\/03\/1-m-Regina-Nowotarska.jpg 1920w\" sizes=\"auto, (max-width: 180px) 100vw, 180px\" \/><\/a> &nbsp; &nbsp;&nbsp; &nbsp; &nbsp; &nbsp;&nbsp; &nbsp; &nbsp; <a href=\"http:\/\/fotoklub-zamek.pl\/wp-content\/uploads\/2018\/03\/2-m-Agnieszka-Popio\u0142ek.jpg\"><img loading=\"lazy\" decoding=\"async\" class=\"alignnone size-medium wp-image-950\" src=\"http:\/\/fotoklub-zamek.pl\/wp-content\/uploads\/2018\/03\/2-m-Agnieszka-Popio\u0142ek-124x180.jpg\" alt=\"\" width=\"124\" height=\"180\" srcset=\"https:\/\/fotoklub-zamek.pl\/wp-content\/uploads\/2018\/03\/2-m-Agnieszka-Popio\u0142ek-124x180.jpg 124w, https:\/\/fotoklub-zamek.pl\/wp-content\/uploads\/2018\/03\/2-m-Agnieszka-Popio\u0142ek.jpg 529w\" sizes=\"auto, (max-width: 124px) 100vw, 124px\" \/><\/a> &nbsp;&nbsp; &nbsp; &nbsp; &nbsp; &nbsp; &nbsp; &nbsp;&nbsp; <a href=\"http:\/\/fotoklub-zamek.pl\/wp-content\/uploads\/2018\/03\/3-m-Krzysztof-Lachowicz.jpg\"><img loading=\"lazy\" decoding=\"async\" class=\"alignnone size-medium wp-image-951\" src=\"http:\/\/fotoklub-zamek.pl\/wp-content\/uploads\/2018\/03\/3-m-Krzysztof-Lachowicz-180x120.jpg\" alt=\"\" width=\"180\" height=\"120\" srcset=\"https:\/\/fotoklub-zamek.pl\/wp-content\/uploads\/2018\/03\/3-m-Krzysztof-Lachowicz-180x120.jpg 180w, https:\/\/fotoklub-zamek.pl\/wp-content\/uploads\/2018\/03\/3-m-Krzysztof-Lachowicz-768x512.jpg 768w, https:\/\/fotoklub-zamek.pl\/wp-content\/uploads\/2018\/03\/3-m-Krzysztof-Lachowicz.jpg 1024w\" sizes=\"auto, (max-width: 180px) 100vw, 180px\" \/><\/a>&nbsp;&nbsp;<br \/>&nbsp;&nbsp;&nbsp;&nbsp;&nbsp; &nbsp;&nbsp; 1 m. fot. Regina Nowotarska &nbsp;&nbsp;&nbsp;&nbsp;&nbsp;&nbsp;&nbsp;&nbsp;&nbsp; 2 m. fot. Agnieszka Popio\u0142ek &nbsp;&nbsp;&nbsp;&nbsp; 3 m. fot. Krzysztof Lachowicz<br \/>&nbsp; &nbsp;<\/p>\n<p>&nbsp; &nbsp; &nbsp;&nbsp;&nbsp;&nbsp;&nbsp;&nbsp; <a href=\"http:\/\/fotoklub-zamek.pl\/wp-content\/uploads\/2018\/03\/3-m-Monika-Mazurek.jpg\"><img loading=\"lazy\" decoding=\"async\" class=\"alignnone size-medium wp-image-954\" src=\"http:\/\/fotoklub-zamek.pl\/wp-content\/uploads\/2018\/03\/3-m-Monika-Mazurek-180x128.jpg\" alt=\"\" width=\"180\" height=\"128\" srcset=\"https:\/\/fotoklub-zamek.pl\/wp-content\/uploads\/2018\/03\/3-m-Monika-Mazurek-180x128.jpg 180w, https:\/\/fotoklub-zamek.pl\/wp-content\/uploads\/2018\/03\/3-m-Monika-Mazurek-768x548.jpg 768w, https:\/\/fotoklub-zamek.pl\/wp-content\/uploads\/2018\/03\/3-m-Monika-Mazurek.jpg 1024w\" sizes=\"auto, (max-width: 180px) 100vw, 180px\" \/><\/a>&nbsp;&nbsp; &nbsp; &nbsp;&nbsp;&nbsp; &nbsp; <a href=\"http:\/\/fotoklub-zamek.pl\/wp-content\/uploads\/2018\/03\/3-m-Andrzej-Krupi\u0144ski.jpg\"><img loading=\"lazy\" decoding=\"async\" class=\"alignnone size-medium wp-image-952\" src=\"http:\/\/fotoklub-zamek.pl\/wp-content\/uploads\/2018\/03\/3-m-Andrzej-Krupi\u0144ski-180x120.jpg\" alt=\"\" width=\"180\" height=\"120\" srcset=\"https:\/\/fotoklub-zamek.pl\/wp-content\/uploads\/2018\/03\/3-m-Andrzej-Krupi\u0144ski-180x120.jpg 180w, https:\/\/fotoklub-zamek.pl\/wp-content\/uploads\/2018\/03\/3-m-Andrzej-Krupi\u0144ski-768x512.jpg 768w, https:\/\/fotoklub-zamek.pl\/wp-content\/uploads\/2018\/03\/3-m-Andrzej-Krupi\u0144ski.jpg 1024w\" sizes=\"auto, (max-width: 180px) 100vw, 180px\" \/><\/a>&nbsp;&nbsp;&nbsp; &nbsp;&nbsp; &nbsp;&nbsp; <a href=\"http:\/\/fotoklub-zamek.pl\/wp-content\/uploads\/2018\/03\/3-m-Krzysztof-Lachowicz-1.jpg\"><img loading=\"lazy\" decoding=\"async\" class=\"alignnone size-medium wp-image-953\" src=\"http:\/\/fotoklub-zamek.pl\/wp-content\/uploads\/2018\/03\/3-m-Krzysztof-Lachowicz-1-180x120.jpg\" alt=\"\" width=\"180\" height=\"120\" srcset=\"https:\/\/fotoklub-zamek.pl\/wp-content\/uploads\/2018\/03\/3-m-Krzysztof-Lachowicz-1-180x120.jpg 180w, https:\/\/fotoklub-zamek.pl\/wp-content\/uploads\/2018\/03\/3-m-Krzysztof-Lachowicz-1-768x512.jpg 768w, https:\/\/fotoklub-zamek.pl\/wp-content\/uploads\/2018\/03\/3-m-Krzysztof-Lachowicz-1-1024x683.jpg 1024w, https:\/\/fotoklub-zamek.pl\/wp-content\/uploads\/2018\/03\/3-m-Krzysztof-Lachowicz-1.jpg 1920w\" sizes=\"auto, (max-width: 180px) 100vw, 180px\" \/><\/a><br \/>&nbsp; &nbsp; &nbsp; &nbsp; &nbsp;&nbsp;&nbsp; 3 m. fot. Monika Mazurek&nbsp; &nbsp; &nbsp; &nbsp; &nbsp;&nbsp; &nbsp; 3 m. fot. Andrzej Krupi\u0144ski&nbsp;&nbsp;&nbsp;&nbsp;&nbsp;&nbsp;&nbsp;&nbsp;&nbsp; 3 m. fot. Krzysztof Lachowicz<\/p>\n<\/div>\n<\/div>\n<p>26 wrze\u015bnia 2019<\/p>\n<h3>&nbsp;&nbsp;&nbsp;<span style=\"color: #ffff00;\"> Konkurs miesi\u0105ca pt. &#8222;Opuszczone miejsca&#8221;<\/span><\/h3>\n<p>_________________________________________________________________________________________________________<\/p>\n<div class=\"moz-text-html\" lang=\"x-unicode\">\n<div>\n<p>W czwartek 26 wrze\u015bnia (spotkania klubowe odbywaj\u0105 si\u0119 teraz nie w \u015brody tylko w czwartki) rozstrzygn\u0119li\u015bmy kolejny konkurs miesi\u0105ca pt. Opuszczone miejsca.<\/p>\n<p>Rozstrzygni\u0119cie konkursu poprzedzi\u0142a burzliwa dyskusja nad interpretacj\u0105 tematu konkursu przez wszystkich bior\u0105cych w nim udzia\u0142.<br \/>Dla jednych jest to miejsce w kt\u00f3rym wida\u0107 \u015blady obecno\u015bci w bli\u017cszej czy dalszej przesz\u0142o\u015bci ludzi, a dla innych opuszczone miejsce to puste krzes\u0142o przy kawiarnianym stoliku.<br \/>Okaza\u0142o si\u0119, \u017ce te zdj\u0119cia wywo\u0142a\u0142y prawdziw\u0105 &#8222;burz\u0119 m\u00f3zg\u00f3w&#8221; w\u015br\u00f3d Klubowicz\u00f3w.<br \/>Konkurs rozstrzygn\u0119li\u015bmy g\u0142osowaniem.<\/p>\n<\/div>\n<div>&nbsp;&nbsp;&nbsp;&nbsp;&nbsp;&nbsp;&nbsp;&nbsp;&nbsp;&nbsp;&nbsp;&nbsp;&nbsp;&nbsp;&nbsp;&nbsp;&nbsp;&nbsp;&nbsp;&nbsp; 1- miejsce zaj\u0105\u0142 Grzegorz Miko\u0142ajczyk<br \/>&nbsp;&nbsp;&nbsp;&nbsp;&nbsp;&nbsp;&nbsp;&nbsp;&nbsp;&nbsp;&nbsp;&nbsp;&nbsp;&nbsp;&nbsp;&nbsp;&nbsp;&nbsp;&nbsp;&nbsp; 2- miejsce zaj\u0119\u0142a Regina Nowotarska<br \/>&nbsp;&nbsp;&nbsp;&nbsp;&nbsp;&nbsp;&nbsp;&nbsp;&nbsp;&nbsp;&nbsp;&nbsp;&nbsp;&nbsp;&nbsp;&nbsp;&nbsp;&nbsp;&nbsp;&nbsp; 3- miejsce zaj\u0105\u0142 Krzysztof Lachowicz.Przyznali\u015bmy tak\u017ce dwa wyr\u00f3\u017cnienia, kt\u00f3re otrzymali: Regina Nowotarska i Krzysztof Lachowicz<br \/>Laureatom gratulujemy&#8230;&nbsp;&nbsp;<br \/>&nbsp;<br \/>&nbsp;&nbsp; &nbsp;<a href=\"http:\/\/fotoklub-zamek.pl\/wp-content\/uploads\/2018\/03\/1-miejsce-Grzegorz-Miko\u0142ajczyk-\u2014-1.jpg\"><img loading=\"lazy\" decoding=\"async\" class=\"alignnone size-medium wp-image-922\" src=\"http:\/\/fotoklub-zamek.pl\/wp-content\/uploads\/2018\/03\/1-miejsce-Grzegorz-Miko\u0142ajczyk-\u2014-1-180x120.jpg\" alt=\"\" width=\"180\" height=\"120\" srcset=\"https:\/\/fotoklub-zamek.pl\/wp-content\/uploads\/2018\/03\/1-miejsce-Grzegorz-Miko\u0142ajczyk-\u2014-1-180x120.jpg 180w, https:\/\/fotoklub-zamek.pl\/wp-content\/uploads\/2018\/03\/1-miejsce-Grzegorz-Miko\u0142ajczyk-\u2014-1-768x512.jpg 768w, https:\/\/fotoklub-zamek.pl\/wp-content\/uploads\/2018\/03\/1-miejsce-Grzegorz-Miko\u0142ajczyk-\u2014-1-1024x683.jpg 1024w, https:\/\/fotoklub-zamek.pl\/wp-content\/uploads\/2018\/03\/1-miejsce-Grzegorz-Miko\u0142ajczyk-\u2014-1.jpg 1920w\" sizes=\"auto, (max-width: 180px) 100vw, 180px\" \/><\/a> &nbsp; &nbsp;&nbsp; &nbsp; &nbsp; <a href=\"http:\/\/fotoklub-zamek.pl\/wp-content\/uploads\/2018\/03\/2-miejsce-Regina-Nowotarska-\u2014-1.jpg\"><img loading=\"lazy\" decoding=\"async\" class=\"alignnone size-medium wp-image-923\" src=\"http:\/\/fotoklub-zamek.pl\/wp-content\/uploads\/2018\/03\/2-miejsce-Regina-Nowotarska-\u2014-1-180x120.jpg\" alt=\"\" width=\"180\" height=\"120\" srcset=\"https:\/\/fotoklub-zamek.pl\/wp-content\/uploads\/2018\/03\/2-miejsce-Regina-Nowotarska-\u2014-1-180x120.jpg 180w, https:\/\/fotoklub-zamek.pl\/wp-content\/uploads\/2018\/03\/2-miejsce-Regina-Nowotarska-\u2014-1-768x512.jpg 768w, https:\/\/fotoklub-zamek.pl\/wp-content\/uploads\/2018\/03\/2-miejsce-Regina-Nowotarska-\u2014-1-1024x683.jpg 1024w, https:\/\/fotoklub-zamek.pl\/wp-content\/uploads\/2018\/03\/2-miejsce-Regina-Nowotarska-\u2014-1.jpg 1920w\" sizes=\"auto, (max-width: 180px) 100vw, 180px\" \/><\/a> &nbsp;&nbsp; &nbsp; &nbsp; &nbsp; <a href=\"http:\/\/fotoklub-zamek.pl\/wp-content\/uploads\/2018\/03\/3-miejsce-Krzysztof-Lachowicz-\u2014-1.jpg\"><img loading=\"lazy\" decoding=\"async\" class=\"alignnone wp-image-924\" src=\"http:\/\/fotoklub-zamek.pl\/wp-content\/uploads\/2018\/03\/3-miejsce-Krzysztof-Lachowicz-\u2014-1-180x118.jpg\" alt=\"\" width=\"185\" height=\"121\" srcset=\"https:\/\/fotoklub-zamek.pl\/wp-content\/uploads\/2018\/03\/3-miejsce-Krzysztof-Lachowicz-\u2014-1-180x118.jpg 180w, https:\/\/fotoklub-zamek.pl\/wp-content\/uploads\/2018\/03\/3-miejsce-Krzysztof-Lachowicz-\u2014-1-768x504.jpg 768w, https:\/\/fotoklub-zamek.pl\/wp-content\/uploads\/2018\/03\/3-miejsce-Krzysztof-Lachowicz-\u2014-1-1024x672.jpg 1024w, https:\/\/fotoklub-zamek.pl\/wp-content\/uploads\/2018\/03\/3-miejsce-Krzysztof-Lachowicz-\u2014-1.jpg 1920w\" sizes=\"auto, (max-width: 185px) 100vw, 185px\" \/><\/a>&nbsp;&nbsp;&nbsp;<br \/>1 m. fot. Grzegorz Miko\u0142ajczyk&nbsp;&nbsp;&nbsp;&nbsp;&nbsp;&nbsp;&nbsp;&nbsp; 2 m. fot. Regina Nowotarska&nbsp;&nbsp;&nbsp;&nbsp;&nbsp;&nbsp;&nbsp;&nbsp; 3 m. fot. Krzysztof Lachowicz<a href=\"http:\/\/fotoklub-zamek.pl\/wp-content\/uploads\/2018\/03\/wyr\u00f3\u017cnienie-Krzysztof-Lachowicz-\u2014-1.jpg\">&nbsp; &nbsp; &nbsp; &nbsp; &nbsp; &nbsp; &nbsp; &nbsp; &nbsp; &nbsp; &nbsp; &nbsp; <img loading=\"lazy\" decoding=\"async\" class=\"alignnone size-medium wp-image-932\" src=\"http:\/\/fotoklub-zamek.pl\/wp-content\/uploads\/2018\/03\/wyr\u00f3\u017cnienie-Krzysztof-Lachowicz-\u2014-1-180x120.jpg\" alt=\"\" width=\"180\" height=\"120\" srcset=\"https:\/\/fotoklub-zamek.pl\/wp-content\/uploads\/2018\/03\/wyr\u00f3\u017cnienie-Krzysztof-Lachowicz-\u2014-1-180x120.jpg 180w, https:\/\/fotoklub-zamek.pl\/wp-content\/uploads\/2018\/03\/wyr\u00f3\u017cnienie-Krzysztof-Lachowicz-\u2014-1-768x512.jpg 768w, https:\/\/fotoklub-zamek.pl\/wp-content\/uploads\/2018\/03\/wyr\u00f3\u017cnienie-Krzysztof-Lachowicz-\u2014-1-1024x683.jpg 1024w, https:\/\/fotoklub-zamek.pl\/wp-content\/uploads\/2018\/03\/wyr\u00f3\u017cnienie-Krzysztof-Lachowicz-\u2014-1.jpg 1920w\" sizes=\"auto, (max-width: 180px) 100vw, 180px\" \/><\/a>&nbsp; &nbsp; &nbsp; &nbsp; &nbsp; &nbsp; &nbsp; &nbsp; &nbsp; &nbsp;<a href=\"http:\/\/fotoklub-zamek.pl\/wp-content\/uploads\/2018\/03\/wyr\u00f3\u017cnienie-Regina-Nowotarska-\u2014-1.jpg\"><img loading=\"lazy\" decoding=\"async\" class=\"alignnone size-medium wp-image-933\" src=\"http:\/\/fotoklub-zamek.pl\/wp-content\/uploads\/2018\/03\/wyr\u00f3\u017cnienie-Regina-Nowotarska-\u2014-1-180x120.jpg\" alt=\"\" width=\"180\" height=\"120\" srcset=\"https:\/\/fotoklub-zamek.pl\/wp-content\/uploads\/2018\/03\/wyr\u00f3\u017cnienie-Regina-Nowotarska-\u2014-1-180x120.jpg 180w, https:\/\/fotoklub-zamek.pl\/wp-content\/uploads\/2018\/03\/wyr\u00f3\u017cnienie-Regina-Nowotarska-\u2014-1-768x512.jpg 768w, https:\/\/fotoklub-zamek.pl\/wp-content\/uploads\/2018\/03\/wyr\u00f3\u017cnienie-Regina-Nowotarska-\u2014-1-1024x683.jpg 1024w, https:\/\/fotoklub-zamek.pl\/wp-content\/uploads\/2018\/03\/wyr\u00f3\u017cnienie-Regina-Nowotarska-\u2014-1.jpg 1920w\" sizes=\"auto, (max-width: 180px) 100vw, 180px\" \/><\/a><\/div>\n<\/div>\n<p>26 czerwca 2019<\/p>\n<h3><span style=\"color: #ffff00;\">Konkurs miesi\u0105ca pt. &#8222;Pasja&#8221;<\/span><\/h3>\n<p>__________________________________________________________________________________________________________<\/p>\n<p class=\"moz-quote-pre\">Na dzisiejszym ostatnim przed wakacjami spotkaniu rozstrzygn\u0119li\u015bmy konkurs pt. Pasja.<br \/>Pasja czy hobby?<br \/>Jak nazwa\u0107 nasze zaanga\u017cowanie , nasze sp\u0119dzanie wolnego czasu oddaj\u0105c sie ulubionym zaj\u0119ciom&#8230;czy to hobby czy to ju\u017c pasja.<br \/>Z przedstawionych do konkursu zdj\u0119\u0107 wy\u0142onili\u015bmy zwyci\u0119zc\u00f3w:<\/p>\n<p>1 &#8211; miejsce Joanna Lebioda<br \/>2 &#8211; miejsce Joanna Lebioda<br \/>3 &#8211; miejsce Andrzej Krupi\u0144ski<\/p>\n<p><a href=\"http:\/\/fotoklub-zamek.pl\/wp-content\/uploads\/2018\/03\/1.-miejsce-Joanna-Lebioida.jpg\"><img loading=\"lazy\" decoding=\"async\" class=\"alignnone size-medium wp-image-871\" src=\"http:\/\/fotoklub-zamek.pl\/wp-content\/uploads\/2018\/03\/1.-miejsce-Joanna-Lebioida-180x120.jpg\" alt=\"\" width=\"180\" height=\"120\" srcset=\"https:\/\/fotoklub-zamek.pl\/wp-content\/uploads\/2018\/03\/1.-miejsce-Joanna-Lebioida-180x120.jpg 180w, https:\/\/fotoklub-zamek.pl\/wp-content\/uploads\/2018\/03\/1.-miejsce-Joanna-Lebioida-768x512.jpg 768w, https:\/\/fotoklub-zamek.pl\/wp-content\/uploads\/2018\/03\/1.-miejsce-Joanna-Lebioida-1024x683.jpg 1024w, https:\/\/fotoklub-zamek.pl\/wp-content\/uploads\/2018\/03\/1.-miejsce-Joanna-Lebioida.jpg 1050w\" sizes=\"auto, (max-width: 180px) 100vw, 180px\" \/><\/a>&nbsp;&nbsp;&nbsp;&nbsp;&nbsp;&nbsp;&nbsp;&nbsp;&nbsp;&nbsp;&nbsp;&nbsp; &nbsp;&nbsp; <a href=\"http:\/\/fotoklub-zamek.pl\/wp-content\/uploads\/2018\/03\/2.-miejsce-Joanna-Lebioda.jpg\"><img loading=\"lazy\" decoding=\"async\" class=\"alignnone size-medium wp-image-872\" src=\"http:\/\/fotoklub-zamek.pl\/wp-content\/uploads\/2018\/03\/2.-miejsce-Joanna-Lebioda-180x120.jpg\" alt=\"\" width=\"180\" height=\"120\" srcset=\"https:\/\/fotoklub-zamek.pl\/wp-content\/uploads\/2018\/03\/2.-miejsce-Joanna-Lebioda-180x120.jpg 180w, https:\/\/fotoklub-zamek.pl\/wp-content\/uploads\/2018\/03\/2.-miejsce-Joanna-Lebioda-768x512.jpg 768w, https:\/\/fotoklub-zamek.pl\/wp-content\/uploads\/2018\/03\/2.-miejsce-Joanna-Lebioda-1024x683.jpg 1024w, https:\/\/fotoklub-zamek.pl\/wp-content\/uploads\/2018\/03\/2.-miejsce-Joanna-Lebioda.jpg 1050w\" sizes=\"auto, (max-width: 180px) 100vw, 180px\" \/><\/a>&nbsp;&nbsp;&nbsp;&nbsp;&nbsp;&nbsp;&nbsp;&nbsp;&nbsp;&nbsp;&nbsp;&nbsp;&nbsp;&nbsp; <a href=\"http:\/\/fotoklub-zamek.pl\/wp-content\/uploads\/2018\/03\/3.-miejsce-Andrzej-Krupi\u0144ski.jpg\"><img loading=\"lazy\" decoding=\"async\" class=\"alignnone size-medium wp-image-873\" src=\"http:\/\/fotoklub-zamek.pl\/wp-content\/uploads\/2018\/03\/3.-miejsce-Andrzej-Krupi\u0144ski-180x120.jpg\" alt=\"\" width=\"180\" height=\"120\" srcset=\"https:\/\/fotoklub-zamek.pl\/wp-content\/uploads\/2018\/03\/3.-miejsce-Andrzej-Krupi\u0144ski-180x120.jpg 180w, https:\/\/fotoklub-zamek.pl\/wp-content\/uploads\/2018\/03\/3.-miejsce-Andrzej-Krupi\u0144ski-768x512.jpg 768w, https:\/\/fotoklub-zamek.pl\/wp-content\/uploads\/2018\/03\/3.-miejsce-Andrzej-Krupi\u0144ski-1024x683.jpg 1024w, https:\/\/fotoklub-zamek.pl\/wp-content\/uploads\/2018\/03\/3.-miejsce-Andrzej-Krupi\u0144ski.jpg 1050w\" sizes=\"auto, (max-width: 180px) 100vw, 180px\" \/><\/a><\/p>\n<p>1. miejsce Joanna Lebioda&nbsp;&nbsp;&nbsp;&nbsp;&nbsp;&nbsp;&nbsp;&nbsp;&nbsp;&nbsp;&nbsp;&nbsp;&nbsp;&nbsp;&nbsp; 2. miejsce Joanna Lebioda&nbsp;&nbsp;&nbsp;&nbsp;&nbsp;&nbsp;&nbsp;&nbsp;&nbsp;&nbsp;&nbsp;&nbsp;&nbsp;&nbsp; 3. miejsce Andrzej Krupi\u0144ski&nbsp;&nbsp;&nbsp;&nbsp;<\/p>\n<p>Gratulujemy.&nbsp;&nbsp;&nbsp; Nast\u0119pny konkurs rozstrzygniemy po wakacjach.<\/p>\n<p>29 maja 2019<\/p>\n<h3><span style=\"color: #ffff00;\">Konkurs miesi\u0105ca pt. &#8222;Barwny akcent&#8221;<\/span><\/h3>\n<p>_____________________________________________________________________________________________________<\/p>\n<p class=\"moz-quote-pre\">Rozstrzygni\u0119cie majowego konkursu miesi\u0105ca pt. &#8222;Barwny akcent&#8221; poprzedzi\u0142a burzliwa dyskusja jak interpretujemy temat konkursu.<br \/>Czy zdj\u0119cie monochromatyczne z barwnym akcentem jest lepsze od kolorowego w kt\u00f3rym dominuje barwny element?<br \/>Po wst\u0119pnej weryfikacji wszystkich zdj\u0119\u0107 do konkursu zakwalifikowali\u015bmy ok. 50 prac.<br \/>Po glosowaniu wy\u0142onili\u015bmy zwyci\u0119zc\u00f3w :<br \/>1 &#8211; miejsce Andrzej Krupi\u0144ski<br \/>2 &#8211; miejsce Krzysztof Lachowicz<br \/>3 &#8211; miejsce Andrzej Krupi\u0144ski<br \/>&nbsp;&nbsp;&nbsp;&nbsp; wyr\u00f3\u017cnienie Joanna Lebioda<\/p>\n<p>Nagrodzonym Autorom gratulujemy&#8230;<\/p>\n<p><a href=\"http:\/\/fotoklub-zamek.pl\/wp-content\/uploads\/2018\/03\/1-m.-Andrzej-Krupi\u0144ski.jpg\">&nbsp;&nbsp;&nbsp;&nbsp;&nbsp;&nbsp;&nbsp;&nbsp;&nbsp;&nbsp;&nbsp; <img loading=\"lazy\" decoding=\"async\" class=\"alignnone size-medium wp-image-858\" src=\"http:\/\/fotoklub-zamek.pl\/wp-content\/uploads\/2018\/03\/1-m.-Andrzej-Krupi\u0144ski-180x120.jpg\" alt=\"\" width=\"180\" height=\"120\" srcset=\"https:\/\/fotoklub-zamek.pl\/wp-content\/uploads\/2018\/03\/1-m.-Andrzej-Krupi\u0144ski-180x120.jpg 180w, https:\/\/fotoklub-zamek.pl\/wp-content\/uploads\/2018\/03\/1-m.-Andrzej-Krupi\u0144ski-768x512.jpg 768w, https:\/\/fotoklub-zamek.pl\/wp-content\/uploads\/2018\/03\/1-m.-Andrzej-Krupi\u0144ski-1024x683.jpg 1024w, https:\/\/fotoklub-zamek.pl\/wp-content\/uploads\/2018\/03\/1-m.-Andrzej-Krupi\u0144ski.jpg 1050w\" sizes=\"auto, (max-width: 180px) 100vw, 180px\" \/><\/a>&nbsp;&nbsp;&nbsp; &nbsp; &nbsp; &nbsp; <a href=\"http:\/\/fotoklub-zamek.pl\/wp-content\/uploads\/2018\/03\/2-m.-Krzysztof-Lachowicz.jpg\"><img loading=\"lazy\" decoding=\"async\" class=\"alignnone size-medium wp-image-859\" src=\"http:\/\/fotoklub-zamek.pl\/wp-content\/uploads\/2018\/03\/2-m.-Krzysztof-Lachowicz-180x120.jpg\" alt=\"\" width=\"180\" height=\"120\" srcset=\"https:\/\/fotoklub-zamek.pl\/wp-content\/uploads\/2018\/03\/2-m.-Krzysztof-Lachowicz-180x120.jpg 180w, https:\/\/fotoklub-zamek.pl\/wp-content\/uploads\/2018\/03\/2-m.-Krzysztof-Lachowicz-768x512.jpg 768w, https:\/\/fotoklub-zamek.pl\/wp-content\/uploads\/2018\/03\/2-m.-Krzysztof-Lachowicz-1024x683.jpg 1024w, https:\/\/fotoklub-zamek.pl\/wp-content\/uploads\/2018\/03\/2-m.-Krzysztof-Lachowicz.jpg 1050w\" sizes=\"auto, (max-width: 180px) 100vw, 180px\" \/><\/a>&nbsp;&nbsp;&nbsp;&nbsp;&nbsp;&nbsp;&nbsp;&nbsp;&nbsp; <a href=\"http:\/\/fotoklub-zamek.pl\/wp-content\/uploads\/2018\/03\/3-m.-Andzrej-Krupi\u0144ski.jpg\"><img loading=\"lazy\" decoding=\"async\" class=\"alignnone size-medium wp-image-860\" src=\"http:\/\/fotoklub-zamek.pl\/wp-content\/uploads\/2018\/03\/3-m.-Andzrej-Krupi\u0144ski-180x120.jpg\" alt=\"\" width=\"180\" height=\"120\" srcset=\"https:\/\/fotoklub-zamek.pl\/wp-content\/uploads\/2018\/03\/3-m.-Andzrej-Krupi\u0144ski-180x120.jpg 180w, https:\/\/fotoklub-zamek.pl\/wp-content\/uploads\/2018\/03\/3-m.-Andzrej-Krupi\u0144ski-768x512.jpg 768w, https:\/\/fotoklub-zamek.pl\/wp-content\/uploads\/2018\/03\/3-m.-Andzrej-Krupi\u0144ski-1024x683.jpg 1024w, https:\/\/fotoklub-zamek.pl\/wp-content\/uploads\/2018\/03\/3-m.-Andzrej-Krupi\u0144ski.jpg 1050w\" sizes=\"auto, (max-width: 180px) 100vw, 180px\" \/><\/a><br \/>&nbsp; &nbsp; &nbsp; &nbsp; &nbsp; &nbsp; &nbsp;&nbsp; fot. Andrzej Krupi\u0144ski&nbsp;&nbsp;&nbsp;&nbsp;&nbsp;&nbsp;&nbsp;&nbsp;&nbsp;&nbsp;&nbsp;&nbsp;&nbsp;&nbsp;&nbsp;&nbsp;&nbsp;&nbsp;&nbsp; fot. Krzysztof Lachowicz&nbsp;&nbsp;&nbsp;&nbsp;&nbsp;&nbsp;&nbsp;&nbsp;&nbsp;&nbsp;&nbsp;&nbsp;&nbsp;&nbsp; fot. Andrzej Krupi\u0144ski<\/p>\n<p><a href=\"http:\/\/fotoklub-zamek.pl\/wp-content\/uploads\/2018\/03\/wyr\u00f3\u017cnienie-Joanna-Lebioda.jpg\">&nbsp;&nbsp;&nbsp;&nbsp; &nbsp; &nbsp;&nbsp;&nbsp;&nbsp; <img loading=\"lazy\" decoding=\"async\" class=\"alignnone size-medium wp-image-861\" src=\"http:\/\/fotoklub-zamek.pl\/wp-content\/uploads\/2018\/03\/wyr\u00f3\u017cnienie-Joanna-Lebioda-180x120.jpg\" alt=\"\" width=\"180\" height=\"120\" srcset=\"https:\/\/fotoklub-zamek.pl\/wp-content\/uploads\/2018\/03\/wyr\u00f3\u017cnienie-Joanna-Lebioda-180x120.jpg 180w, https:\/\/fotoklub-zamek.pl\/wp-content\/uploads\/2018\/03\/wyr\u00f3\u017cnienie-Joanna-Lebioda-768x512.jpg 768w, https:\/\/fotoklub-zamek.pl\/wp-content\/uploads\/2018\/03\/wyr\u00f3\u017cnienie-Joanna-Lebioda-1024x683.jpg 1024w, https:\/\/fotoklub-zamek.pl\/wp-content\/uploads\/2018\/03\/wyr\u00f3\u017cnienie-Joanna-Lebioda.jpg 1050w\" sizes=\"auto, (max-width: 180px) 100vw, 180px\" \/><\/a>&nbsp;&nbsp;&nbsp; fot. Joanna Lebioda<\/p>\n<p>24 kwietnia 2019<\/p>\n<h3><span style=\"color: #ffff00;\">Kwietniowy konkurs miesi\u0105ca&#8230;<\/span><\/h3>\n<p>_____________________________________________________________________________________________________<\/p>\n<p class=\"moz-quote-pre\">Kontur \u2026 zarys kszta\u0142tu postaci lub przedmiotu odcinaj\u0105cy si\u0119 od t\u0142a.<br \/>&#8222;Zdj\u0119cie konturowe&#8221; to temat kwietniowego konkursu miesi\u0105ca, do kt\u00f3rego Klubowicze przygotowali ok.60 zdj\u0119\u0107. Po wst\u0119pnej selekcji do fina\u0142u zakwalifikowanych zosta\u0142o 38 fotografii, w\u015br\u00f3d kt\u00f3rych wy\u0142onili\u015bmy zwyci\u0119zc\u00f3w:<\/p>\n<p>1 &#8211; miejsce Joanna Lebioda<br \/>2 &#8211; miejsce Krzysztof Lachowicz<br \/>3 &#8211; miejsce Krzysztof Lachowicz<\/p>\n<p>Zwyci\u0119zcom gratuluj\u0119.<\/p>\n<p><a href=\"http:\/\/fotoklub-zamek.pl\/wp-content\/uploads\/2018\/03\/1-msc.jpg\"><br \/><\/a>&nbsp; &nbsp; &nbsp; &nbsp; 1.&nbsp;&nbsp; <a href=\"http:\/\/fotoklub-zamek.pl\/wp-content\/uploads\/2018\/03\/1-msc.jpg\"><img loading=\"lazy\" decoding=\"async\" class=\"alignnone size-medium wp-image-851\" src=\"http:\/\/fotoklub-zamek.pl\/wp-content\/uploads\/2018\/03\/1-msc-180x120.jpg\" alt=\"\" width=\"180\" height=\"120\" srcset=\"https:\/\/fotoklub-zamek.pl\/wp-content\/uploads\/2018\/03\/1-msc-180x120.jpg 180w, https:\/\/fotoklub-zamek.pl\/wp-content\/uploads\/2018\/03\/1-msc-768x512.jpg 768w, https:\/\/fotoklub-zamek.pl\/wp-content\/uploads\/2018\/03\/1-msc-1024x683.jpg 1024w, https:\/\/fotoklub-zamek.pl\/wp-content\/uploads\/2018\/03\/1-msc.jpg 1050w\" sizes=\"auto, (max-width: 180px) 100vw, 180px\" \/><\/a> &nbsp; &nbsp; &nbsp;&nbsp; 2. &nbsp; <a href=\"http:\/\/fotoklub-zamek.pl\/wp-content\/uploads\/2018\/03\/2-msc.jpg\"><img loading=\"lazy\" decoding=\"async\" class=\"alignnone size-medium wp-image-852\" src=\"http:\/\/fotoklub-zamek.pl\/wp-content\/uploads\/2018\/03\/2-msc-117x180.jpg\" alt=\"\" width=\"117\" height=\"180\" srcset=\"https:\/\/fotoklub-zamek.pl\/wp-content\/uploads\/2018\/03\/2-msc-117x180.jpg 117w, https:\/\/fotoklub-zamek.pl\/wp-content\/uploads\/2018\/03\/2-msc-663x1024.jpg 663w, https:\/\/fotoklub-zamek.pl\/wp-content\/uploads\/2018\/03\/2-msc.jpg 700w\" sizes=\"auto, (max-width: 117px) 100vw, 117px\" \/><\/a>&nbsp;&nbsp;&nbsp; &nbsp; &nbsp;&nbsp; 3.&nbsp;&nbsp; <a href=\"http:\/\/fotoklub-zamek.pl\/wp-content\/uploads\/2018\/03\/3-msc.jpg\"><img loading=\"lazy\" decoding=\"async\" class=\"alignnone size-medium wp-image-853\" src=\"http:\/\/fotoklub-zamek.pl\/wp-content\/uploads\/2018\/03\/3-msc-180x135.jpg\" alt=\"\" width=\"180\" height=\"135\" srcset=\"https:\/\/fotoklub-zamek.pl\/wp-content\/uploads\/2018\/03\/3-msc-180x135.jpg 180w, https:\/\/fotoklub-zamek.pl\/wp-content\/uploads\/2018\/03\/3-msc-768x577.jpg 768w, https:\/\/fotoklub-zamek.pl\/wp-content\/uploads\/2018\/03\/3-msc.jpg 931w\" sizes=\"auto, (max-width: 180px) 100vw, 180px\" \/><\/a><\/p>\n<p>&nbsp;<\/p>\n<hr>\n<p>7 marca 2019<\/p>\n<h3><span style=\"color: #ffff00;\">Konkurs miesi\u0105ca &#8211; &#8222;Stare wrota&#8221;<\/span><br \/>_______________________________________________________________________<\/h3>\n<div class=\"moz-text-plain\" lang=\"x-unicode\">\n<p class=\"moz-quote-pre\">Na ostatnim spotkaniu rozstrzygn\u0119li\u015bmy kolejny konkurs miesi\u0105ca, kt\u00f3rego tematem<br \/>by\u0142y &#8221; Stare wrota &#8222;.<br \/>Do konkursu Klubowicze przygotowali ok 60 prac, w kt\u00f3rych autorzy zaprezentowali rzeczywi\u015bcie stare ale tak\u017ce nowsze wrota, bramy i drzwi, W kilku pracach autorzy pokazali detale wr\u00f3t i bram.<br \/>Zdj\u0119cia kolorowe, monochromatyczne kilka wykonanych by\u0142o &#8222;rybim okiem&#8221;.<br \/>Okaza\u0142o si\u0119, \u017ce fotografowanie g\u0142\u00f3wnego tematu konkursu wymaga od Fotografa &#8221; dyscypliny &#8221; i uwagi podczas samego wykonywania zdj\u0119cia ale tak\u017ce w post produkcji.<br \/>Zdj\u0119cia, typu dokumentalnego wymagaj\u0105 perfekcji w kadrowaniu.<\/p>\n<p>Konkurs zako\u0144czony dyskusj\u0105 i omawianiem zdj\u0119\u0107 by\u0142 dobr\u0105 lekcj\u0105 dla wszystkich.<br \/>1 &#8211; miejsce &#8211; Krzysztof Lachowicz&nbsp; i Andrzej Krupi\u0144ski<br \/>2 &#8211; miejsce Krzysztof Lachowicz i Krzysztof Lachowicz (dwie prace o takiej samej punktacji)<br \/>3 &#8211; miejsce Grzegorz Miko\u0142ajczyk<br \/>&nbsp;&nbsp; &#8211; wyr\u00f3\u017cnienie Regina Nowotarska<\/p>\n<p><a href=\"http:\/\/fotoklub-zamek.pl\/wp-content\/uploads\/2018\/03\/1-m.-AK.jpg\"><img loading=\"lazy\" decoding=\"async\" class=\"wp-image-796 size-medium alignleft\" src=\"http:\/\/fotoklub-zamek.pl\/wp-content\/uploads\/2018\/03\/1-m.-AK-120x180.jpg\" alt=\"\" width=\"120\" height=\"180\" srcset=\"https:\/\/fotoklub-zamek.pl\/wp-content\/uploads\/2018\/03\/1-m.-AK-120x180.jpg 120w, https:\/\/fotoklub-zamek.pl\/wp-content\/uploads\/2018\/03\/1-m.-AK-682x1024.jpg 682w, https:\/\/fotoklub-zamek.pl\/wp-content\/uploads\/2018\/03\/1-m.-AK.jpg 699w\" sizes=\"auto, (max-width: 120px) 100vw, 120px\" \/><\/a><br \/>1 miejsce &#8211; Andrzej Krupi\u0144ski<br \/>&nbsp;<br \/>&nbsp; &nbsp; &nbsp; &nbsp; &nbsp; &nbsp; &nbsp; &nbsp; &nbsp; &nbsp; &nbsp; &nbsp; &nbsp; &nbsp; &nbsp; <a href=\"http:\/\/fotoklub-zamek.pl\/wp-content\/uploads\/2018\/03\/I-m.-KL.jpg\"><img loading=\"lazy\" decoding=\"async\" class=\"alignnone wp-image-798 size-medium\" src=\"http:\/\/fotoklub-zamek.pl\/wp-content\/uploads\/2018\/03\/I-m.-KL-180x120.jpg\" alt=\"\" width=\"180\" height=\"120\" srcset=\"https:\/\/fotoklub-zamek.pl\/wp-content\/uploads\/2018\/03\/I-m.-KL-180x120.jpg 180w, https:\/\/fotoklub-zamek.pl\/wp-content\/uploads\/2018\/03\/I-m.-KL-768x512.jpg 768w, https:\/\/fotoklub-zamek.pl\/wp-content\/uploads\/2018\/03\/I-m.-KL-1024x683.jpg 1024w, https:\/\/fotoklub-zamek.pl\/wp-content\/uploads\/2018\/03\/I-m.-KL.jpg 1050w\" sizes=\"auto, (max-width: 180px) 100vw, 180px\" \/><\/a>&nbsp;&nbsp; 1 miejsce &#8211; Krzysztof Lachowicz<\/p>\n<p><a href=\"http:\/\/fotoklub-zamek.pl\/wp-content\/uploads\/2018\/03\/2-m2.-KL.jpg\"><img loading=\"lazy\" decoding=\"async\" class=\"alignnone wp-image-801 size-medium\" src=\"http:\/\/fotoklub-zamek.pl\/wp-content\/uploads\/2018\/03\/2-m2.-KL-180x118.jpg\" alt=\"\" width=\"180\" height=\"118\" srcset=\"https:\/\/fotoklub-zamek.pl\/wp-content\/uploads\/2018\/03\/2-m2.-KL-180x118.jpg 180w, https:\/\/fotoklub-zamek.pl\/wp-content\/uploads\/2018\/03\/2-m2.-KL-768x503.jpg 768w, https:\/\/fotoklub-zamek.pl\/wp-content\/uploads\/2018\/03\/2-m2.-KL-1024x671.jpg 1024w, https:\/\/fotoklub-zamek.pl\/wp-content\/uploads\/2018\/03\/2-m2.-KL.jpg 1069w\" sizes=\"auto, (max-width: 180px) 100vw, 180px\" \/><\/a> &nbsp; &nbsp;&nbsp;&nbsp; &nbsp; <a href=\"http:\/\/fotoklub-zamek.pl\/wp-content\/uploads\/2018\/03\/2-m.-KL.jpg\"><img loading=\"lazy\" decoding=\"async\" class=\"alignnone wp-image-800 size-medium\" src=\"http:\/\/fotoklub-zamek.pl\/wp-content\/uploads\/2018\/03\/2-m.-KL-180x120.jpg\" alt=\"\" width=\"180\" height=\"120\" srcset=\"https:\/\/fotoklub-zamek.pl\/wp-content\/uploads\/2018\/03\/2-m.-KL-180x120.jpg 180w, https:\/\/fotoklub-zamek.pl\/wp-content\/uploads\/2018\/03\/2-m.-KL-768x512.jpg 768w, https:\/\/fotoklub-zamek.pl\/wp-content\/uploads\/2018\/03\/2-m.-KL-1024x683.jpg 1024w, https:\/\/fotoklub-zamek.pl\/wp-content\/uploads\/2018\/03\/2-m.-KL.jpg 1050w\" sizes=\"auto, (max-width: 180px) 100vw, 180px\" \/><\/a>&nbsp; &nbsp; &nbsp; &nbsp; 2 x 2 miejsce &#8211; Krzysztof Lachowicz<\/p>\n<p><a href=\"http:\/\/fotoklub-zamek.pl\/wp-content\/uploads\/2018\/03\/3-m.-GM.jpg\"><img loading=\"lazy\" decoding=\"async\" class=\"alignnone wp-image-805 size-medium\" src=\"http:\/\/fotoklub-zamek.pl\/wp-content\/uploads\/2018\/03\/3-m.-GM-180x120.jpg\" alt=\"\" width=\"180\" height=\"120\" srcset=\"https:\/\/fotoklub-zamek.pl\/wp-content\/uploads\/2018\/03\/3-m.-GM-180x120.jpg 180w, https:\/\/fotoklub-zamek.pl\/wp-content\/uploads\/2018\/03\/3-m.-GM-768x512.jpg 768w, https:\/\/fotoklub-zamek.pl\/wp-content\/uploads\/2018\/03\/3-m.-GM-1024x683.jpg 1024w, https:\/\/fotoklub-zamek.pl\/wp-content\/uploads\/2018\/03\/3-m.-GM.jpg 1050w\" sizes=\"auto, (max-width: 180px) 100vw, 180px\" \/><\/a>&nbsp;&nbsp;&nbsp;&nbsp;&nbsp;&nbsp; 3 miejsce &#8211; Grzegorz Miko\u0142ajczyk<\/p>\n<p><a href=\"http:\/\/fotoklub-zamek.pl\/wp-content\/uploads\/2018\/03\/wyr_RN.jpg\"><img loading=\"lazy\" decoding=\"async\" class=\"alignnone wp-image-806 size-medium\" src=\"http:\/\/fotoklub-zamek.pl\/wp-content\/uploads\/2018\/03\/wyr_RN-135x180.jpg\" alt=\"\" width=\"135\" height=\"180\" srcset=\"https:\/\/fotoklub-zamek.pl\/wp-content\/uploads\/2018\/03\/wyr_RN-135x180.jpg 135w, https:\/\/fotoklub-zamek.pl\/wp-content\/uploads\/2018\/03\/wyr_RN-768x1024.jpg 768w, https:\/\/fotoklub-zamek.pl\/wp-content\/uploads\/2018\/03\/wyr_RN.jpg 788w\" sizes=\"auto, (max-width: 135px) 100vw, 135px\" \/><\/a>&nbsp;&nbsp;&nbsp;&nbsp;&nbsp;&nbsp;&nbsp; wyr\u00f3\u017cnienie &#8211; Regina Nowotarska<\/p>\n<p>_______________________________________________________________________________________________________________<\/p>\n<\/div>\n<h4><span style=\"color: #ffff00;\">Konkurs miesi\u0105ca &#8211; &#8222;Na granicy&#8221;<\/span><\/h4>\n<p>\u015broda, 21 marca 2018<\/p>\n<p>Konkurs pt. &#8222;Na granicy&#8221; zgromadzi\u0142 ok. 20 prac z kt\u00f3rych wy\u0142onili\u015bmy zwyci\u0119skie prace w mi\u0142ej i przyjaznej atmosferze&#8230; :).<br \/>Temat konkursu pozwoli\u0142 na zupe\u0142nie dowolne interpretacje.<br \/>Dlatego w\u015br\u00f3d zg\u0142oszonych prac znalaz\u0142y si\u0119 bardzo &#8222;powa\u017cne&#8221; i przemy\u015blane obrazy jak i \u017carty fotograficzne.<br \/>Jak zwykle oceniali\u015bmy prace cz-b jak i kolorowe.<\/p>\n<p>Oto wyr\u00f3\u017cnione prace&#8230; autorom gratulujemy&#8230;<\/p>\n<p><a href=\"http:\/\/fotoklub-zamek.pl\/wp-content\/uploads\/2018\/03\/Marek-Bobdzi\u0144ski-1-m-ce.jpg\"><img loading=\"lazy\" decoding=\"async\" class=\"alignnone size-medium wp-image-768\" src=\"http:\/\/fotoklub-zamek.pl\/wp-content\/uploads\/2018\/03\/Marek-Bobdzi\u0144ski-1-m-ce-180x180.jpg\" alt=\"\" width=\"180\" height=\"180\" srcset=\"https:\/\/fotoklub-zamek.pl\/wp-content\/uploads\/2018\/03\/Marek-Bobdzi\u0144ski-1-m-ce-180x180.jpg 180w, https:\/\/fotoklub-zamek.pl\/wp-content\/uploads\/2018\/03\/Marek-Bobdzi\u0144ski-1-m-ce-200x200.jpg 200w, https:\/\/fotoklub-zamek.pl\/wp-content\/uploads\/2018\/03\/Marek-Bobdzi\u0144ski-1-m-ce-768x767.jpg 768w, https:\/\/fotoklub-zamek.pl\/wp-content\/uploads\/2018\/03\/Marek-Bobdzi\u0144ski-1-m-ce-1024x1022.jpg 1024w, https:\/\/fotoklub-zamek.pl\/wp-content\/uploads\/2018\/03\/Marek-Bobdzi\u0144ski-1-m-ce.jpg 1235w\" sizes=\"auto, (max-width: 180px) 100vw, 180px\" \/><\/a>&nbsp;&nbsp; fot. Marek Bogdzi\u0144ski &nbsp; &nbsp; I &#8211; miejsce<\/p>\n<p><a href=\"http:\/\/fotoklub-zamek.pl\/wp-content\/uploads\/2018\/03\/Krzysztof-Lachowicz-2-m-ce.jpg\"><img loading=\"lazy\" decoding=\"async\" class=\"alignnone size-medium wp-image-769\" src=\"http:\/\/fotoklub-zamek.pl\/wp-content\/uploads\/2018\/03\/Krzysztof-Lachowicz-2-m-ce-180x120.jpg\" alt=\"\" width=\"180\" height=\"120\" srcset=\"https:\/\/fotoklub-zamek.pl\/wp-content\/uploads\/2018\/03\/Krzysztof-Lachowicz-2-m-ce-180x120.jpg 180w, https:\/\/fotoklub-zamek.pl\/wp-content\/uploads\/2018\/03\/Krzysztof-Lachowicz-2-m-ce-768x512.jpg 768w, https:\/\/fotoklub-zamek.pl\/wp-content\/uploads\/2018\/03\/Krzysztof-Lachowicz-2-m-ce-1024x683.jpg 1024w, https:\/\/fotoklub-zamek.pl\/wp-content\/uploads\/2018\/03\/Krzysztof-Lachowicz-2-m-ce.jpg 1050w\" sizes=\"auto, (max-width: 180px) 100vw, 180px\" \/><\/a>&nbsp;&nbsp; fot. Krzysztof Lachowicz&nbsp;&nbsp;&nbsp; II &#8211; miejsce<\/p>\n<p><a href=\"http:\/\/fotoklub-zamek.pl\/wp-content\/uploads\/2018\/03\/Andrzej-Krupi\u0144ski-3-m-ce.jpg\"><img loading=\"lazy\" decoding=\"async\" class=\"alignnone size-medium wp-image-770\" src=\"http:\/\/fotoklub-zamek.pl\/wp-content\/uploads\/2018\/03\/Andrzej-Krupi\u0144ski-3-m-ce-180x120.jpg\" alt=\"\" width=\"180\" height=\"120\" srcset=\"https:\/\/fotoklub-zamek.pl\/wp-content\/uploads\/2018\/03\/Andrzej-Krupi\u0144ski-3-m-ce-180x120.jpg 180w, https:\/\/fotoklub-zamek.pl\/wp-content\/uploads\/2018\/03\/Andrzej-Krupi\u0144ski-3-m-ce-768x512.jpg 768w, https:\/\/fotoklub-zamek.pl\/wp-content\/uploads\/2018\/03\/Andrzej-Krupi\u0144ski-3-m-ce-1024x683.jpg 1024w, https:\/\/fotoklub-zamek.pl\/wp-content\/uploads\/2018\/03\/Andrzej-Krupi\u0144ski-3-m-ce.jpg 1050w\" sizes=\"auto, (max-width: 180px) 100vw, 180px\" \/><\/a>&nbsp;&nbsp; fot. Andrzej Krupi\u0144ski&nbsp;&nbsp;&nbsp;&nbsp; III &#8211; miejsce<\/p>\n<p><a href=\"http:\/\/fotoklub-zamek.pl\/wp-content\/uploads\/2018\/03\/Marek-Bogdzi\u0144ski-wyr\u00f3\u017cnienie.jpg\"><img loading=\"lazy\" decoding=\"async\" class=\"alignnone size-medium wp-image-771\" src=\"http:\/\/fotoklub-zamek.pl\/wp-content\/uploads\/2018\/03\/Marek-Bogdzi\u0144ski-wyr\u00f3\u017cnienie-180x180.jpg\" alt=\"\" width=\"180\" height=\"180\" srcset=\"https:\/\/fotoklub-zamek.pl\/wp-content\/uploads\/2018\/03\/Marek-Bogdzi\u0144ski-wyr\u00f3\u017cnienie-180x180.jpg 180w, https:\/\/fotoklub-zamek.pl\/wp-content\/uploads\/2018\/03\/Marek-Bogdzi\u0144ski-wyr\u00f3\u017cnienie-200x200.jpg 200w, https:\/\/fotoklub-zamek.pl\/wp-content\/uploads\/2018\/03\/Marek-Bogdzi\u0144ski-wyr\u00f3\u017cnienie-768x768.jpg 768w, https:\/\/fotoklub-zamek.pl\/wp-content\/uploads\/2018\/03\/Marek-Bogdzi\u0144ski-wyr\u00f3\u017cnienie-1024x1024.jpg 1024w, https:\/\/fotoklub-zamek.pl\/wp-content\/uploads\/2018\/03\/Marek-Bogdzi\u0144ski-wyr\u00f3\u017cnienie.jpg 1134w\" sizes=\"auto, (max-width: 180px) 100vw, 180px\" \/><\/a>&nbsp;&nbsp; dodatkowo wyr\u00f3\u017cniona zosta\u0142a znakomita praca Marka Bogdzi\u0144skiego<\/p>\n<p>&nbsp;<\/p>\n<hr>\n<h4><span style=\"color: #ffff00;\">Konkurs miesi\u0105ca &#8211; &#8222;W prawo, w lewo ?&#8221;&nbsp; (grudzie\u0144),&nbsp;&nbsp; &#8222;Las&#8221;&nbsp; (stycze\u0144)<\/span><\/h4>\n<p>\u015aroda, 31 stycznia 2018<\/p>\n<p>Rozstrzygn\u0119li\u015bmy dwa konkursy miesi\u0105ca w kt\u00f3rych wzi\u0119\u0142o udzia\u0142 19 prac (&#8222;W prawo, w lewo?&#8221;) oraz a\u017c 30 prac w konkursie pt. &#8222;Las&#8221;.<br \/>Konkurs &#8222;W prawo, w lewo?&#8221; zaowocowa\u0142 przer\u00f3\u017cnymi pomys\u0142ami formalnymi, okaza\u0142 si\u0119 te\u017c chyba trudniejszy co prze\u0142o\u017cy\u0142o si\u0119 na mniejsz\u0105 ilo\u015b\u0107 prac.<br \/>Oto najlepsze wyr\u00f3\u017cnione prace i ich tw\u00f3rcy:<\/p>\n<p>I miejsce&nbsp;&nbsp; &#8211; Andrzej Krupi\u0144ski<br \/>II miejsce&nbsp; &#8211; Regina Nowotarska<br \/>III miejsce &#8211; Regina Nowotarska i Krzysztof Lachowicz (ex aequo III miejsce)<\/p>\n<p>Gratulacje dla wyr\u00f3\u017cnionych !<\/p>\n<p>A.K. 1m &nbsp; <a href=\"http:\/\/fotoklub-zamek.pl\/wp-content\/uploads\/2018\/02\/1-m.Andrzej-Krupi\u0144ski.jpg\"><img loading=\"lazy\" decoding=\"async\" class=\"alignnone size-medium wp-image-378\" src=\"http:\/\/fotoklub-zamek.pl\/wp-content\/uploads\/2018\/02\/1-m.Andrzej-Krupi\u0144ski-160x107.jpg\" alt=\"\" width=\"160\" height=\"107\" srcset=\"https:\/\/fotoklub-zamek.pl\/wp-content\/uploads\/2018\/02\/1-m.Andrzej-Krupi\u0144ski-160x107.jpg 160w, https:\/\/fotoklub-zamek.pl\/wp-content\/uploads\/2018\/02\/1-m.Andrzej-Krupi\u0144ski-768x512.jpg 768w, https:\/\/fotoklub-zamek.pl\/wp-content\/uploads\/2018\/02\/1-m.Andrzej-Krupi\u0144ski-1024x683.jpg 1024w, https:\/\/fotoklub-zamek.pl\/wp-content\/uploads\/2018\/02\/1-m.Andrzej-Krupi\u0144ski.jpg 1200w\" sizes=\"auto, (max-width: 160px) 100vw, 160px\" \/>&nbsp;&nbsp;&nbsp;&nbsp; R.N. 2m&nbsp; <\/a><a href=\"http:\/\/fotoklub-zamek.pl\/wp-content\/uploads\/2018\/02\/2-m.Regina-Nowotarska.jpg\"><img loading=\"lazy\" decoding=\"async\" class=\"alignnone size-medium wp-image-379\" src=\"http:\/\/fotoklub-zamek.pl\/wp-content\/uploads\/2018\/02\/2-m.Regina-Nowotarska-160x107.jpg\" alt=\"\" width=\"160\" height=\"107\" srcset=\"https:\/\/fotoklub-zamek.pl\/wp-content\/uploads\/2018\/02\/2-m.Regina-Nowotarska-160x107.jpg 160w, https:\/\/fotoklub-zamek.pl\/wp-content\/uploads\/2018\/02\/2-m.Regina-Nowotarska-768x512.jpg 768w, https:\/\/fotoklub-zamek.pl\/wp-content\/uploads\/2018\/02\/2-m.Regina-Nowotarska-1024x682.jpg 1024w, https:\/\/fotoklub-zamek.pl\/wp-content\/uploads\/2018\/02\/2-m.Regina-Nowotarska.jpg 1280w\" sizes=\"auto, (max-width: 160px) 100vw, 160px\" \/>&nbsp;&nbsp;&nbsp;&nbsp; &nbsp;<\/a>R.N. 3m&nbsp; <a href=\"http:\/\/fotoklub-zamek.pl\/wp-content\/uploads\/2018\/02\/3-m.Regina-Nowotarska.jpg\"><img loading=\"lazy\" decoding=\"async\" class=\"alignnone size-medium wp-image-380\" src=\"http:\/\/fotoklub-zamek.pl\/wp-content\/uploads\/2018\/02\/3-m.Regina-Nowotarska-160x107.jpg\" alt=\"\" width=\"160\" height=\"107\" srcset=\"https:\/\/fotoklub-zamek.pl\/wp-content\/uploads\/2018\/02\/3-m.Regina-Nowotarska-160x107.jpg 160w, https:\/\/fotoklub-zamek.pl\/wp-content\/uploads\/2018\/02\/3-m.Regina-Nowotarska-768x512.jpg 768w, https:\/\/fotoklub-zamek.pl\/wp-content\/uploads\/2018\/02\/3-m.Regina-Nowotarska-1024x683.jpg 1024w, https:\/\/fotoklub-zamek.pl\/wp-content\/uploads\/2018\/02\/3-m.Regina-Nowotarska.jpg 1200w\" sizes=\"auto, (max-width: 160px) 100vw, 160px\" \/><\/a><\/p>\n<p>K.L. 3m &nbsp; <a href=\"http:\/\/fotoklub-zamek.pl\/wp-content\/uploads\/2018\/02\/3-m-Krzysztof-Lachowicz.jpg\"><img loading=\"lazy\" decoding=\"async\" class=\"alignnone size-medium wp-image-381\" src=\"http:\/\/fotoklub-zamek.pl\/wp-content\/uploads\/2018\/02\/3-m-Krzysztof-Lachowicz-160x105.jpg\" alt=\"\" width=\"160\" height=\"105\" srcset=\"https:\/\/fotoklub-zamek.pl\/wp-content\/uploads\/2018\/02\/3-m-Krzysztof-Lachowicz-160x105.jpg 160w, https:\/\/fotoklub-zamek.pl\/wp-content\/uploads\/2018\/02\/3-m-Krzysztof-Lachowicz-768x504.jpg 768w, https:\/\/fotoklub-zamek.pl\/wp-content\/uploads\/2018\/02\/3-m-Krzysztof-Lachowicz-1024x672.jpg 1024w, https:\/\/fotoklub-zamek.pl\/wp-content\/uploads\/2018\/02\/3-m-Krzysztof-Lachowicz.jpg 1200w\" sizes=\"auto, (max-width: 160px) 100vw, 160px\" \/><\/a><\/p>\n<p>W temacie &#8222;Las&#8221; prym wi\u00f3d\u0142 jeden autor &#8211; Marek Bogdzi\u0144ski, kt\u00f3ry opanowa\u0142 ca\u0142e &#8222;pud\u0142o&#8221; .<br \/>Ania Klinkosz do\u0142\u0105czy\u0142a do Marka na drugim i trzecim miejscu &#8211; ex aequo.<br \/>Pospolity temat jakim si\u0119 wydaje &#8222;Las&#8221; &#8211; wcale prosty w realizacji nie jest. Pomys\u0142y na las by\u0142y wi\u0119c najprzer\u00f3\u017cniejsze &#8211; od zdj\u0119\u0107 barwnych przez czarno-bia\u0142e do prac prezentowanych w negatywie.<br \/>Trudno w tym temacie o oryginalno\u015b\u0107 i kreatywne przedstawienie rzeczywisto\u015bci.<br \/>Oto wyr\u00f3\u017cnione prace i ich tw\u00f3rcy:<\/p>\n<p>I miejsce&nbsp;&nbsp; &#8211; Marek Bogdzi\u0144ski<br \/>II miejsce&nbsp; &#8211; Marek Bogdzi\u0144ski, Ania Klinkosz (ex aequo)<br \/>III miejsce &#8211; Marek Bogdzi\u0144ski, Ania Klinkosz (ex aequo)<\/p>\n<p>M.B. 1m &nbsp; <a href=\"http:\/\/fotoklub-zamek.pl\/wp-content\/uploads\/2018\/02\/1-m.Marek-Bogdzi\u0144ski.jpg\"><img loading=\"lazy\" decoding=\"async\" class=\"alignnone size-medium wp-image-384\" src=\"http:\/\/fotoklub-zamek.pl\/wp-content\/uploads\/2018\/02\/1-m.Marek-Bogdzi\u0144ski-160x160.jpg\" alt=\"\" width=\"160\" height=\"160\" srcset=\"https:\/\/fotoklub-zamek.pl\/wp-content\/uploads\/2018\/02\/1-m.Marek-Bogdzi\u0144ski-160x160.jpg 160w, https:\/\/fotoklub-zamek.pl\/wp-content\/uploads\/2018\/02\/1-m.Marek-Bogdzi\u0144ski-190x190.jpg 190w, https:\/\/fotoklub-zamek.pl\/wp-content\/uploads\/2018\/02\/1-m.Marek-Bogdzi\u0144ski-768x771.jpg 768w, https:\/\/fotoklub-zamek.pl\/wp-content\/uploads\/2018\/02\/1-m.Marek-Bogdzi\u0144ski-1019x1024.jpg 1019w, https:\/\/fotoklub-zamek.pl\/wp-content\/uploads\/2018\/02\/1-m.Marek-Bogdzi\u0144ski.jpg 1129w\" sizes=\"auto, (max-width: 160px) 100vw, 160px\" \/><\/a>&nbsp;&nbsp;&nbsp;&nbsp;&nbsp; M.B. 2m &nbsp; <a href=\"http:\/\/fotoklub-zamek.pl\/wp-content\/uploads\/2018\/02\/2-m-Marek-Bogdzi\u0144ski.jpg\"><img loading=\"lazy\" decoding=\"async\" class=\"alignnone size-medium wp-image-386\" src=\"http:\/\/fotoklub-zamek.pl\/wp-content\/uploads\/2018\/02\/2-m-Marek-Bogdzi\u0144ski-160x115.jpg\" alt=\"\" width=\"160\" height=\"115\" srcset=\"https:\/\/fotoklub-zamek.pl\/wp-content\/uploads\/2018\/02\/2-m-Marek-Bogdzi\u0144ski-160x115.jpg 160w, https:\/\/fotoklub-zamek.pl\/wp-content\/uploads\/2018\/02\/2-m-Marek-Bogdzi\u0144ski-768x551.jpg 768w, https:\/\/fotoklub-zamek.pl\/wp-content\/uploads\/2018\/02\/2-m-Marek-Bogdzi\u0144ski-1024x735.jpg 1024w, https:\/\/fotoklub-zamek.pl\/wp-content\/uploads\/2018\/02\/2-m-Marek-Bogdzi\u0144ski.jpg 1276w\" sizes=\"auto, (max-width: 160px) 100vw, 160px\" \/><\/a>&nbsp;&nbsp;&nbsp;&nbsp;&nbsp; A.K. 2m&nbsp; <a href=\"http:\/\/fotoklub-zamek.pl\/wp-content\/uploads\/2018\/02\/2-m.Anna-Klinkosz.jpg\"><img loading=\"lazy\" decoding=\"async\" class=\"alignnone size-medium wp-image-387\" src=\"http:\/\/fotoklub-zamek.pl\/wp-content\/uploads\/2018\/02\/2-m.Anna-Klinkosz-160x107.jpg\" alt=\"\" width=\"160\" height=\"107\" srcset=\"https:\/\/fotoklub-zamek.pl\/wp-content\/uploads\/2018\/02\/2-m.Anna-Klinkosz-160x107.jpg 160w, https:\/\/fotoklub-zamek.pl\/wp-content\/uploads\/2018\/02\/2-m.Anna-Klinkosz-768x511.jpg 768w, https:\/\/fotoklub-zamek.pl\/wp-content\/uploads\/2018\/02\/2-m.Anna-Klinkosz-1024x682.jpg 1024w, https:\/\/fotoklub-zamek.pl\/wp-content\/uploads\/2018\/02\/2-m.Anna-Klinkosz.jpg 1200w\" sizes=\"auto, (max-width: 160px) 100vw, 160px\" \/><\/a><\/p>\n<p>M.B. 3m&nbsp; <a href=\"http:\/\/fotoklub-zamek.pl\/wp-content\/uploads\/2018\/02\/3-m-Marek-Bogdzi\u0144ski.jpg\"><img loading=\"lazy\" decoding=\"async\" class=\"alignnone size-medium wp-image-388\" src=\"http:\/\/fotoklub-zamek.pl\/wp-content\/uploads\/2018\/02\/3-m-Marek-Bogdzi\u0144ski-160x114.jpg\" alt=\"\" width=\"160\" height=\"114\" srcset=\"https:\/\/fotoklub-zamek.pl\/wp-content\/uploads\/2018\/02\/3-m-Marek-Bogdzi\u0144ski-160x114.jpg 160w, https:\/\/fotoklub-zamek.pl\/wp-content\/uploads\/2018\/02\/3-m-Marek-Bogdzi\u0144ski-768x546.jpg 768w, https:\/\/fotoklub-zamek.pl\/wp-content\/uploads\/2018\/02\/3-m-Marek-Bogdzi\u0144ski-1024x728.jpg 1024w, https:\/\/fotoklub-zamek.pl\/wp-content\/uploads\/2018\/02\/3-m-Marek-Bogdzi\u0144ski.jpg 1200w\" sizes=\"auto, (max-width: 160px) 100vw, 160px\" \/><\/a>&nbsp;&nbsp;&nbsp;&nbsp;&nbsp;&nbsp;&nbsp; A.K. 3m&nbsp; <a href=\"http:\/\/fotoklub-zamek.pl\/wp-content\/uploads\/2018\/02\/3-m-Anna-Klinkosz.jpg\"><img loading=\"lazy\" decoding=\"async\" class=\"alignnone size-medium wp-image-389\" src=\"http:\/\/fotoklub-zamek.pl\/wp-content\/uploads\/2018\/02\/3-m-Anna-Klinkosz-160x107.jpg\" alt=\"\" width=\"160\" height=\"107\" srcset=\"https:\/\/fotoklub-zamek.pl\/wp-content\/uploads\/2018\/02\/3-m-Anna-Klinkosz-160x107.jpg 160w, https:\/\/fotoklub-zamek.pl\/wp-content\/uploads\/2018\/02\/3-m-Anna-Klinkosz-768x511.jpg 768w, https:\/\/fotoklub-zamek.pl\/wp-content\/uploads\/2018\/02\/3-m-Anna-Klinkosz-1024x682.jpg 1024w, https:\/\/fotoklub-zamek.pl\/wp-content\/uploads\/2018\/02\/3-m-Anna-Klinkosz.jpg 1200w\" sizes=\"auto, (max-width: 160px) 100vw, 160px\" \/><\/a><\/p>\n<p>Wyr\u00f3\u017cnionym autorom gratulujemy !<\/p>\n<hr>\n<h4><span style=\"color: #ffff00;\">Konkurs miesi\u0105ca &#8211; pa\u017adziernik<\/span><\/h4>\n<p>\u015aroda, 08 Listopad 2017<\/p>\n<p>Z pa\u017adziernikowym konkursem miesi\u0105ca ka\u017cdy z Fotoklubowicz\u00f3w musia\u0142 sobie poradzi\u0107 &#8222;solo&#8221;:)<br \/>Tak, tak Drodzy Pa\u0144stwo &#8211; temat &#8222;Solo&#8221;&#8230;. to w\u0142a\u015bnie dos\u0142owne wyodr\u0119bnienie, jednostkowo\u015b\u0107 danego elementu, odseparowanie od t\u0142a\/otoczenia sta\u0142o si\u0119 jesiennym wyzwaniem fotograficznym. I jak zwykle fotograficy Fotoklubu Zamek nie zawiedli, daj\u0105c upust swojej wyobra\u017ani i prezentuj\u0105c kunszt mo\u017cliwo\u015bci fotograficznych.<br \/>Zdecydowanie wybrano najlepsze prace przyznaj\u0105c odpowiednio wyr\u00f3\u017cnienia:<br \/>I miejsce &#8211; Regina Nowotarska<br \/>II miejsce &#8211; Grzegorz Miko\u0142ajczyk<br \/>III miejsce &#8211; Krzysztof Lachowicz<br \/>wyr\u00f3\u017cnienie &#8211; Krzysztof Lachowicz<br \/>Laureatom bardzo gratulujemy !!!<\/p>\n<p>RN<a class=\"thumbnail highslide with-zoomin-img zoomin-cur\" title=\"Regina Nowotarska 1 m\" href=\"http:\/\/www.fotoklub.zamek.szczecin.pl\/images\/obrazki\/2017\/konkurs__miesiaca\/pazdziernik\/Regina_Nowotarska_1_m.jpg\"><img loading=\"lazy\" decoding=\"async\" src=\"http:\/\/www.fotoklub.zamek.szczecin.pl\/images\/thumbnails\/images\/obrazki\/2017\/konkurs__miesiaca\/pazdziernik\/Regina_Nowotarska_1_m-90x59.jpg\" alt=\"Regina Nowotarska 1 m\" width=\"90\" height=\"59\"><\/a>&nbsp;&nbsp;&nbsp; GM<a class=\"thumbnail highslide with-zoomin-img zoomin-cur\" title=\"Grzegorz Miko\u0142akczyk 2m\" href=\"http:\/\/www.fotoklub.zamek.szczecin.pl\/images\/obrazki\/2017\/konkurs__miesiaca\/pazdziernik\/Grzegorz_Miko\u0142akczyk_2m.jpg\"><img loading=\"lazy\" decoding=\"async\" src=\"http:\/\/www.fotoklub.zamek.szczecin.pl\/images\/thumbnails\/images\/obrazki\/2017\/konkurs__miesiaca\/pazdziernik\/Grzegorz_Mikoakczyk_2m-90x56.jpg\" alt=\"Grzegorz Miko\u0142akczyk 2m\" width=\"90\" height=\"56\"><\/a>&nbsp;&nbsp;&nbsp; KL<a class=\"thumbnail highslide with-zoomin-img zoomin-cur\" title=\"Krzysztof Lachowicz 3m\" href=\"http:\/\/www.fotoklub.zamek.szczecin.pl\/images\/obrazki\/2017\/konkurs__miesiaca\/pazdziernik\/Krzysztof_Lachowicz_3m.jpg\"><img loading=\"lazy\" decoding=\"async\" src=\"http:\/\/www.fotoklub.zamek.szczecin.pl\/images\/thumbnails\/images\/obrazki\/2017\/konkurs__miesiaca\/pazdziernik\/Krzysztof_Lachowicz_3m-77x58.jpg\" alt=\"Krzysztof Lachowicz 3m\" width=\"77\" height=\"58\"><\/a>&nbsp;&nbsp;&nbsp; KL<a class=\"thumbnail highslide with-zoomin-img zoomin-cur\" title=\"Krzysztof Lachowicz wyr\" href=\"http:\/\/www.fotoklub.zamek.szczecin.pl\/images\/obrazki\/2017\/konkurs__miesiaca\/pazdziernik\/Krzysztof_Lachowicz_wyr.jpg\"><img loading=\"lazy\" decoding=\"async\" src=\"http:\/\/www.fotoklub.zamek.szczecin.pl\/images\/thumbnails\/images\/obrazki\/2017\/konkurs__miesiaca\/pazdziernik\/Krzysztof_Lachowicz_wyr-81x58.jpg\" alt=\"Krzysztof Lachowicz wyr\" width=\"81\" height=\"58\"><br \/><\/a><\/p>\n<hr>\n<h4><span style=\"color: #ffff00;\">Konkurs miesi\u0105ca &#8211; wrzesie\u0144<\/span><\/h4>\n<p>\u015aroda, 08 Listopad 2017<\/p>\n<p>Wrze\u015bniowy konkurs miesi\u0105ca rozstrzygni\u0119ty.&#8221;Zgadnij co to&#8221; &#8211; temat do\u015b\u0107 tajemniczy, pozwalaj\u0105cy na swobodne podej\u015bcie do zagadnienia, daj\u0105cy szerokie pole do interpretacji i kreatywnego wyra\u017cenia enigmatycznej natury rzeczy, kt\u00f3r\u0105 chcemy sfotografowa\u0107. Konkursowe prace przedstawia\u0142y zar\u00f3wno elementy martwej natury, cz\u0119\u015bci otaczaj\u0105cego nas \u015bwiata, jak r\u00f3wnie\u017c, pojawi\u0142y si\u0119 zdj\u0119cia wykorzystuj\u0105ce r\u00f3\u017cne techniki monta\u017cu i postprodukcji, ukazuj\u0105ce rzeczywisto\u015b\u0107 w odmienny spos\u00f3b, artystycznie je odrealniaj\u0105c, zmuszaj\u0105c widza do zastanowienia i przemy\u015ble\u0144 nad ich natur\u0105. Cz\u0142onkowie Fotoklubu zdecydowali, \u017ce na szczeg\u00f3ln\u0105 uwag\u0119 zas\u0142uguj\u0105 prace:<br \/>1. Jolanty Lalak (I miejsce)<br \/>2. Anny Klinkosz i Grzegorza Miko\u0142ajczyka (ex aequo II miejsce)<br \/>3. Reginy Nowotarskiej i Krzysztofa Lachowicza (ex aequo III miejsce).<br \/>Serdecznie gratulujemy laureatom!<\/p>\n<p>JL<a class=\"thumbnail highslide with-zoomin-img zoomin-cur\" title=\"Jolanta Lalak 1m\" href=\"http:\/\/www.fotoklub.zamek.szczecin.pl\/images\/obrazki\/2017\/konkurs__miesiaca\/wrzesien\/Jolanta_Lalak_1m.jpg\"><img loading=\"lazy\" decoding=\"async\" src=\"http:\/\/www.fotoklub.zamek.szczecin.pl\/images\/thumbnails\/images\/obrazki\/2017\/konkurs__miesiaca\/wrzesien\/Jolanta_Lalak_1m-85x55.jpg\" alt=\"Jolanta Lalak 1m\" width=\"85\" height=\"55\"><\/a>&nbsp;&nbsp;&nbsp; AK<a class=\"thumbnail highslide with-zoomin-img zoomin-cur\" title=\"Anna Klinkosz 2m\" href=\"http:\/\/www.fotoklub.zamek.szczecin.pl\/images\/obrazki\/2017\/konkurs__miesiaca\/wrzesien\/Anna_Klinkosz_2m.jpg\"><img loading=\"lazy\" decoding=\"async\" src=\"http:\/\/www.fotoklub.zamek.szczecin.pl\/images\/thumbnails\/images\/obrazki\/2017\/konkurs__miesiaca\/wrzesien\/Anna_Klinkosz_2m-85x56.jpg\" alt=\"Anna Klinkosz 2m\" width=\"85\" height=\"56\"><\/a>&nbsp;&nbsp;&nbsp; GM<a class=\"thumbnail highslide with-zoomin-img zoomin-cur\" title=\"Grzegorz Miko\u0142ajczyk 2m\" href=\"http:\/\/www.fotoklub.zamek.szczecin.pl\/images\/obrazki\/2017\/konkurs__miesiaca\/wrzesien\/Grzegorz_Miko\u0142ajczyk_2m.jpg\"><img loading=\"lazy\" decoding=\"async\" src=\"http:\/\/www.fotoklub.zamek.szczecin.pl\/images\/thumbnails\/images\/obrazki\/2017\/konkurs__miesiaca\/wrzesien\/Grzegorz_Mikoajczyk_2m-85x52.jpg\" alt=\"Grzegorz Miko\u0142ajczyk 2m\" width=\"85\" height=\"52\"><\/a>&nbsp;&nbsp; RN<a class=\"thumbnail highslide with-zoomin-img zoomin-cur\" title=\"Regina Nowotarska 3m\" href=\"http:\/\/www.fotoklub.zamek.szczecin.pl\/images\/obrazki\/2017\/konkurs__miesiaca\/wrzesien\/Regina_Nowotarska_3m.jpg\"><img loading=\"lazy\" decoding=\"async\" src=\"http:\/\/www.fotoklub.zamek.szczecin.pl\/images\/thumbnails\/images\/obrazki\/2017\/konkurs__miesiaca\/wrzesien\/Regina_Nowotarska_3m-54x54.jpg\" alt=\"Regina Nowotarska 3m\" width=\"54\" height=\"54\"><\/a>&nbsp;&nbsp;&nbsp; KL<a class=\"thumbnail highslide with-zoomin-img zoomin-cur\" title=\"Krzysztof Lachowicz 3m\" href=\"http:\/\/www.fotoklub.zamek.szczecin.pl\/images\/obrazki\/2017\/konkurs__miesiaca\/wrzesien\/Krzysztof_Lachowicz_3m.jpg\"><img loading=\"lazy\" decoding=\"async\" src=\"http:\/\/www.fotoklub.zamek.szczecin.pl\/images\/thumbnails\/images\/obrazki\/2017\/konkurs__miesiaca\/wrzesien\/Krzysztof_Lachowicz_3m-81x53.jpg\" alt=\"Krzysztof Lachowicz 3m\" width=\"81\" height=\"53\"><\/a><\/p>\n<hr>\n<h4><span style=\"color: #ffff00;\">Konkurs miesi\u0105ca &#8211; czerwiec<\/span><\/h4>\n<p>Wtorek, 11 Lipiec 2017<\/p>\n<p>Ostatni przedwakacyjny konkurs miesi\u0105ca rozstrzygni\u0119ty. Tym razem wyzwaniem fotograficznym sta\u0142a si\u0119 &#8222;Martwa natura&#8221;. Tematyka ta, aby by\u0107 interesuj\u0105c\u0105 i przyjemn\u0105 dla oka, wymaga od fotografa zastosowania m.in. nienagannej kompozycji, tw\u00f3rczego wykorzystania \u015bwiate\u0142 i cieni, zbalansowanego zaprezentowania kolor\u00f3w, czy te\u017c minimalistycznego uj\u0119cia danego tematu.<br \/>Bior\u0105c powy\u017csze pod uwag\u0119 cz\u0142onkowie Fotoklubu wy\u0142onili wg. nich najlepsze fotografie.<br \/>Laureatami zostali:<br \/>* Grzegorz Miko\u0142ajczyk, zajmuj\u0105c kolejno miejsca pierwsze i drugie za swoje prace oraz<br \/>* Pawe\u0142 Tomiak plasuj\u0105c si\u0119 na trzecim miejscu.<br \/>Zwyci\u0119zcom serdecznie gratulujemy!<\/p>\n<p>1.GM <a class=\"thumbnail highslide with-zoomin-img zoomin-cur\" title=\"Grzegorz-Miko\u0142ajczyk 1\" href=\"http:\/\/www.fotoklub.zamek.szczecin.pl\/images\/obrazki\/2017\/konkurs__miesiaca\/czerwiec\/Grzegorz-Miko\u0142ajczyk_1.jpg\"><img loading=\"lazy\" decoding=\"async\" src=\"http:\/\/www.fotoklub.zamek.szczecin.pl\/images\/thumbnails\/images\/obrazki\/2017\/konkurs__miesiaca\/czerwiec\/Grzegorz-Mikoajczyk_1-80x120.jpg\" alt=\"Grzegorz-Miko\u0142ajczyk 1\" width=\"80\" height=\"120\"><\/a>&nbsp;&nbsp;&nbsp; 2.GM <a class=\"thumbnail highslide with-zoomin-img zoomin-cur\" title=\"Grzegorz-Miko\u0142ajczyk 2\" href=\"http:\/\/www.fotoklub.zamek.szczecin.pl\/images\/obrazki\/2017\/konkurs__miesiaca\/czerwiec\/Grzegorz-Miko\u0142ajczyk_2.jpg\"><img loading=\"lazy\" decoding=\"async\" src=\"http:\/\/www.fotoklub.zamek.szczecin.pl\/images\/thumbnails\/images\/obrazki\/2017\/konkurs__miesiaca\/czerwiec\/Grzegorz-Mikoajczyk_2-79x120.jpg\" alt=\"Grzegorz-Miko\u0142ajczyk 2\" width=\"79\" height=\"120\"><\/a>&nbsp;&nbsp;&nbsp; GM <a class=\"thumbnail highslide with-zoomin-img zoomin-cur\" title=\"Grzegorz-Miko\u0142ajczyk 22\" href=\"http:\/\/www.fotoklub.zamek.szczecin.pl\/images\/obrazki\/2017\/konkurs__miesiaca\/czerwiec\/Grzegorz-Miko\u0142ajczyk_22.jpg\"><img loading=\"lazy\" decoding=\"async\" src=\"http:\/\/www.fotoklub.zamek.szczecin.pl\/images\/thumbnails\/images\/obrazki\/2017\/konkurs__miesiaca\/czerwiec\/Grzegorz-Mikoajczyk_22-120x80.jpg\" alt=\"Grzegorz-Miko\u0142ajczyk 22\" width=\"120\" height=\"80\"><\/a>&nbsp;&nbsp;&nbsp; 3.PT <a class=\"thumbnail highslide with-zoomin-img zoomin-cur\" title=\"Pawe\u0142-Tomiak 3\" href=\"http:\/\/www.fotoklub.zamek.szczecin.pl\/images\/obrazki\/2017\/konkurs__miesiaca\/czerwiec\/Pawe\u0142-Tomiak_3.jpg\"><img loading=\"lazy\" decoding=\"async\" src=\"http:\/\/www.fotoklub.zamek.szczecin.pl\/images\/thumbnails\/images\/obrazki\/2017\/konkurs__miesiaca\/czerwiec\/Pawe-Tomiak_3-79x120.jpg\" alt=\"Pawe\u0142-Tomiak 3\" width=\"79\" height=\"120\"><\/a><\/p>\n<hr>\n<h4><span style=\"color: #ffff00;\">Konkurs miesi\u0105ca &#8211; maj<\/span><\/h4>\n<p>Niedziela, 11 Czerwiec 2017<\/p>\n<p>Industrializacja &#8211; czyli uprzemys\u0142owienie, inaczej proces polegaj\u0105cy na szybszym rozwoju przemys\u0142u od innych dzia\u0142\u00f3w gospodarki narodowej&#8230; Taki oto temat wymy\u015blili sobie cz\u0142onkowie Fotoklubu Zamek na majowy konkurs miesi\u0105ca :)Temat bardzo szeroki, z wieloma mo\u017cliwo\u015bciami interpretacji, kreacji artystycznej i jak si\u0119 okaza\u0142o bardzo interesuj\u0105cy dla fotograf\u00f3w, gdy\u017c zg\u0142oszonych zosta\u0142o dwadzie\u015bcia prac. Niew\u0105tpliwie zwyci\u0119zc\u0105 konkursu zosta\u0142a nasza kole\u017canka Jolanta Lalak, kt\u00f3rej trzy zg\u0142oszone zdj\u0119cia znalaz\u0142y si\u0119 na wszystkich miejscach podium. O laur zwyci\u0119stwa wa\u0142czy\u0142 r\u00f3wnie\u017c kolega Andrzej Rozkrut, kt\u00f3rego zdj\u0119cie zdoby\u0142o ex aequo drugie miejsce.<br \/>Serdecznie gratulujemy laureatom.<\/p>\n<p>1. <a class=\"thumbnail highslide with-zoomin-img zoomin-cur\" title=\"Jolanta Lalak - 1 miejsce\" href=\"http:\/\/www.fotoklub.zamek.szczecin.pl\/images\/obrazki\/2017\/konkurs__miesiaca\/maj\/Jolanta_Lalak_-_1_miejsce.jpg\"><img loading=\"lazy\" decoding=\"async\" src=\"http:\/\/www.fotoklub.zamek.szczecin.pl\/images\/thumbnails\/images\/obrazki\/2017\/konkurs__miesiaca\/maj\/Jolanta_Lalak_-_1_miejsce-110x73.jpg\" alt=\"Jolanta Lalak - 1 miejsce\" width=\"110\" height=\"73\"><\/a>&nbsp;&nbsp;&nbsp;&nbsp; 2. <a class=\"thumbnail highslide with-zoomin-img zoomin-cur\" title=\"Jolanta Lalak - 2 miejsce\" href=\"http:\/\/www.fotoklub.zamek.szczecin.pl\/images\/obrazki\/2017\/konkurs__miesiaca\/maj\/Jolanta_Lalak_-_2_miejsce.jpg\"><img loading=\"lazy\" decoding=\"async\" src=\"http:\/\/www.fotoklub.zamek.szczecin.pl\/images\/thumbnails\/images\/obrazki\/2017\/konkurs__miesiaca\/maj\/Jolanta_Lalak_-_2_miejsce-110x72.jpg\" alt=\"Jolanta Lalak - 2 miejsce\" width=\"110\" height=\"72\"><\/a>&nbsp;&nbsp;&nbsp;&nbsp; 2. <a class=\"thumbnail highslide with-zoomin-img zoomin-cur\" title=\"Andrzej Rozkrut - 2 miejsce\" href=\"http:\/\/www.fotoklub.zamek.szczecin.pl\/images\/obrazki\/2017\/konkurs__miesiaca\/maj\/Andrzej_Rozkrut_-_2_miejsce.jpg\"><img loading=\"lazy\" decoding=\"async\" src=\"http:\/\/www.fotoklub.zamek.szczecin.pl\/images\/thumbnails\/images\/obrazki\/2017\/konkurs__miesiaca\/maj\/Andrzej_Rozkrut_-_2_miejsce-110x73.jpg\" alt=\"Andrzej Rozkrut - 2 miejsce\" width=\"110\" height=\"73\"><\/a>&nbsp;&nbsp;&nbsp; 3.<a class=\"thumbnail highslide with-zoomin-img zoomin-cur\" title=\"Jolanta Lalak - 3 miejsce\" href=\"http:\/\/www.fotoklub.zamek.szczecin.pl\/images\/obrazki\/2017\/konkurs__miesiaca\/maj\/Jolanta_Lalak_-_3_miejsce.jpg\"><img loading=\"lazy\" decoding=\"async\" src=\"http:\/\/www.fotoklub.zamek.szczecin.pl\/images\/thumbnails\/images\/obrazki\/2017\/konkurs__miesiaca\/maj\/Jolanta_Lalak_-_3_miejsce-110x73.jpg\" alt=\"Jolanta Lalak - 3 miejsce\" width=\"110\" height=\"73\"><br \/><\/a><\/p>\n<hr>\n<h4><span style=\"color: #ffff00;\">Konkurs miesi\u0105ca &#8211; kwiecie\u0144<\/span><\/h4>\n<p>\u015aroda, 10 Maj 2017<\/p>\n<p>Kwietniowy konkurs miesi\u0105ca rozstrzygni\u0119ty.<br \/>Temat &#8222;Bia\u0142e na bia\u0142ym&#8221; zaowocowa\u0142 bardzo dobrymi kadrami si\u0119gaj\u0105cymi do wszystkich dziedzin fotografii: od martwej natury, przez fotografi\u0119 przyrody, wysublimowany portret i akty, a\u017c po surrealistyczne kompozycje.<br \/>Dokonuj\u0105c oceny zdj\u0119\u0107 w nowej formule jawnego g\u0142osowania cz\u0142onkowie klubu wy\u0142onili zwyci\u0119zc\u00f3w.<br \/>I. miejsce: Jolanta Lalak i Andrzej Rozkrut<br \/>II. miejsce: Grzegorz Miko\u0142ajczyk<br \/>III. miejsce: Krzysztof Lachowicz<br \/>Zwyci\u0119zcom serdecznie gratulujemy!<\/p>\n<p>1.JL <a class=\"thumbnail highslide with-zoomin-img zoomin-cur\" title=\"I-miejsce-Jolanta-Lalak\" href=\"http:\/\/www.fotoklub.zamek.szczecin.pl\/images\/obrazki\/2017\/konkurs__miesiaca\/kwiecien\/I-miejsce-Jolanta-Lalak.jpg\"><img loading=\"lazy\" decoding=\"async\" src=\"http:\/\/www.fotoklub.zamek.szczecin.pl\/images\/thumbnails\/images\/obrazki\/2017\/konkurs__miesiaca\/kwiecien\/I-miejsce-Jolanta-Lalak-100x66.jpg\" alt=\"I-miejsce-Jolanta-Lalak\" width=\"100\" height=\"66\"><\/a>&nbsp;&nbsp;&nbsp;&nbsp; AR <a class=\"thumbnail highslide with-zoomin-img zoomin-cur\" title=\"I-miejsce-Andrzej-Rozkrut\" href=\"http:\/\/www.fotoklub.zamek.szczecin.pl\/images\/obrazki\/2017\/konkurs__miesiaca\/kwiecien\/I-miejsce-Andrzej-Rozkrut.jpg\"><img loading=\"lazy\" decoding=\"async\" src=\"http:\/\/www.fotoklub.zamek.szczecin.pl\/images\/thumbnails\/images\/obrazki\/2017\/konkurs__miesiaca\/kwiecien\/I-miejsce-Andrzej-Rozkrut-99x65.jpg\" alt=\"I-miejsce-Andrzej-Rozkrut\" width=\"99\" height=\"65\"><\/a> &nbsp; &nbsp; 2.GM <a class=\"thumbnail highslide with-zoomin-img zoomin-cur\" title=\"II-miejsce-Grzegorz-Miko\u00e9ajczyk\" href=\"http:\/\/www.fotoklub.zamek.szczecin.pl\/images\/obrazki\/2017\/konkurs__miesiaca\/kwiecien\/II-miejsce-Grzegorz-Miko\u00e9ajczyk.jpg\"><img loading=\"lazy\" decoding=\"async\" src=\"http:\/\/www.fotoklub.zamek.szczecin.pl\/images\/thumbnails\/images\/obrazki\/2017\/konkurs__miesiaca\/kwiecien\/II-miejsce-Grzegorz-Mikoajczyk-100x65.jpg\" alt=\"II-miejsce-Grzegorz-Miko\u00e9ajczyk\" width=\"100\" height=\"65\"><\/a>&nbsp;&nbsp;&nbsp;&nbsp; 3.KL <a class=\"thumbnail highslide with-zoomin-img zoomin-cur\" title=\"III-miejsce-Krzysztof-Lachowicz\" href=\"http:\/\/www.fotoklub.zamek.szczecin.pl\/images\/obrazki\/2017\/konkurs__miesiaca\/kwiecien\/III-miejsce-Krzysztof-Lachowicz.jpg\"><img loading=\"lazy\" decoding=\"async\" src=\"http:\/\/www.fotoklub.zamek.szczecin.pl\/images\/thumbnails\/images\/obrazki\/2017\/konkurs__miesiaca\/kwiecien\/III-miejsce-Krzysztof-Lachowicz-100x67.jpg\" alt=\"III-miejsce-Krzysztof-Lachowicz\" width=\"100\" height=\"67\"><br \/><\/a><\/p>\n<hr>\n<p>&nbsp;<\/p>\n<h4><span style=\"color: #ffff00;\">Konkurs miesi\u0105ca &#8211; marzec<\/span><\/h4>\n<p>Niedziela, 23 Kwiecie\u0144 2017<\/p>\n<p>Marcowy konkurs miesi\u0105ca pod tytu\u0142em \u201eW ciemno\u015bci\u201d, obfitowa\u0142 wysypem \u015bwietnych zdj\u0119\u0107 wykonanych przez cz\u0142onk\u00f3w fotoklubu. Mieli\u015bmy du\u017cy problem z wytypowaniem zwyci\u0119zc\u00f3w, st\u0105d a\u017c tyle zdj\u0119\u0107 znalaz\u0142o si\u0119 w fina\u0142owej tr\u00f3jce.<br \/>1. miejsce \u2013 Stanis\u0142aw B\u0105bolewski i Andrzej Krupi\u0144ski<br \/>2. miejsce \u2013 Stanis\u0142aw B\u0105bolewski i Krzysztof Lachowicz (niestety jeszcze nie przys\u0142a\u0142 zdj\u0119\u0107)<br \/>3. miejsce \u2013 Jolanta Lalak<br \/>Wyr\u00f3\u017cnienie otrzyma\u0142 Andrzej Krupi\u0144ski.<br \/>Gratulujemy i \u017cyczymy dalszych sukces\u00f3w.<\/p>\n<p>1. <a class=\"thumbnail highslide with-zoomin-img zoomin-cur\" title=\"Stanis\u0142aw B\u0105bolewski 1m\" href=\"http:\/\/www.fotoklub.zamek.szczecin.pl\/images\/obrazki\/2017\/konkurs__miesiaca\/marzec\/Stanis\u0142aw_B\u0105bolewski_1m.jpg\"><img loading=\"lazy\" decoding=\"async\" src=\"http:\/\/www.fotoklub.zamek.szczecin.pl\/images\/thumbnails\/images\/obrazki\/2017\/konkurs__miesiaca\/marzec\/Stanisaw_Bbolewski_1m-71x100.jpg\" alt=\"Stanis\u0142aw B\u0105bolewski 1m\" width=\"71\" height=\"100\"><\/a> &nbsp; &nbsp; <a class=\"thumbnail highslide with-zoomin-img zoomin-cur\" title=\"A.Krupi\u0144ski I-miejsce\" href=\"http:\/\/www.fotoklub.zamek.szczecin.pl\/images\/obrazki\/2017\/konkurs__miesiaca\/marzec\/A.Krupi\u0144ski_I-miejsce.jpg\"><img loading=\"lazy\" decoding=\"async\" src=\"http:\/\/www.fotoklub.zamek.szczecin.pl\/images\/thumbnails\/images\/obrazki\/2017\/konkurs__miesiaca\/marzec\/A.Krupiski_I-miejsce-100x66.jpg\" alt=\"A.Krupi\u0144ski I-miejsce\" width=\"100\" height=\"66\"><\/a>&nbsp;&nbsp;&nbsp;&nbsp; 2. <a class=\"thumbnail highslide with-zoomin-img zoomin-cur\" title=\"Stanis\u0142aw B\u0105bolewski 2m\" href=\"http:\/\/www.fotoklub.zamek.szczecin.pl\/images\/obrazki\/2017\/konkurs__miesiaca\/marzec\/Stanis\u0142aw_B\u0105bolewski_2m.jpg\"><img loading=\"lazy\" decoding=\"async\" src=\"http:\/\/www.fotoklub.zamek.szczecin.pl\/images\/thumbnails\/images\/obrazki\/2017\/konkurs__miesiaca\/marzec\/Stanisaw_Bbolewski_2m-94x66.jpg\" alt=\"Stanis\u0142aw B\u0105bolewski 2m\" width=\"94\" height=\"66\"><\/a>&nbsp;&nbsp;&nbsp;&nbsp; 3. <a class=\"thumbnail highslide with-zoomin-img zoomin-cur \" title=\"Jolanta-Lalak- W ciemno\u015bci 3 m\" href=\"http:\/\/www.fotoklub.zamek.szczecin.pl\/images\/obrazki\/2017\/konkurs__miesiaca\/marzec\/Jolanta-Lalak-_W_ciemno\u015bci_3_m.jpg\"><img loading=\"lazy\" decoding=\"async\" src=\"http:\/\/www.fotoklub.zamek.szczecin.pl\/images\/thumbnails\/images\/obrazki\/2017\/konkurs__miesiaca\/marzec\/Jolanta-Lalak-_W_ciemnoci_3_m-66x100.jpg\" alt=\"Jolanta-Lalak- W ciemno\u015bci 3 m\" width=\"66\" height=\"100\"><\/a>&nbsp;&nbsp;&nbsp;&nbsp; wyr. <a class=\"thumbnail highslide with-zoomin-img zoomin-cur\" title=\"A.Krupi\u0144ski wyr\u00f3\u017cnienie\" href=\"http:\/\/www.fotoklub.zamek.szczecin.pl\/images\/obrazki\/2017\/konkurs__miesiaca\/marzec\/A.Krupi\u0144ski_wyr\u00f3\u017cnienie.jpg\"><img loading=\"lazy\" decoding=\"async\" src=\"http:\/\/www.fotoklub.zamek.szczecin.pl\/images\/thumbnails\/images\/obrazki\/2017\/konkurs__miesiaca\/marzec\/A.Krupiski_wyrnienie-100x65.jpg\" alt=\"A.Krupi\u0144ski wyr\u00f3\u017cnienie\" width=\"100\" height=\"65\"><br \/><\/a><\/p>\n<hr>\n<p>&nbsp;<\/p>\n<h4><span style=\"color: #ffff00;\">TEMATY KONKURS\u00d3W MIESI\u0104CA W 2017r.<\/span><\/h4>\n<p>\u015aroda, 15 Marzec 2017<\/p>\n<p>marzec \u2013 W ciemno\u015bci<br \/>kwiecie\u0144 \u2013 Bia\u0142e na bia\u0142ym<br \/>maj \u2013 Industrializacja<br \/>czerwiec \u2013 Martwa natura<br \/>sierpie\u0144 \u2013 Natura wody (Rozstrzygni\u0119cie konkursu w pierwszym tygodniu wrze\u015bnia)<br \/>wrzesie\u0144 \u2013 Zgadnij co to?<br \/>pa\u017adziernik \u2013 Solo<br \/>listopad \u2013 Bokeh<br \/>grudzie\u0144 \u2013 W prawo, w lewo?<br \/>stycze\u0144 (2018) \u2013 Las<br \/>luty \u2013 Na granicy\u2026<br \/>marzec \u2013 Problem spo\u0142eczny<\/p>\n<hr>\n<h4><span style=\"color: #ffff00;\">Konkurs miesi\u0105ca &#8211; stycze\u0144<\/span><\/h4>\n<p>\u015aroda, 01 Marzec 2017<\/p>\n<p>&#8222;Makro&#8221; &#8211; temat ostatniego konkursu miesi\u0105ca rozstrzygni\u0119ty!<br \/>Zdj\u0119cia, kt\u00f3re zaprezentowali Klubowicze przedstawia\u0142y g\u0142\u00f3wnie zbli\u017cenia owad\u00f3w i ro\u015blin. Pojawi\u0142y si\u0119 te\u017c ciekawe fotografie wykonane technik\u0105 makroskopow\u0105. Najwi\u0119ksz\u0105 jednak uwag\u0119 przyci\u0105gn\u0119\u0142y prace kol. Waldemara \u017baka prezentuj\u0105ce portrety owad\u00f3w i to w\u0142a\u015bnie one zapewni\u0142y Koledze zwyci\u0119stwo. Gratulujemy serdecznie!<\/p>\n<p><a class=\"thumbnail highslide with-zoomin-img zoomin-cur\" title=\"DSC 4429-Edit\" href=\"http:\/\/www.fotoklub.zamek.szczecin.pl\/images\/obrazki\/2017\/konkurs__miesiaca\/styczen\/DSC_4429-Edit.jpg\"><img loading=\"lazy\" decoding=\"async\" src=\"http:\/\/www.fotoklub.zamek.szczecin.pl\/images\/thumbnails\/images\/obrazki\/2017\/konkurs__miesiaca\/styczen\/DSC_4429-Edit-150x99.jpg\" alt=\"DSC 4429-Edit\" width=\"150\" height=\"99\"><\/a> &nbsp; &nbsp;&nbsp; <a class=\"thumbnail highslide with-zoomin-img zoomin-cur\" title=\"DSC 3489-Edit\" href=\"http:\/\/www.fotoklub.zamek.szczecin.pl\/images\/obrazki\/2017\/konkurs__miesiaca\/styczen\/DSC_3489-Edit.jpg\"><img loading=\"lazy\" decoding=\"async\" src=\"http:\/\/www.fotoklub.zamek.szczecin.pl\/images\/thumbnails\/images\/obrazki\/2017\/konkurs__miesiaca\/styczen\/DSC_3489-Edit-150x100.jpg\" alt=\"DSC 3489-Edit\" width=\"150\" height=\"100\"><\/a>&nbsp;&nbsp;&nbsp;&nbsp;&nbsp; <a class=\"thumbnail highslide with-zoomin-img zoomin-cur\" title=\"DSC 3625-Edit-Edit\" href=\"http:\/\/www.fotoklub.zamek.szczecin.pl\/images\/obrazki\/2017\/konkurs__miesiaca\/styczen\/DSC_3625-Edit-Edit.jpg\"><img loading=\"lazy\" decoding=\"async\" src=\"http:\/\/www.fotoklub.zamek.szczecin.pl\/images\/thumbnails\/images\/obrazki\/2017\/konkurs__miesiaca\/styczen\/DSC_3625-Edit-Edit-150x99.jpg\" alt=\"DSC 3625-Edit-Edit\" width=\"150\" height=\"99\"><br \/><\/a><\/p>\n<hr>\n<p>&nbsp;<\/p>\n<h4><span style=\"color: #ffff00;\">Konkurs miesi\u0105ca &#8211; grudzie\u0144<\/span><\/h4>\n<p>Niedziela, 15 Stycze\u0144 2017<\/p>\n<p>W grudniowym konkursie miesi\u0105ca zmierzyli\u015bmy si\u0119 z tematem &#8222;Zwierz\u0119\/zwierz\u0119ta&#8221;. Temat prosty w interpretacji zaowocowa\u0142 oczywistymi kadrami zwierzak\u00f3w, kt\u00f3re klubowiczom uda\u0142o si\u0119 sfotografowa\u0107 w ich naturalnym \u015brodowisku, na spacerze, czy te\u017c w domu. Laureatami konkursu zostali: 1. miejsce &#8211; Stanis\u0142aw B\u0105bolewski; 2. miejsce &#8211; Szymon Moskwa; 3. miejsce &#8211; Andrzej Krupi\u0144ski.<br \/>Gratulujemy !<\/p>\n<p>1. <a class=\"thumbnail highslide with-zoomin-img zoomin-cur\" title=\"Wa\u017cka do druku 2017\" href=\"http:\/\/www.fotoklub.zamek.szczecin.pl\/images\/obrazki\/konkursy_miesiaca\/2016\/grudzien\/Wa\u017cka_do_druku_2017.jpg\"><img loading=\"lazy\" decoding=\"async\" src=\"http:\/\/www.fotoklub.zamek.szczecin.pl\/images\/thumbnails\/images\/obrazki\/konkursy_miesiaca\/2016\/grudzien\/Waka_do_druku_2017-120x85.jpg\" alt=\"Wa\u017cka do druku 2017\" width=\"120\" height=\"85\"><\/a> &nbsp; &nbsp;&nbsp; 2. <a class=\"thumbnail highslide with-zoomin-img zoomin-cur\" title=\"Szymon Moskwa II miejsce\" href=\"http:\/\/www.fotoklub.zamek.szczecin.pl\/images\/obrazki\/konkursy_miesiaca\/2016\/grudzien\/Szymon_Moskwa_II_miejsce.jpg\"><img loading=\"lazy\" decoding=\"async\" src=\"http:\/\/www.fotoklub.zamek.szczecin.pl\/images\/thumbnails\/images\/obrazki\/konkursy_miesiaca\/2016\/grudzien\/Szymon_Moskwa_II_miejsce-120x79.jpg\" alt=\"Szymon Moskwa II miejsce\" width=\"120\" height=\"79\"><\/a>&nbsp;&nbsp;&nbsp;&nbsp;&nbsp; 3. <a class=\"thumbnail highslide with-zoomin-img zoomin-cur\" title=\"Andrzej Krupi\u0144ski III-miejsce\" href=\"http:\/\/www.fotoklub.zamek.szczecin.pl\/images\/obrazki\/konkursy_miesiaca\/2016\/grudzien\/Andrzej_Krupi\u0144ski_III-miejsce.jpg\"><img loading=\"lazy\" decoding=\"async\" src=\"http:\/\/www.fotoklub.zamek.szczecin.pl\/images\/thumbnails\/images\/obrazki\/konkursy_miesiaca\/2016\/grudzien\/Andrzej_Krupiski_III-miejsce-120x80.jpg\" alt=\"Andrzej Krupi\u0144ski III-miejsce\" width=\"120\" height=\"80\"><br \/><\/a><\/p>\n<hr>\n<p>&nbsp;<\/p>\n<h4><span style=\"color: #ffff00;\">Konkurs miesi\u0105ca &#8211; listopad<\/span><\/h4>\n<p>\u015aroda, 14 Grudzie\u0144 2016 16:50<\/p>\n<p>I znowu nadszed\u0142 koniec miesi\u0105ca, a wraz z nim rozstrzygniecie kolejnego konkursu. Tym razem tematem by\u0142a &#8222;Rzeka&#8221;. Jurorem tego konkursu zosta\u0142 nasz go\u015b\u0107, Cezary Dubiel, kt\u00f3ry spo\u015br\u00f3d wielu zdj\u0119\u0107 wybra\u0142 najlepsze. Najlepsze zdj\u0119cia przedstawili: 1 miejsce &#8211; Jolanta Lalak, 2 miejsce &#8211; Andrzej Krupi\u0144ski, 3 miejsce \u2013 Anna Klinkosz i Jolanta Lalak.<\/p>\n<p>1.JL <a class=\"thumbnail highslide with-zoomin-img zoomin-cur\" title=\"Jolanta Lalak\" href=\"http:\/\/www.fotoklub.zamek.szczecin.pl\/images\/obrazki\/konkursy_miesiaca\/2016\/listopad\/Jolanta_Lalak.jpg\"><img loading=\"lazy\" decoding=\"async\" src=\"http:\/\/www.fotoklub.zamek.szczecin.pl\/images\/thumbnails\/images\/obrazki\/konkursy_miesiaca\/2016\/listopad\/Jolanta_Lalak-105x69.jpg\" alt=\"Jolanta Lalak\" width=\"105\" height=\"69\"><\/a>&nbsp;&nbsp;&nbsp;&nbsp; 2.AK <a class=\"thumbnail highslide with-zoomin-img zoomin-cur\" title=\"Andrzej Krupi\u0144ski II-miejsce\" href=\"http:\/\/www.fotoklub.zamek.szczecin.pl\/images\/obrazki\/konkursy_miesiaca\/2016\/listopad\/Andrzej_Krupi\u0144ski_II-miejsce.jpg\"><img loading=\"lazy\" decoding=\"async\" src=\"http:\/\/www.fotoklub.zamek.szczecin.pl\/images\/thumbnails\/images\/obrazki\/konkursy_miesiaca\/2016\/listopad\/Andrzej_Krupiski_II-miejsce-105x71.jpg\" alt=\"Andrzej Krupi\u0144ski II-miejsce\" width=\"105\" height=\"71\"><\/a>&nbsp;&nbsp;&nbsp;&nbsp; 3.AK <a class=\"thumbnail highslide with-zoomin-img zoomin-cur\" title=\"800 rzeka ujscie Biebrzy do Narwii annna klinkosz\" href=\"http:\/\/www.fotoklub.zamek.szczecin.pl\/images\/obrazki\/konkursy_miesiaca\/2016\/listopad\/800_rzeka_ujscie_Biebrzy_do_Narwii_annna_klinkosz.jpg\"><img loading=\"lazy\" decoding=\"async\" src=\"http:\/\/www.fotoklub.zamek.szczecin.pl\/images\/thumbnails\/images\/obrazki\/konkursy_miesiaca\/2016\/listopad\/800_rzeka_ujscie_Biebrzy_do_Narwii_annna_klinkosz-105x69.jpg\" alt=\"800 rzeka ujscie Biebrzy do Narwii annna klinkosz\" width=\"105\" height=\"69\"><\/a>&nbsp;&nbsp;&nbsp;&nbsp; JL <a class=\"thumbnail highslide with-zoomin-img zoomin-cur\" title=\"Jolanta Lalak 2\" href=\"http:\/\/www.fotoklub.zamek.szczecin.pl\/images\/obrazki\/konkursy_miesiaca\/2016\/listopad\/Jolanta_Lalak_2.jpg\"><img loading=\"lazy\" decoding=\"async\" src=\"http:\/\/www.fotoklub.zamek.szczecin.pl\/images\/thumbnails\/images\/obrazki\/konkursy_miesiaca\/2016\/listopad\/Jolanta_Lalak_2-105x72.jpg\" alt=\"Jolanta Lalak 2\" width=\"105\" height=\"72\"><br \/><\/a><\/p>\n<hr>\n<p>&nbsp;<\/p>\n<h4><span style=\"color: #ffff00;\">Konkurs miesi\u0105ca &#8211; pa\u017adziernik<\/span><\/h4>\n<p>\u015aroda, 02 Listopad 2016<\/p>\n<p>&#8222;Z g\u00f3ry&#8221; to temat ostatniego konkursu miesi\u0105ca. Wydawa\u0142oby si\u0119, \u017ce temat prosty, oczywisty &#8211; wystarczy co\u015b ciekawego sfotografowa\u0107 z g\u00f3ry i zdj\u0119cie gotowe. Ale tak nie by\u0142o. Niekt\u00f3rzy cz\u0142onkowie naszego klubu pr\u00f3bowali podej\u015b\u0107 do tematu w spos\u00f3b bardziej ambitny &#8211; np. uchwyci\u0107 obraz czego\u015b, co spada z g\u00f3ry. Okaza\u0142o si\u0119, \u017ce nie jest to takie proste, a zdj\u0119cia chybi\u0142y tematu. Inne zaprezentowane prace min\u0119\u0142y si\u0119 z tematem &#8211; bo przecie\u017c co\u015b, co jest na g\u00f3rze nie jest z g\u00f3ry. Reasumuj\u0105c, pa\u017adziernikowy konkurs pokaza\u0142 raz jeszcze, \u017ce mamy k\u0142opoty z interpretacj\u0105 temat\u00f3w konkurs\u00f3w i musimy nad tym popracowa\u0107.<br \/>W wyniku og\u00f3lnego g\u0142osowania 1-wsze miejsce przyznano Grzegorzowi Miko\u0142ajczykowi za &#8222;czysto\u015b\u0107&#8221; fotografii, 2-gie Annie Klinkosz za kopozycj\u0119, a 3-cie Jolancie Lalak za spostrzegawczo\u015b\u0107.<\/p>\n<p>1.<a class=\"thumbnail highslide with-zoomin-img zoomin-cur\" title=\"Grzegorz Miko\u0142ajczyk 1 m\" href=\"http:\/\/www.fotoklub.zamek.szczecin.pl\/images\/obrazki\/konkursy_miesiaca\/2016\/pazdziernik\/Grzegorz_Miko\u0142ajczyk_1_m.jpg\"><img loading=\"lazy\" decoding=\"async\" src=\"http:\/\/www.fotoklub.zamek.szczecin.pl\/images\/thumbnails\/images\/obrazki\/konkursy_miesiaca\/2016\/pazdziernik\/Grzegorz_Mikoajczyk_1_m-86x115.jpg\" alt=\"Grzegorz Miko\u0142ajczyk 1 m\" width=\"86\" height=\"115\"><\/a>&nbsp;&nbsp;&nbsp;&nbsp;&nbsp; 2. <a class=\"thumbnail highslide with-zoomin-img zoomin-cur\" title=\"annaklinkosz 2 m\" href=\"http:\/\/www.fotoklub.zamek.szczecin.pl\/images\/obrazki\/konkursy_miesiaca\/2016\/pazdziernik\/annaklinkosz_2_m.jpg\"><img loading=\"lazy\" decoding=\"async\" src=\"http:\/\/www.fotoklub.zamek.szczecin.pl\/images\/thumbnails\/images\/obrazki\/konkursy_miesiaca\/2016\/pazdziernik\/annaklinkosz_2_m-115x115.jpg\" alt=\"annaklinkosz 2 m\" width=\"115\" height=\"115\"><\/a>&nbsp;&nbsp;&nbsp;&nbsp;&nbsp; 3. <a class=\"thumbnail highslide with-zoomin-img zoomin-cur\" title=\"Jolanta Lalak\" href=\"http:\/\/www.fotoklub.zamek.szczecin.pl\/images\/obrazki\/konkursy_miesiaca\/2016\/pazdziernik\/Jolanta_Lalak.jpg\"><img loading=\"lazy\" decoding=\"async\" src=\"http:\/\/www.fotoklub.zamek.szczecin.pl\/images\/thumbnails\/images\/obrazki\/konkursy_miesiaca\/2016\/pazdziernik\/Jolanta_Lalak-150x99.jpg\" alt=\"Jolanta Lalak\" width=\"150\" height=\"99\"><br \/><\/a><\/p>\n<hr>\n<p>&nbsp;<\/p>\n<h4><span style=\"color: #ffff00;\">Konkurs miesi\u0105ca &#8211; sierpie\u0144, wrzesie\u0144<\/span><\/h4>\n<p>\u015aroda, 12 Pa\u017adziernik 2016<\/p>\n<p>Na ostatnim spotkaniu klubowym rozstrzygn\u0119li\u015bmy dwa konkursy miesi\u0105ca. Jeden zaleg\u0142y, przedwakacyjny, a drugi ju\u017c bie\u017c\u0105cy, czyli wrze\u015bniowy.Tematem pierwszego konkursu by\u0142a &#8222;Moja codzienno\u015b\u0107&#8221;. Niby temat prosty, a jednak spowodowa\u0142 gor\u0105c\u0105 dyskusj\u0119 dotycz\u0105c\u0105 jego rozumienia, a mianowicie czy przymiotnik &#8222;moja&#8221; odnosi si\u0119 do osoby przedstawianej na fotografii, czy do autora zdj\u0119cia. Zdecydowali\u015bmy, \u017ce zar\u00f3wno jeden, jak i drugi spos\u00f3b rozumienia b\u0119dzie prawomocny i tak te\u017c je oceniali\u015bmy w og\u00f3lnym g\u0142osowniu. W konkursie pierwsze miejsce zaj\u0105\u0142 Andrzej Krupi\u0144ski, drugie Jolanta Lalak, a trzecie Krzysztof Lachowicz.<\/p>\n<p>1. <a class=\"thumbnail highslide with-zoomin-img zoomin-cur\" title=\"Andrzej Krupi\u0144ski 1-m-ce\" href=\"http:\/\/www.fotoklub.zamek.szczecin.pl\/images\/obrazki\/konkursy_miesiaca\/2016\/sirp_wrz\/Andrzej_Krupi\u0144ski_1-m-ce.jpg\"><img loading=\"lazy\" decoding=\"async\" src=\"http:\/\/www.fotoklub.zamek.szczecin.pl\/images\/thumbnails\/images\/obrazki\/konkursy_miesiaca\/2016\/sirp_wrz\/Andrzej_Krupiski_1-m-ce-150x100.jpg\" alt=\"Andrzej Krupi\u0144ski 1-m-ce\" width=\"150\" height=\"100\"><\/a>&nbsp;&nbsp;&nbsp;&nbsp;&nbsp; 2. <a class=\"thumbnail highslide with-zoomin-img zoomin-cur\" title=\"Jolanta Lalak 2-gie miejsce\" href=\"http:\/\/www.fotoklub.zamek.szczecin.pl\/images\/obrazki\/konkursy_miesiaca\/2016\/sirp_wrz\/Jolanta_Lalak_2-gie_miejsce.jpg\"><img loading=\"lazy\" decoding=\"async\" src=\"http:\/\/www.fotoklub.zamek.szczecin.pl\/images\/thumbnails\/images\/obrazki\/konkursy_miesiaca\/2016\/sirp_wrz\/Jolanta_Lalak_2-gie_miejsce-87x131.jpg\" alt=\"Jolanta Lalak 2-gie miejsce\" width=\"87\" height=\"131\"><\/a> &nbsp; &nbsp;&nbsp; 3. <a class=\"thumbnail highslide with-zoomin-img zoomin-cur\" title=\"Krzysztof Lachowicz 3 miejsce\" href=\"http:\/\/www.fotoklub.zamek.szczecin.pl\/images\/obrazki\/konkursy_miesiaca\/2016\/sirp_wrz\/Krzysztof_Lachowicz_3_miejsce.jpg\"><img loading=\"lazy\" decoding=\"async\" src=\"http:\/\/www.fotoklub.zamek.szczecin.pl\/images\/thumbnails\/images\/obrazki\/konkursy_miesiaca\/2016\/sirp_wrz\/Krzysztof_Lachowicz_3_miejsce-130x97.jpg\" alt=\"Krzysztof Lachowicz 3 miejsce\" width=\"130\" height=\"97\"><\/a><\/p>\n<p>Drugi konkurs pt. &#8222;Mozaika\/kola\u017c&#8221;, w kt\u00f3rym pierwsze i drugie miejsce zaj\u0105\u0142 Krzysztof Lachowicz, a trzecie Andrzej Krupi\u0144ski by\u0142 konkursem, kt\u00f3ry sprawi\u0142 sporej grupie os\u00f3b pewne trudno\u015bci. Nie wszyscy sobie zdawali spraw\u0119 z tego, \u017ce mozaika lub kola\u017c to prace, kt\u00f3re s\u0105 efektem po\u0142\u0105czenia kilku zdj\u0119\u0107. Zdj\u0119cia Krzysztofa Lachowicza docenione zosta\u0142y nie tylko za kompozycj\u0119 i pomys\u0142, ale r\u00f3wnie\u017c za spos\u00f3b ich wykonania.<\/p>\n<p>1. <a class=\"thumbnail highslide with-zoomin-img zoomin-cur\" title=\"Krzysztof Lachowicz 1 miejsce\" href=\"http:\/\/www.fotoklub.zamek.szczecin.pl\/images\/obrazki\/konkursy_miesiaca\/2016\/sirp_wrz\/Krzysztof_Lachowicz_1_miejsce.jpg\"><img loading=\"lazy\" decoding=\"async\" src=\"http:\/\/www.fotoklub.zamek.szczecin.pl\/images\/thumbnails\/images\/obrazki\/konkursy_miesiaca\/2016\/sirp_wrz\/Krzysztof_Lachowicz_1_miejsce-130x97.jpg\" alt=\"Krzysztof Lachowicz 1 miejsce\" width=\"130\" height=\"97\"><\/a>&nbsp;&nbsp;&nbsp;&nbsp;&nbsp; 2. <a class=\"thumbnail highslide with-zoomin-img zoomin-cur\" title=\"Krzysztof Lachowicz 2 miejcse\" href=\"http:\/\/www.fotoklub.zamek.szczecin.pl\/images\/obrazki\/konkursy_miesiaca\/2016\/sirp_wrz\/Krzysztof_Lachowicz_2_miejcse.jpg\"><img loading=\"lazy\" decoding=\"async\" src=\"http:\/\/www.fotoklub.zamek.szczecin.pl\/images\/thumbnails\/images\/obrazki\/konkursy_miesiaca\/2016\/sirp_wrz\/Krzysztof_Lachowicz_2_miejcse-110x142.jpg\" alt=\"Krzysztof Lachowicz 2 miejcse\" width=\"110\" height=\"142\"><\/a>&nbsp;&nbsp;&nbsp;&nbsp;&nbsp; 3. <a class=\"thumbnail highslide with-zoomin-img zoomin-cur\" title=\"Andrzej Krupi\u0144ski 3-m-ce\" href=\"http:\/\/www.fotoklub.zamek.szczecin.pl\/images\/obrazki\/konkursy_miesiaca\/2016\/sirp_wrz\/Andrzej_Krupi\u0144ski_3-m-ce.jpg\"><img loading=\"lazy\" decoding=\"async\" src=\"http:\/\/www.fotoklub.zamek.szczecin.pl\/images\/thumbnails\/images\/obrazki\/konkursy_miesiaca\/2016\/sirp_wrz\/Andrzej_Krupiski_3-m-ce-100x99.jpg\" alt=\"Andrzej Krupi\u0144ski 3-m-ce\" width=\"100\" height=\"99\"><br \/><\/a><\/p>\n<hr>\n<p>&nbsp;<\/p>\n<h4><span style=\"color: #ffff00;\">Konkurs miesi\u0105ca &#8211; marzec<\/span><\/h4>\n<p>Wtorek, 12 Kwiecie\u0144 2016<\/p>\n<p>Konkurs miesi\u0105ca marzec pt.&#8221;W krzywym zwierciadle&#8221; roztrzygneli\u015bmy, nie jak to zwykle bywa w ostatni\u0105 \u015brod\u0119 miesi\u0105ca, ale z powodu \u015awi\u0105t Wielkanocnych, w piewsz\u0105 kwietniow\u0105. Na konkurs wp\u0142yn\u0119\u0142y dwie kategorie prac: fotografie, w kt\u00f3rych temat konkursu zosta\u0142 potraktowany w spos\u00f3b niemal dos\u0142owny &#8211; wykorzystuj\u0105ce odbicia w r\u00f3\u017cnych powierzchniach, oraz prace bardziej koncepcyjne, gdzie temat przewodni zosta\u0142 przez autor\u00f3w zinterpretowany szerzej, a prace pokazywa\u0142y wszelkie zniekszta\u0142cenia perspektywy jak i ludzkie karykatury.<br \/>Konkurs roztrzygn\u0119li\u015bmy w og\u00f3lnym g\u0142osowaniu. Pierwsze miejsce zaj\u0119\u0142a Jolanta Lalak, 2 drugie miejsca przyznali\u015bmy ex aequo Jolancie Lalak i Reginie Nowotarskiej, za\u015b trzecie miejsce przypad\u0142o Annie Klinkosz.<br \/>Serdecznie gratulujemy zwyci\u0119zcom!<\/p>\n<p>1. <a class=\"thumbnail highslide with-zoomin-img zoomin-cur\" title=\"Jolanta Lalak Kwadrat3 1 miejsce\" href=\"http:\/\/www.fotoklub.zamek.szczecin.pl\/images\/obrazki\/konkursy_miesiaca\/2016\/marzec\/Jolanta_Lalak_Kwadrat3_1_miejsce.jpg\"><img loading=\"lazy\" decoding=\"async\" src=\"http:\/\/www.fotoklub.zamek.szczecin.pl\/images\/thumbnails\/images\/obrazki\/konkursy_miesiaca\/2016\/marzec\/Jolanta_Lalak_Kwadrat3_1_miejsce-80x80.jpg\" alt=\"Jolanta Lalak Kwadrat3 1 miejsce\" width=\"80\" height=\"80\"><\/a> &nbsp; &nbsp;&nbsp; 2.JL <a class=\"thumbnail highslide with-zoomin-img zoomin-cur\" title=\"Jolanta Lalak Dworzec 2 miejsce\" href=\"http:\/\/www.fotoklub.zamek.szczecin.pl\/images\/obrazki\/konkursy_miesiaca\/2016\/marzec\/Jolanta_Lalak_Dworzec_2_miejsce.jpg\"><img loading=\"lazy\" decoding=\"async\" src=\"http:\/\/www.fotoklub.zamek.szczecin.pl\/images\/thumbnails\/images\/obrazki\/konkursy_miesiaca\/2016\/marzec\/Jolanta_Lalak_Dworzec_2_miejsce-123x80.jpg\" alt=\"Jolanta Lalak Dworzec 2 miejsce\" width=\"123\" height=\"80\"><\/a>&nbsp;&nbsp;&nbsp;&nbsp;&nbsp; 2.RN <a class=\"thumbnail highslide with-zoomin-img zoomin-cur\" title=\"Regina Nowotarska 2 miejsce\" href=\"http:\/\/www.fotoklub.zamek.szczecin.pl\/images\/obrazki\/konkursy_miesiaca\/2016\/marzec\/Regina_Nowotarska_2_miejsce.jpg\"><img loading=\"lazy\" decoding=\"async\" src=\"http:\/\/www.fotoklub.zamek.szczecin.pl\/images\/thumbnails\/images\/obrazki\/konkursy_miesiaca\/2016\/marzec\/Regina_Nowotarska_2_miejsce-80x80.jpg\" alt=\"Regina Nowotarska 2 miejsce\" width=\"80\" height=\"80\"><\/a>&nbsp;&nbsp;&nbsp;&nbsp;&nbsp; 3. <a class=\"thumbnail highslide with-zoomin-img zoomin-cur\" title=\"Anna Klinkosz W krzywym zwierciadle 3 miejsce\" href=\"http:\/\/www.fotoklub.zamek.szczecin.pl\/images\/obrazki\/konkursy_miesiaca\/2016\/marzec\/Anna_Klinkosz_W_krzywym_zwierciadle_3_miejsce.jpg\"><img loading=\"lazy\" decoding=\"async\" src=\"http:\/\/www.fotoklub.zamek.szczecin.pl\/images\/thumbnails\/images\/obrazki\/konkursy_miesiaca\/2016\/marzec\/Anna_Klinkosz_W_krzywym_zwierciadle_3_miejsce-122x80.jpg\" alt=\"Anna Klinkosz W krzywym zwierciadle 3 miejsce\" width=\"122\" height=\"80\"><br \/><\/a><\/p>\n<hr>\n<p>&nbsp;<\/p>\n<h4><span style=\"color: #ffff00;\">Konkurs miesi\u0105ca &#8211; luty<\/span><\/h4>\n<p>Poniedzia\u0142ek, 29 Luty 2016<\/p>\n<p>Ostatni konkurs miesi\u0105ca pt. &#8222;Na wsi&#8221; rozstrzygn\u0119li\u015bmy w Pracowni Niezwyk\u0142ego Szczecina, do kt\u00f3rej wszyscy zostali\u015bmy zaproszeni. Pierwsze miejsce zaj\u0119li ex aequo Jolanta Lalak i Pawe\u0142 Kozanecki, drugie Anna Klinkosz, a trzecie Szymon Moskwa. Na spotkaniu w &#8222;Pracowni&#8221; wraz z jej gospodarzem Rados\u0142awem Reroniem dyskutowali\u015bmy na temat &#8222;\u017bywotno\u015b\u0107 i prawdom\u00f3wno\u015b\u0107 zdj\u0119\u0107&#8221;.<br \/>Laureatom gratulujemy.<br \/>A oto zwyci\u0119skie zdj\u0119cia:<\/p>\n<p>1.JL <a class=\"thumbnail highslide with-zoomin-img zoomin-cur\" title=\"Jolanta-Lalak-1-m landszaft\" href=\"http:\/\/www.fotoklub.zamek.szczecin.pl\/images\/obrazki\/konkursy_miesiaca\/2016\/luty\/Jolanta-Lalak-1-m_landszaft.jpg\"><img loading=\"lazy\" decoding=\"async\" src=\"http:\/\/www.fotoklub.zamek.szczecin.pl\/images\/thumbnails\/images\/obrazki\/konkursy_miesiaca\/2016\/luty\/Jolanta-Lalak-1-m_landszaft-100x65.jpg\" alt=\"Jolanta-Lalak-1-m landszaft\" width=\"100\" height=\"65\"><\/a>&nbsp;&nbsp;&nbsp;&nbsp;&nbsp; 1.PK <a class=\"thumbnail highslide with-zoomin-img zoomin-cur\" title=\"Pawe\u0142-Kozanecki-1-m\" href=\"http:\/\/www.fotoklub.zamek.szczecin.pl\/images\/obrazki\/konkursy_miesiaca\/2016\/luty\/Pawe\u0142-Kozanecki-1-m.jpg\"><img loading=\"lazy\" decoding=\"async\" src=\"http:\/\/www.fotoklub.zamek.szczecin.pl\/images\/thumbnails\/images\/obrazki\/konkursy_miesiaca\/2016\/luty\/Pawe-Kozanecki-1-m-100x66.jpg\" alt=\"Pawe\u0142-Kozanecki-1-m\" width=\"100\" height=\"66\"><\/a>&nbsp;&nbsp;&nbsp;&nbsp;&nbsp; 2. <a class=\"thumbnail highslide with-zoomin-img zoomin-cur\" title=\"Anna Klinkosz 2 m\" href=\"http:\/\/www.fotoklub.zamek.szczecin.pl\/images\/obrazki\/konkursy_miesiaca\/2016\/luty\/Anna_Klinkosz_2_m.jpg\"><img loading=\"lazy\" decoding=\"async\" src=\"http:\/\/www.fotoklub.zamek.szczecin.pl\/images\/thumbnails\/images\/obrazki\/konkursy_miesiaca\/2016\/luty\/Anna_Klinkosz_2_m-100x66.jpg\" alt=\"Anna Klinkosz 2 m\" width=\"100\" height=\"66\"><\/a>&nbsp;&nbsp;&nbsp;&nbsp;&nbsp; 3. <a class=\"thumbnail highslide with-zoomin-img zoomin-cur\" title=\"Szymon-Moskwa-3-m\" href=\"http:\/\/www.fotoklub.zamek.szczecin.pl\/images\/obrazki\/konkursy_miesiaca\/2016\/luty\/Szymon-Moskwa-3-m.jpg\"><img loading=\"lazy\" decoding=\"async\" src=\"http:\/\/www.fotoklub.zamek.szczecin.pl\/images\/thumbnails\/images\/obrazki\/konkursy_miesiaca\/2016\/luty\/Szymon-Moskwa-3-m-93x67.jpg\" alt=\"Szymon-Moskwa-3-m\" width=\"93\" height=\"67\"><br \/><\/a><br \/>Poni\u017cej, jako uzupe\u0142nienie, prezentujemy kr\u00f3tki reporta\u017c z naszego pobytu w Pracowni Niezwyk\u0142ego Szczecina.<\/p>\n<p><a class=\"thumbnail highslide with-zoomin-img zoomin-cur\" title=\" OT 1175\" href=\"http:\/\/www.fotoklub.zamek.szczecin.pl\/images\/obrazki\/2016\/niezwykly_luty\/_OT_1175.jpg\"><img loading=\"lazy\" decoding=\"async\" src=\"http:\/\/www.fotoklub.zamek.szczecin.pl\/images\/thumbnails\/images\/obrazki\/2016\/niezwykly_luty\/_OT_1175-100x66.jpg\" alt=\" OT 1175\" width=\"100\" height=\"66\"><\/a> &nbsp; &nbsp; <a class=\"thumbnail highslide with-zoomin-img zoomin-cur\" title=\" OT 1177\" href=\"http:\/\/www.fotoklub.zamek.szczecin.pl\/images\/obrazki\/2016\/niezwykly_luty\/_OT_1177.jpg\"><img loading=\"lazy\" decoding=\"async\" src=\"http:\/\/www.fotoklub.zamek.szczecin.pl\/images\/thumbnails\/images\/obrazki\/2016\/niezwykly_luty\/_OT_1177-100x66.jpg\" alt=\" OT 1177\" width=\"100\" height=\"66\"><\/a> &nbsp; &nbsp; <a class=\"thumbnail highslide with-zoomin-img zoomin-cur\" title=\" OT 1178\" href=\"http:\/\/www.fotoklub.zamek.szczecin.pl\/images\/obrazki\/2016\/niezwykly_luty\/_OT_1178.jpg\"><img loading=\"lazy\" decoding=\"async\" src=\"http:\/\/www.fotoklub.zamek.szczecin.pl\/images\/thumbnails\/images\/obrazki\/2016\/niezwykly_luty\/_OT_1178-100x66.jpg\" alt=\" OT 1178\" width=\"100\" height=\"66\"><\/a> &nbsp; &nbsp; <a class=\"thumbnail highslide with-zoomin-img zoomin-cur\" title=\" OT 1180\" href=\"http:\/\/www.fotoklub.zamek.szczecin.pl\/images\/obrazki\/2016\/niezwykly_luty\/_OT_1180.jpg\"><img loading=\"lazy\" decoding=\"async\" src=\"http:\/\/www.fotoklub.zamek.szczecin.pl\/images\/thumbnails\/images\/obrazki\/2016\/niezwykly_luty\/_OT_1180-100x66.jpg\" alt=\" OT 1180\" width=\"100\" height=\"66\"><\/a>&nbsp;&nbsp;&nbsp;&nbsp; <a class=\"thumbnail highslide with-zoomin-img zoomin-cur\" title=\" OT 1185\" href=\"http:\/\/www.fotoklub.zamek.szczecin.pl\/images\/obrazki\/2016\/niezwykly_luty\/_OT_1185.jpg\"><img loading=\"lazy\" decoding=\"async\" src=\"http:\/\/www.fotoklub.zamek.szczecin.pl\/images\/thumbnails\/images\/obrazki\/2016\/niezwykly_luty\/_OT_1185-100x66.jpg\" alt=\" OT 1185\" width=\"100\" height=\"66\"><br \/><\/a><br \/><a class=\"thumbnail highslide with-zoomin-img zoomin-cur\" title=\" OT 1189\" href=\"http:\/\/www.fotoklub.zamek.szczecin.pl\/images\/obrazki\/2016\/niezwykly_luty\/_OT_1189.jpg\"><img loading=\"lazy\" decoding=\"async\" src=\"http:\/\/www.fotoklub.zamek.szczecin.pl\/images\/thumbnails\/images\/obrazki\/2016\/niezwykly_luty\/_OT_1189-100x66.jpg\" alt=\" OT 1189\" width=\"100\" height=\"66\"><\/a> &nbsp; &nbsp; <a class=\"thumbnail highslide with-zoomin-img zoomin-cur\" title=\" OT 1192\" href=\"http:\/\/www.fotoklub.zamek.szczecin.pl\/images\/obrazki\/2016\/niezwykly_luty\/_OT_1192.jpg\"><img loading=\"lazy\" decoding=\"async\" src=\"http:\/\/www.fotoklub.zamek.szczecin.pl\/images\/thumbnails\/images\/obrazki\/2016\/niezwykly_luty\/_OT_1192-100x66.jpg\" alt=\" OT 1192\" width=\"100\" height=\"66\"><\/a> &nbsp; &nbsp; <a class=\"thumbnail highslide with-zoomin-img zoomin-cur\" title=\" OT 1196\" href=\"http:\/\/www.fotoklub.zamek.szczecin.pl\/images\/obrazki\/2016\/niezwykly_luty\/_OT_1196.jpg\"><img loading=\"lazy\" decoding=\"async\" src=\"http:\/\/www.fotoklub.zamek.szczecin.pl\/images\/thumbnails\/images\/obrazki\/2016\/niezwykly_luty\/_OT_1196-100x66.jpg\" alt=\" OT 1196\" width=\"100\" height=\"66\"><\/a> &nbsp; &nbsp; <a class=\"thumbnail highslide with-zoomin-img zoomin-cur\" title=\" OT 1198\" href=\"http:\/\/www.fotoklub.zamek.szczecin.pl\/images\/obrazki\/2016\/niezwykly_luty\/_OT_1198.jpg\"><img loading=\"lazy\" decoding=\"async\" src=\"http:\/\/www.fotoklub.zamek.szczecin.pl\/images\/thumbnails\/images\/obrazki\/2016\/niezwykly_luty\/_OT_1198-100x66.jpg\" alt=\" OT 1198\" width=\"100\" height=\"66\"><\/a> &nbsp; &nbsp; <a class=\"thumbnail highslide with-zoomin-img zoomin-cur\" title=\" OT 1206\" href=\"http:\/\/www.fotoklub.zamek.szczecin.pl\/images\/obrazki\/2016\/niezwykly_luty\/_OT_1206.jpg\"><img loading=\"lazy\" decoding=\"async\" src=\"http:\/\/www.fotoklub.zamek.szczecin.pl\/images\/thumbnails\/images\/obrazki\/2016\/niezwykly_luty\/_OT_1206-101x67.jpg\" alt=\" OT 1206\" width=\"101\" height=\"67\"><br \/><\/a><\/p>\n<hr>\n<p>&nbsp;<\/p>\n<h4><span style=\"color: #ffff00;\">Konkurs miesi\u0105ca &#8211; stycze\u0144<\/span><\/h4>\n<p>Poniedzia\u0142ek, 15 Luty 2016<\/p>\n<p>Na ostatnim naszym spotkaniu, kt\u00f3re odby\u0142o si\u0119 w Teatrze przy Krypcie, w og\u00f3lnym g\u0142osowaniu rozstrzygn\u0119li\u015bmy kolejny konkurs miesi\u0105ca. Tematem konkursu by\u0142 &#8222;Wiatr&#8221;. Wiatr &#8211; banalny temat, wiatr, z kt\u00f3rym spotykamy si\u0119 codziennie, okaza\u0142 si\u0119 trudnym tematem. Zaprezentowane zdj\u0119cia by\u0142y bardzo r\u00f3\u017cnorodne &#8211; jedne przedstawia\u0142y efekty dzia\u0142ania wiatru dos\u0142ownie &#8211; wiatr we w\u0142osach, wiatr na polach, w innych temat przewodni by\u0142 nieco ukryty. Laureatami konkursu zostali:<br \/>Anna Klinkosz I miejsce, Szymon Moskawa II i III miejsce.<br \/>Laureatom gratulujemy<\/p>\n<p>1. <a class=\"thumbnail highslide with-zoomin-img zoomin-cur\" title=\"800 annaklinkosz wiatr1\" href=\"http:\/\/www.fotoklub.zamek.szczecin.pl\/images\/obrazki\/konkursy_miesiaca\/2016\/styczen\/800_annaklinkosz_wiatr1.jpg\"><img loading=\"lazy\" decoding=\"async\" src=\"http:\/\/www.fotoklub.zamek.szczecin.pl\/images\/thumbnails\/images\/obrazki\/konkursy_miesiaca\/2016\/styczen\/800_annaklinkosz_wiatr1-116x77.jpg\" alt=\"800 annaklinkosz wiatr1\" width=\"116\" height=\"77\"><\/a>&nbsp;&nbsp;&nbsp;&nbsp;&nbsp; 2.<a class=\"thumbnail highslide with-zoomin-img zoomin-cur\" title=\"Szymon Moskwa 3 miejsce1\" href=\"http:\/\/www.fotoklub.zamek.szczecin.pl\/images\/obrazki\/konkursy_miesiaca\/2016\/styczen\/Szymon_Moskwa_3_miejsce1.jpg\"><img loading=\"lazy\" decoding=\"async\" src=\"http:\/\/www.fotoklub.zamek.szczecin.pl\/images\/thumbnails\/images\/obrazki\/konkursy_miesiaca\/2016\/styczen\/Szymon_Moskwa_3_miejsce1-111x77.jpg\" alt=\"Szymon Moskwa 3 miejsce1\" width=\"111\" height=\"77\"><\/a>&nbsp;&nbsp;&nbsp;&nbsp;&nbsp; 3.<a class=\"thumbnail highslide with-zoomin-img zoomin-cur\" title=\"Szymon Moskwa 2 miejsce2\" href=\"http:\/\/www.fotoklub.zamek.szczecin.pl\/images\/obrazki\/konkursy_miesiaca\/2016\/styczen\/Szymon_Moskwa_2_miejsce2.jpg\"><img loading=\"lazy\" decoding=\"async\" src=\"http:\/\/www.fotoklub.zamek.szczecin.pl\/images\/thumbnails\/images\/obrazki\/konkursy_miesiaca\/2016\/styczen\/Szymon_Moskwa_2_miejsce2-110x77.jpg\" alt=\"Szymon Moskwa 2 miejsce2\" width=\"110\" height=\"77\"><br \/><\/a><\/p>\n<hr>\n<p>&nbsp;<\/p>\n<h4><span style=\"color: #ffff00;\">Konkurs miesi\u0105ca &#8211; listopad<\/span><\/h4>\n<p>Niedziela, 06 Grudzie\u0144 2015<\/p>\n<p>I znowu nadszed\u0142 koniec miesi\u0105ca, a wraz z nim roztrzygniecie kolejnego konkursu. Tym razem rywalizowalismy na temat &#8222;W wodzie&#8221;. Jury, wybrane spo\u015br\u00f3d naszego grona, w sk\u0142adzie: Andrzej Krupi\u0144ski, Piotr Ka\u017amierczak i \u0141ukasz Mate\u0144ko uzna\u0142o za najlepsze prace nastepujacych autor\u00f3w: Danuty Borek (1 miejsce), Bo\u017ceny \u017byli\u0144skiej (2 miejsce), Anny Klinkosz (3 miejsce), Jolanty Lalak (wyr\u00f3\u017cnienie) i Reginy Nowotarskiej (wyr\u00f3\u017cnienie).<br \/>Autorkom serdecznie gratulujemy.<\/p>\n<p>1. <a class=\"thumbnail highslide with-zoomin-img zoomin-cur\" title=\"Pod woda Danuta Borek\" href=\"http:\/\/www.fotoklub.zamek.szczecin.pl\/images\/obrazki\/konkursy_miesiaca\/2015\/listopad\/Pod_woda_Danuta_Borek.jpg\"><img loading=\"lazy\" decoding=\"async\" src=\"http:\/\/www.fotoklub.zamek.szczecin.pl\/images\/thumbnails\/images\/obrazki\/konkursy_miesiaca\/2015\/listopad\/Pod_woda_Danuta_Borek-150x98.jpg\" alt=\"Pod woda Danuta Borek\" width=\"150\" height=\"98\"><\/a>&nbsp;&nbsp;&nbsp;&nbsp;&nbsp; 2. <a class=\"thumbnail highslide with-zoomin-img zoomin-cur\" title=\"bozena-zylinska-w-wodzie\" href=\"http:\/\/www.fotoklub.zamek.szczecin.pl\/images\/obrazki\/konkursy_miesiaca\/2015\/listopad\/bozena-zylinska-w-wodzie.jpg\"><img loading=\"lazy\" decoding=\"async\" src=\"http:\/\/www.fotoklub.zamek.szczecin.pl\/images\/thumbnails\/images\/obrazki\/konkursy_miesiaca\/2015\/listopad\/bozena-zylinska-w-wodzie-138x98.jpg\" alt=\"bozena-zylinska-w-wodzie\" width=\"138\" height=\"98\"><\/a>&nbsp;&nbsp;&nbsp;&nbsp;&nbsp; 3. <a class=\"thumbnail highslide with-zoomin-img zoomin-cur\" title=\"aklinkosz konkus miesiaca w wodzie\" href=\"http:\/\/www.fotoklub.zamek.szczecin.pl\/images\/obrazki\/konkursy_miesiaca\/2015\/listopad\/aklinkosz_konkus_miesiaca_w_wodzie.jpg\"><img loading=\"lazy\" decoding=\"async\" src=\"http:\/\/www.fotoklub.zamek.szczecin.pl\/images\/thumbnails\/images\/obrazki\/konkursy_miesiaca\/2015\/listopad\/aklinkosz_konkus_miesiaca_w_wodzie-150x99.jpg\" alt=\"aklinkosz konkus miesiaca w wodzie\" width=\"150\" height=\"99\"><br \/><\/a><br \/>wyr. <a class=\"thumbnail highslide with-zoomin-img zoomin-cur\" title=\"Jolanta Lalak - W wodzie\" href=\"http:\/\/www.fotoklub.zamek.szczecin.pl\/images\/obrazki\/konkursy_miesiaca\/2015\/listopad\/Jolanta_Lalak_-_W_wodzie.jpg\"><img loading=\"lazy\" decoding=\"async\" src=\"http:\/\/www.fotoklub.zamek.szczecin.pl\/images\/thumbnails\/images\/obrazki\/konkursy_miesiaca\/2015\/listopad\/Jolanta_Lalak_-_W_wodzie-150x99.jpg\" alt=\"Jolanta Lalak - W wodzie\" width=\"150\" height=\"99\"><\/a> &nbsp; &nbsp; &nbsp; &nbsp; <a class=\"thumbnail highslide with-zoomin-img zoomin-cur\" title=\"regina nowotarska w wodzie\" href=\"http:\/\/www.fotoklub.zamek.szczecin.pl\/images\/obrazki\/konkursy_miesiaca\/2015\/listopad\/regina_nowotarska_w_wodzie.jpg\"><img loading=\"lazy\" decoding=\"async\" src=\"http:\/\/www.fotoklub.zamek.szczecin.pl\/images\/thumbnails\/images\/obrazki\/konkursy_miesiaca\/2015\/listopad\/regina_nowotarska_w_wodzie-150x99.jpg\" alt=\"regina nowotarska w wodzie\" width=\"150\" height=\"99\"><br \/><\/a><\/p>\n<hr>\n<p>&nbsp;<\/p>\n<h4><span style=\"color: #ffff00;\">Konkurs miesi\u0105ca &#8211; pa\u017adziernik<\/span><\/h4>\n<p>\u015aroda, 04 Listopad 2015<\/p>\n<p>Ostatnia \u015broda miesi\u0105ca, pa\u017adziernik, to spotkanie, kiedy klubowicze mieli okazj\u0119 do rywalizacji w konkursie fotograficznym. Tematem miesi\u0105ca by\u0142 &#8222;Portret&#8221;. Niemal ka\u017cdy wykonuje tego typu fotografie, ale aby zainteresowa\u0107 widza, by\u0107 oryginalnym, stworzy\u0107 ciekawe uj\u0119cie, trzeba si\u0119 bardzo postara\u0107, przemy\u015ble\u0107 wiele aspekt\u00f3w i oczywi\u015bcie znale\u017a\u0107 interesuj\u0105cego modela.Poni\u017cej prezentujemy zwyci\u0119skie prace, kt\u00f3re w naszej ocenie wyr\u00f3\u017cni\u0142y si\u0119 i zas\u0142u\u017cy na miano najlepszych.<br \/>Gratulujemy zwyci\u0119zcom wspania\u0142ych kadr\u00f3w !!!<br \/>1. miejsce (ex aequo): Jolanta Lalak i Waldemar \u017bak<br \/>2. miejsce: Pawe\u0142 Tomiak<br \/>3. miejsce: Piotr Biel<\/p>\n<p>1. <a class=\"thumbnail highslide with-zoomin-img zoomin-cur\" title=\"Jolanta Lalak-Julka\" href=\"http:\/\/www.fotoklub.zamek.szczecin.pl\/images\/obrazki\/konkursy_miesiaca\/2015\/pazdziernik\/Jolanta_Lalak-Julka.jpg\"><img loading=\"lazy\" decoding=\"async\" src=\"http:\/\/www.fotoklub.zamek.szczecin.pl\/images\/thumbnails\/images\/obrazki\/konkursy_miesiaca\/2015\/pazdziernik\/Jolanta_Lalak-Julka-87x131.jpg\" alt=\"Jolanta Lalak-Julka\" width=\"87\" height=\"131\"><\/a>&nbsp;&nbsp;&nbsp;&nbsp;&nbsp; 1. <a class=\"thumbnail highslide with-zoomin-img zoomin-cur\" title=\"Waldemar \u017bak\" href=\"http:\/\/www.fotoklub.zamek.szczecin.pl\/images\/obrazki\/konkursy_miesiaca\/2015\/pazdziernik\/Waldemar_\u017bak.jpg\"><img loading=\"lazy\" decoding=\"async\" src=\"http:\/\/www.fotoklub.zamek.szczecin.pl\/images\/thumbnails\/images\/obrazki\/konkursy_miesiaca\/2015\/pazdziernik\/Waldemar_ak-130x86.jpg\" alt=\"Waldemar \u017bak\" width=\"130\" height=\"86\"><\/a>&nbsp;&nbsp;&nbsp;&nbsp;&nbsp; 2.<a class=\"thumbnail highslide with-zoomin-img zoomin-cur\" title=\"paweltomiak\" href=\"http:\/\/www.fotoklub.zamek.szczecin.pl\/images\/obrazki\/konkursy_miesiaca\/2015\/pazdziernik\/paweltomiak.jpg\"><img loading=\"lazy\" decoding=\"async\" src=\"http:\/\/www.fotoklub.zamek.szczecin.pl\/images\/thumbnails\/images\/obrazki\/konkursy_miesiaca\/2015\/pazdziernik\/paweltomiak-130x86.jpg\" alt=\"paweltomiak\" width=\"130\" height=\"86\"><\/a> &nbsp; &nbsp;&nbsp; 3. <a class=\"thumbnail highslide with-zoomin-img zoomin-cur\" title=\"piotr biel\" href=\"http:\/\/www.fotoklub.zamek.szczecin.pl\/images\/obrazki\/konkursy_miesiaca\/2015\/pazdziernik\/piotr_biel.jpg\"><img loading=\"lazy\" decoding=\"async\" src=\"http:\/\/www.fotoklub.zamek.szczecin.pl\/images\/thumbnails\/images\/obrazki\/konkursy_miesiaca\/2015\/pazdziernik\/piotr_biel-89x130.jpg\" alt=\"piotr biel\" width=\"89\" height=\"130\"><br \/><\/a><\/p>\n<hr>\n<p>&nbsp;<\/p>\n<h4><span style=\"color: #ffff00;\">Konkurs miesi\u0105ca &#8211; wrzesie\u0144<\/span><\/h4>\n<p>Niedziela, 04 Pa\u017adziernik 2015<\/p>\n<p>Podczas ostatniego spotkania klubowego mieli\u015bmy okazj\u0119 wys\u0142ucha\u0107 interesuj\u0105cej prezentacji Krzysztofa Lachowicz pt.&#8221; Fotografia, kt\u00f3ra uratowa\u0142a \u017cycie.&#8221;<\/p>\n<p><a class=\"thumbnail highslide with-zoomin-img zoomin-cur\" title=\" MG 6279\" href=\"http:\/\/www.fotoklub.zamek.szczecin.pl\/images\/obrazki\/konkursy_miesiaca\/2015\/wrzesien\/_MG_6279.jpg\"><img loading=\"lazy\" decoding=\"async\" src=\"http:\/\/www.fotoklub.zamek.szczecin.pl\/images\/thumbnails\/images\/obrazki\/konkursy_miesiaca\/2015\/wrzesien\/_MG_6279-100x66.jpg\" alt=\" MG 6279\" width=\"100\" height=\"66\"><\/a> &nbsp; &nbsp;&nbsp; <a class=\"thumbnail highslide with-zoomin-img zoomin-cur\" title=\" MG 6280\" href=\"http:\/\/www.fotoklub.zamek.szczecin.pl\/images\/obrazki\/konkursy_miesiaca\/2015\/wrzesien\/_MG_6280.jpg\"><img loading=\"lazy\" decoding=\"async\" src=\"http:\/\/www.fotoklub.zamek.szczecin.pl\/images\/thumbnails\/images\/obrazki\/konkursy_miesiaca\/2015\/wrzesien\/_MG_6280-100x66.jpg\" alt=\" MG 6280\" width=\"100\" height=\"66\"><\/a> &nbsp; &nbsp;&nbsp; <a class=\"thumbnail highslide with-zoomin-img zoomin-cur\" title=\" MG 6282\" href=\"http:\/\/www.fotoklub.zamek.szczecin.pl\/images\/obrazki\/konkursy_miesiaca\/2015\/wrzesien\/_MG_6282.jpg\"><img loading=\"lazy\" decoding=\"async\" src=\"http:\/\/www.fotoklub.zamek.szczecin.pl\/images\/thumbnails\/images\/obrazki\/konkursy_miesiaca\/2015\/wrzesien\/_MG_6282-100x67.jpg\" alt=\" MG 6282\" width=\"100\" height=\"67\"><\/a> &nbsp; &nbsp;&nbsp; <a class=\"thumbnail highslide with-zoomin-img zoomin-cur\" title=\" MG 6285\" href=\"http:\/\/www.fotoklub.zamek.szczecin.pl\/images\/obrazki\/konkursy_miesiaca\/2015\/wrzesien\/_MG_6285.jpg\"><img loading=\"lazy\" decoding=\"async\" src=\"http:\/\/www.fotoklub.zamek.szczecin.pl\/images\/thumbnails\/images\/obrazki\/konkursy_miesiaca\/2015\/wrzesien\/_MG_6285-100x66.jpg\" alt=\" MG 6285\" width=\"100\" height=\"66\"><\/a> &nbsp; &nbsp;&nbsp; <a class=\"thumbnail highslide with-zoomin-img zoomin-cur\" title=\" MG 6286\" href=\"http:\/\/www.fotoklub.zamek.szczecin.pl\/images\/obrazki\/konkursy_miesiaca\/2015\/wrzesien\/_MG_6286.jpg\"><img loading=\"lazy\" decoding=\"async\" src=\"http:\/\/www.fotoklub.zamek.szczecin.pl\/images\/thumbnails\/images\/obrazki\/konkursy_miesiaca\/2015\/wrzesien\/_MG_6286-100x66.jpg\" alt=\" MG 6286\" width=\"100\" height=\"66\"><br \/><\/a><br \/><a class=\"thumbnail highslide with-zoomin-img zoomin-cur\" title=\" MG 6289\" href=\"http:\/\/www.fotoklub.zamek.szczecin.pl\/images\/obrazki\/konkursy_miesiaca\/2015\/wrzesien\/_MG_6289.jpg\"><img loading=\"lazy\" decoding=\"async\" src=\"http:\/\/www.fotoklub.zamek.szczecin.pl\/images\/thumbnails\/images\/obrazki\/konkursy_miesiaca\/2015\/wrzesien\/_MG_6289-100x66.jpg\" alt=\" MG 6289\" width=\"100\" height=\"66\"><\/a> &nbsp; &nbsp;&nbsp; <a class=\"thumbnail highslide with-zoomin-img zoomin-cur\" title=\" MG 6290\" href=\"http:\/\/www.fotoklub.zamek.szczecin.pl\/images\/obrazki\/konkursy_miesiaca\/2015\/wrzesien\/_MG_6290.jpg\"><img loading=\"lazy\" decoding=\"async\" src=\"http:\/\/www.fotoklub.zamek.szczecin.pl\/images\/thumbnails\/images\/obrazki\/konkursy_miesiaca\/2015\/wrzesien\/_MG_6290-100x66.jpg\" alt=\" MG 6290\" width=\"100\" height=\"66\"><\/a><\/p>\n<p>Po prezentacji i dyskusji na jej temat odby\u0142 si\u0119 konkurs miesi\u0105ca pt. Pod \u015bwiat\u0142o. Jurorami byli Krzysztof Lachowicz i Waldemar \u017bak. Wszystkie zdj\u0119cia by\u0142y &#8222;na temat&#8221; i jurorzy oceniali walory artystyczne zdj\u0119\u0107, spos\u00f3b podej\u015bcia do tematu, kt\u00f3ry z pozoru wydaje si\u0119 prosty.<br \/>Gratulujemy laureatom: 1. m-ce Jolanta Lalak, 2. m-ce Andrzej krupi\u0144ski, 3. m-ce Pawe\u0142 Tomiak, wyr\u00f3\u017cnienie Grzegorz Miko\u0142ajczyk<\/p>\n<p>1. <a class=\"thumbnail highslide with-zoomin-img zoomin-cur\" title=\"Jolanta Lalak- Pod \u015bwiat\u0142o\" href=\"http:\/\/www.fotoklub.zamek.szczecin.pl\/images\/obrazki\/konkursy_miesiaca\/2015\/wrzesien\/Jolanta_Lalak-_Pod_\u015bwiat\u0142o.jpg\"><img loading=\"lazy\" decoding=\"async\" src=\"http:\/\/www.fotoklub.zamek.szczecin.pl\/images\/thumbnails\/images\/obrazki\/konkursy_miesiaca\/2015\/wrzesien\/Jolanta_Lalak-_Pod_wiato-100x66.jpg\" alt=\"Jolanta Lalak- Pod \u015bwiat\u0142o\" width=\"100\" height=\"66\"><\/a>&nbsp;&nbsp;&nbsp;&nbsp;&nbsp; 2. <a class=\"thumbnail highslide with-zoomin-img zoomin-cur\" title=\"Andrzej Krupinski II-mce.jpg\" href=\"http:\/\/www.fotoklub.zamek.szczecin.pl\/images\/obrazki\/konkursy_miesiaca\/2015\/wrzesien\/Andrzej_Krupinski_II-mce.jpg.jpg\"><img loading=\"lazy\" decoding=\"async\" src=\"http:\/\/www.fotoklub.zamek.szczecin.pl\/images\/thumbnails\/images\/obrazki\/konkursy_miesiaca\/2015\/wrzesien\/Andrzej_Krupinski_II-mce.jpg-100x66.jpg\" alt=\"Andrzej Krupinski II-mce.jpg\" width=\"100\" height=\"66\"><\/a>&nbsp;&nbsp;&nbsp;&nbsp;&nbsp; 3. <a class=\"thumbnail highslide with-zoomin-img zoomin-cur\" title=\"Pawel Tomiak III-mce.jpg\" href=\"http:\/\/www.fotoklub.zamek.szczecin.pl\/images\/obrazki\/konkursy_miesiaca\/2015\/wrzesien\/Pawel_Tomiak_III-mce.jpg.jpg\"><img loading=\"lazy\" decoding=\"async\" src=\"http:\/\/www.fotoklub.zamek.szczecin.pl\/images\/thumbnails\/images\/obrazki\/konkursy_miesiaca\/2015\/wrzesien\/Pawel_Tomiak_III-mce.jpg-100x66.jpg\" alt=\"Pawel Tomiak III-mce.jpg\" width=\"100\" height=\"66\"><\/a>&nbsp;&nbsp;&nbsp;&nbsp;&nbsp; wyr. <a class=\"thumbnail highslide with-zoomin-img zoomin-cur\" title=\"Grzegorz Mikolajczyk wyr\u00f3\u017cnienie\" href=\"http:\/\/www.fotoklub.zamek.szczecin.pl\/images\/obrazki\/konkursy_miesiaca\/2015\/wrzesien\/Grzegorz_Mikolajczyk_wyr\u00f3\u017cnienie.jpg\"><img loading=\"lazy\" decoding=\"async\" src=\"http:\/\/www.fotoklub.zamek.szczecin.pl\/images\/thumbnails\/images\/obrazki\/konkursy_miesiaca\/2015\/wrzesien\/Grzegorz_Mikolajczyk_wyrnienie-44x66.jpg\" alt=\"Grzegorz Mikolajczyk wyr\u00f3\u017cnienie\" width=\"44\" height=\"66\"><br \/><\/a><\/p>\n<hr>\n<p>&nbsp;<\/p>\n<h4><span style=\"color: #ffff00;\">Konkurs miesi\u0105ca &#8211; czerwiec<\/span><\/h4>\n<p>Pi\u0105tek, 03 Lipiec 2015<\/p>\n<p>Pod koniec spotkania odby\u0142 si\u0119 konkurs miesi\u0105ca, kt\u00f3rego tematem by\u0142a &#8222;Fotografia nocna&#8221;, a jurorami &#8211; Pan Jacek Fija\u0142kowski i Pan Krzysztof Lachowicz. Pierwsze i drugie miejsce przyznano Jolancie Lalak za prace &#8222;Droga Mleczna&#8221; i &#8222;Duszniki IV&#8221;, trzecie miejsce Szymonowi Moskwa. Ponadto wyr\u00f3\u017cniono dwa zdj\u0119cia: Andrzeja Krupi\u0144skiego i Reginy Nowotarskiej.<\/p>\n<p>1. <a class=\"thumbnail highslide with-zoomin-img zoomin-cur\" title=\"Jolanta Lalak - Mleczna Droga\" href=\"http:\/\/www.fotoklub.zamek.szczecin.pl\/images\/obrazki\/konkursy_miesiaca\/2015\/czerwiec\/Jolanta_Lalak_-_Mleczna_Droga.jpg\"><img loading=\"lazy\" decoding=\"async\" src=\"http:\/\/www.fotoklub.zamek.szczecin.pl\/images\/thumbnails\/images\/obrazki\/konkursy_miesiaca\/2015\/czerwiec\/Jolanta_Lalak_-_Mleczna_Droga-120x80.jpg\" alt=\"Jolanta Lalak - Mleczna Droga\" width=\"120\" height=\"80\"><\/a>&nbsp;&nbsp;&nbsp;&nbsp;&nbsp; 2. <a class=\"thumbnail highslide with-zoomin-img zoomin-cur\" title=\"Jolanta Lalak - Duszniki IV\" href=\"http:\/\/www.fotoklub.zamek.szczecin.pl\/images\/obrazki\/konkursy_miesiaca\/2015\/czerwiec\/Jolanta_Lalak_-_Duszniki_IV.jpg\"><img loading=\"lazy\" decoding=\"async\" src=\"http:\/\/www.fotoklub.zamek.szczecin.pl\/images\/thumbnails\/images\/obrazki\/konkursy_miesiaca\/2015\/czerwiec\/Jolanta_Lalak_-_Duszniki_IV-120x80.jpg\" alt=\"Jolanta Lalak - Duszniki IV\" width=\"120\" height=\"80\"><\/a>&nbsp;&nbsp;&nbsp;&nbsp;&nbsp; 3. <a class=\"thumbnail highslide with-zoomin-img zoomin-cur\" title=\"Szymon Moskwa 3 miejsce\" href=\"http:\/\/www.fotoklub.zamek.szczecin.pl\/images\/obrazki\/konkursy_miesiaca\/2015\/czerwiec\/Szymon_Moskwa_3_miejsce.jpg\"><img loading=\"lazy\" decoding=\"async\" src=\"http:\/\/www.fotoklub.zamek.szczecin.pl\/images\/thumbnails\/images\/obrazki\/konkursy_miesiaca\/2015\/czerwiec\/Szymon_Moskwa_3_miejsce-120x84.jpg\" alt=\"Szymon Moskwa 3 miejsce\" width=\"120\" height=\"84\"><br \/><\/a><br \/>wyr. <a class=\"thumbnail highslide with-zoomin-img zoomin-cur\" title=\"Andrzej-Krupi\u0144ski\" href=\"http:\/\/www.fotoklub.zamek.szczecin.pl\/images\/obrazki\/konkursy_miesiaca\/2015\/czerwiec\/Andrzej-Krupi\u0144ski.jpg\"><img loading=\"lazy\" decoding=\"async\" src=\"http:\/\/www.fotoklub.zamek.szczecin.pl\/images\/thumbnails\/images\/obrazki\/konkursy_miesiaca\/2015\/czerwiec\/Andrzej-Krupiski-120x80.jpg\" alt=\"Andrzej-Krupi\u0144ski\" width=\"120\" height=\"80\"><\/a> &nbsp; &nbsp; &nbsp; &nbsp; <a class=\"thumbnail highslide with-zoomin-img zoomin-cur\" title=\"regina nowotarska\" href=\"http:\/\/www.fotoklub.zamek.szczecin.pl\/images\/obrazki\/konkursy_miesiaca\/2015\/czerwiec\/regina_nowotarska.jpg\"><img loading=\"lazy\" decoding=\"async\" src=\"http:\/\/www.fotoklub.zamek.szczecin.pl\/images\/thumbnails\/images\/obrazki\/konkursy_miesiaca\/2015\/czerwiec\/regina_nowotarska-120x79.jpg\" alt=\"regina nowotarska\" width=\"120\" height=\"79\"><br \/><\/a><\/p>\n<hr>\n<h4><span style=\"color: #ffff00;\">Konkurs miesi\u0105ca &#8211; maj<\/span><\/h4>\n<p>Niedziela, 07 Czerwiec 2015<\/p>\n<p>Zdj\u0119cia monochromatyczne &#8211; to temat konkursu miesi\u0105ca w maju. Rezygnacja z barwy pozwoli\u0142a autorom bardziej skupi\u0107 si\u0119 na kompozycji, formie i tre\u015bci i tym samym spowodowa\u0107, \u017ce zawarto\u015b\u0107 graficzna obrazu sta\u0142a si\u0119 bardziej czytelna. Zaprezentowano zdj\u0119cia bardzo r\u00f3\u017cnorodne &#8211; od portretu, poprzez detal a\u017c po krajobraz, czarnobia\u0142e, ale tak\u017ce z barwn\u0105 dominant\u0105.<br \/>Zdj\u0119cia oceniali fotografowie Robert Jachim i Krzysztof Lachowicz. Z po\u015br\u00f3d zaprezentowanych zdj\u0119\u0107 jurorzy wy\u0142onili zwyci\u0119zc\u00f3w.<br \/>1 i 2 &#8211; miejsce Anna Klinkosz,<br \/>3 &#8211; Andrzej Krupi\u0144ski,<br \/>wyr. Waldemar \u017bak.<\/p>\n<p>1.<a class=\"thumbnail highslide with-zoomin-img zoomin-cur\" title=\"1 Anna Klinkosz\" href=\"http:\/\/www.fotoklub.zamek.szczecin.pl\/images\/obrazki\/konkursy_miesiaca\/2015\/maj\/1_Anna_Klinkosz.jpg\"><img loading=\"lazy\" decoding=\"async\" src=\"http:\/\/www.fotoklub.zamek.szczecin.pl\/images\/thumbnails\/images\/obrazki\/konkursy_miesiaca\/2015\/maj\/1_Anna_Klinkosz-80x80.jpg\" alt=\"1 Anna Klinkosz\" width=\"80\" height=\"80\"><\/a>&nbsp;&nbsp;&nbsp;&nbsp;&nbsp; 2.<a class=\"thumbnail highslide with-zoomin-img zoomin-cur\" title=\"2 Anna Klinkosz\" href=\"http:\/\/www.fotoklub.zamek.szczecin.pl\/images\/obrazki\/konkursy_miesiaca\/2015\/maj\/2_Anna_Klinkosz.jpg\"><img loading=\"lazy\" decoding=\"async\" src=\"http:\/\/www.fotoklub.zamek.szczecin.pl\/images\/thumbnails\/images\/obrazki\/konkursy_miesiaca\/2015\/maj\/2_Anna_Klinkosz-118x80.jpg\" alt=\"2 Anna Klinkosz\" width=\"118\" height=\"80\"><\/a>&nbsp;&nbsp;&nbsp;&nbsp;&nbsp; 3.<a class=\"thumbnail highslide with-zoomin-img zoomin-cur\" title=\"3 Andrzej Krupi\u0144ski\" href=\"http:\/\/www.fotoklub.zamek.szczecin.pl\/images\/obrazki\/konkursy_miesiaca\/2015\/maj\/3_Andrzej_Krupi\u0144ski.jpg\"><img loading=\"lazy\" decoding=\"async\" src=\"http:\/\/www.fotoklub.zamek.szczecin.pl\/images\/thumbnails\/images\/obrazki\/konkursy_miesiaca\/2015\/maj\/3_Andrzej_Krupiski-121x80.jpg\" alt=\"3 Andrzej Krupi\u0144ski\" width=\"121\" height=\"80\"><\/a>&nbsp;&nbsp;&nbsp;&nbsp;&nbsp; wyr.<a class=\"thumbnail highslide with-zoomin-img zoomin-cur\" title=\"Waldemar \u017bak\" href=\"http:\/\/www.fotoklub.zamek.szczecin.pl\/images\/obrazki\/konkursy_miesiaca\/2015\/maj\/Waldemar_\u017bak.jpg\"><img loading=\"lazy\" decoding=\"async\" src=\"http:\/\/www.fotoklub.zamek.szczecin.pl\/images\/thumbnails\/images\/obrazki\/konkursy_miesiaca\/2015\/maj\/Waldemar_ak-120x80.jpg\" alt=\"Waldemar \u017bak\" width=\"120\" height=\"80\"><br \/><\/a><\/p>\n<hr>\n<p>&nbsp;<\/p>\n<h4><span style=\"color: #ffff00;\">Konkurs miesi\u0105ca 2015\/2016 &#8211; tematy<\/span><\/h4>\n<p>Pi\u0105tek, 27 Luty 2015<\/p>\n<p><strong>Tematy konkurs\u00f3w miesi\u0105ca 2015\/2016:<\/strong> <strong>Marzec<\/strong> &#8211; Miasto zim\u0105. <strong>Kwiecie\u0144<\/strong> &#8211; Symetria\/asymetria. <strong>Maj<\/strong> &#8211; Monochrom. <strong>Czerwiec (pierwsza \u015broda lipca)<\/strong> &#8211; Fotografia nocna. <strong>Sierpie\u0144 (pierwsza \u015broda wrze\u015bnia)<\/strong> &#8211; Pod \u015bwiat\u0142o. <strong>Wrzesie\u0144<\/strong> &#8211; Portret. <strong>Pa\u017adziernik<\/strong> &#8211; W wodzie. <strong>Listopad<\/strong> &#8211; Wiatr. <strong>Grudzie\u0144<\/strong> &#8211; Na wsi. <strong>Stycze\u0144<\/strong> &#8211; W krzywym zwierciadle. <strong>Luty<\/strong> &#8211; Ciep\u0142o\/zimno. <strong>Marzec<\/strong> &#8211; Minimalizm.<\/p>\n<hr>\n<h4><strong><span style=\"color: #ffff00;\">Tematy konkurs\u00f3w miesi\u0105ca 2014\/2015.<\/span><\/strong><\/h4>\n<p>&nbsp;<\/p>\n<h4>\u015aroda, 26 Marzec 2014<\/h4>\n<p>Kwiecie\u0144 -\u015alady wiosny w przyrodzie. Maj -Zabaw si\u0119 kolorem. Czerwiec -Sport na ulicy. Lipiec -Do trzech razy. Sierpie\u0144 -Droga na szczyt. Wrzesie\u0144 -Bazar &#8211; targowisko. Pa\u017adziernik -Czarne i bia\u0142e. Listopad -Kibice. Grudzie\u0144 -Niecodzienny pomnik. Stycze\u0144 -Do trzech.<\/p>\n<p>&nbsp;<\/p>\n\n\n<div class=\"wp-block-columns is-layout-flex wp-container-core-columns-is-layout-9d6595d7 wp-block-columns-is-layout-flex\"><\/div>\n\n\n\n<p><\/p>\n","protected":false},"excerpt":{"rendered":"<p>26 stycznia 2026&nbsp;&nbsp;&nbsp;&nbsp;&nbsp;&nbsp;&nbsp;&nbsp;&nbsp;&nbsp;&nbsp;&nbsp;&nbsp;&nbsp;&nbsp;&nbsp;&nbsp;&nbsp;&nbsp;&nbsp;&nbsp;&nbsp;&nbsp;&nbsp;&nbsp;&nbsp;&nbsp;&nbsp;&nbsp;&nbsp;&nbsp;&nbsp;&nbsp;&nbsp;&nbsp;&nbsp;&nbsp;&nbsp;&nbsp;&nbsp;&nbsp;&nbsp;&nbsp;&nbsp;&nbsp;&nbsp;&nbsp;&nbsp;&nbsp; &nbsp; &nbsp; &nbsp; &nbsp; &nbsp; &nbsp; &nbsp; &nbsp; &nbsp; &nbsp; &nbsp;&nbsp; &nbsp;&nbsp;&nbsp;&nbsp;&nbsp;&nbsp;&nbsp;&nbsp;&nbsp; &#8222;P\u00f3\u0142 na p\u00f3\u0142&#8221; &nbsp; &nbsp;&nbsp;&nbsp;&nbsp;&nbsp; Pierwszy konkurs miesi\u0105ca w roku 2026 &#8211; rozstrzygni\u0119ty. Temat konkursu to &#8222;P\u00f3\u0142 na p\u00f3\u0142&#8221;.Oto zwyci\u0119skie prace i ich autorzy: &nbsp; Pierwsze miejsce zaj\u0119\u0142y dwie prace: z lewej Reginy Nowotarskiej, z prawej: Moniki Mazurek. Drugie miejsce:Continue reading &rarr;<\/p>\n","protected":false},"author":1,"featured_media":0,"parent":0,"menu_order":0,"comment_status":"closed","ping_status":"closed","template":"","meta":{"ngg_post_thumbnail":0,"footnotes":""},"class_list":["post-25","page","type-page","status-publish","hentry","no-thumb"],"_links":{"self":[{"href":"https:\/\/fotoklub-zamek.pl\/index.php\/wp-json\/wp\/v2\/pages\/25","targetHints":{"allow":["GET"]}}],"collection":[{"href":"https:\/\/fotoklub-zamek.pl\/index.php\/wp-json\/wp\/v2\/pages"}],"about":[{"href":"https:\/\/fotoklub-zamek.pl\/index.php\/wp-json\/wp\/v2\/types\/page"}],"author":[{"embeddable":true,"href":"https:\/\/fotoklub-zamek.pl\/index.php\/wp-json\/wp\/v2\/users\/1"}],"replies":[{"embeddable":true,"href":"https:\/\/fotoklub-zamek.pl\/index.php\/wp-json\/wp\/v2\/comments?post=25"}],"version-history":[{"count":174,"href":"https:\/\/fotoklub-zamek.pl\/index.php\/wp-json\/wp\/v2\/pages\/25\/revisions"}],"predecessor-version":[{"id":2459,"href":"https:\/\/fotoklub-zamek.pl\/index.php\/wp-json\/wp\/v2\/pages\/25\/revisions\/2459"}],"wp:attachment":[{"href":"https:\/\/fotoklub-zamek.pl\/index.php\/wp-json\/wp\/v2\/media?parent=25"}],"curies":[{"name":"wp","href":"https:\/\/api.w.org\/{rel}","templated":true}]}}